
{"version":"1.0","provider_name":"Union pour la M\u00e9diterran\u00e9e - UpM","provider_url":"https:\/\/ufmsecretariat.org\/fr\/","title":"Le 2\u00e8me Forum des entreprises de l'UpM sur l'\u00e9nergie et le climat se tient \u00e0 Lisbonne pour discuter de la demande \u00e9nerg\u00e9tique r\u00e9gionale et soutenir les autorit\u00e9s locales vers la transition \u00e9nerg\u00e9tique","type":"rich","width":600,"height":338,"html":"<blockquote class=\"wp-embedded-content\" data-secret=\"wJSmKKtP3R\"><a href=\"https:\/\/ufmsecretariat.org\/fr\/2nd-ufm-energy-climate-business-forum\/\">Le 2\u00e8me Forum des entreprises de l&#8217;UpM sur l&#8217;\u00e9nergie et le climat se tient \u00e0 Lisbonne pour discuter de la demande \u00e9nerg\u00e9tique r\u00e9gionale et soutenir les autorit\u00e9s locales vers la transition \u00e9nerg\u00e9tique<\/a><\/blockquote><iframe sandbox=\"allow-scripts\" security=\"restricted\" src=\"https:\/\/ufmsecretariat.org\/fr\/2nd-ufm-energy-climate-business-forum\/embed\/#?secret=wJSmKKtP3R\" width=\"600\" height=\"338\" title=\"\u00ab\u00a0Le 2\u00e8me Forum des entreprises de l&#8217;UpM sur l&#8217;\u00e9nergie et le climat se tient \u00e0 Lisbonne pour discuter de la demande \u00e9nerg\u00e9tique r\u00e9gionale et soutenir les autorit\u00e9s locales vers la transition \u00e9nerg\u00e9tique\u00a0\u00bb &#8212; Union pour la M\u00e9diterran\u00e9e - UpM\" data-secret=\"wJSmKKtP3R\" frameborder=\"0\" marginwidth=\"0\" marginheight=\"0\" scrolling=\"no\" class=\"wp-embedded-content\"><\/iframe><script type=\"text\/javascript\">\n\/* <![CDATA[ *\/\n\/*! This file is auto-generated *\/\n!function(d,l){\"use strict\";l.querySelector&&d.addEventListener&&\"undefined\"!=typeof URL&&(d.wp=d.wp||{},d.wp.receiveEmbedMessage||(d.wp.receiveEmbedMessage=function(e){var t=e.data;if((t||t.secret||t.message||t.value)&&!\/[^a-zA-Z0-9]\/.test(t.secret)){for(var s,r,n,a=l.querySelectorAll('iframe[data-secret=\"'+t.secret+'\"]'),o=l.querySelectorAll('blockquote[data-secret=\"'+t.secret+'\"]'),c=new RegExp(\"^https?:$\",\"i\"),i=0;i<o.length;i++)o[i].style.display=\"none\";for(i=0;i<a.length;i++)s=a[i],e.source===s.contentWindow&&(s.removeAttribute(\"style\"),\"height\"===t.message?(1e3<(r=parseInt(t.value,10))?r=1e3:~~r<200&&(r=200),s.height=r):\"link\"===t.message&&(r=new URL(s.getAttribute(\"src\")),n=new URL(t.value),c.test(n.protocol))&&n.host===r.host&&l.activeElement===s&&(d.top.location.href=t.value))}},d.addEventListener(\"message\",d.wp.receiveEmbedMessage,!1),l.addEventListener(\"DOMContentLoaded\",function(){for(var e,t,s=l.querySelectorAll(\"iframe.wp-embedded-content\"),r=0;r<s.length;r++)(t=(e=s[r]).getAttribute(\"data-secret\"))||(t=Math.random().toString(36).substring(2,12),e.src+=\"#?secret=\"+t,e.setAttribute(\"data-secret\",t)),e.contentWindow.postMessage({message:\"ready\",secret:t},\"*\")},!1)))}(window,document);\n\/\/# sourceURL=https:\/\/ufmsecretariat.org\/wp-includes\/js\/wp-embed.min.js\n\/* ]]> *\/\n<\/script>\n","thumbnail_url":"https:\/\/ufmsecretariat.org\/wp-content\/uploads\/2019\/07\/WhatsApp-Image-2019-07-18-at-10.50.21.jpeg","thumbnail_width":1599,"thumbnail_height":1200,"description":"L'UpM organise en partenariat avec le minist\u00e8re portugais de l'Environnement et de la Transition \u00e9nerg\u00e9tique et l'Agence portugaise de l'\u00e9nergie (ADENE), la 2\u00e8me \u00e9dition du Forum des entreprises sur l'\u00e9nergie et le climat"}