
{"version":"1.0","provider_name":"Union pour la M\u00e9diterran\u00e9e - UpM","provider_url":"https:\/\/ufmsecretariat.org\/fr\/","title":"L'Union pour la M\u00e9diterran\u00e9e et la Fondation Europ\u00e9enne pour la Formation renforcent leur partenariat afin d\u2019am\u00e9liorer les perspectives d'emploi dans la r\u00e9gion euro-m\u00e9diterran\u00e9enne","type":"rich","width":600,"height":338,"html":"<blockquote class=\"wp-embedded-content\" data-secret=\"Dfaz8AC7BA\"><a href=\"https:\/\/ufmsecretariat.org\/fr\/news-skills4future-turin\/\">L&#8217;Union pour la M\u00e9diterran\u00e9e et la Fondation Europ\u00e9enne pour la Formation renforcent leur partenariat afin d\u2019am\u00e9liorer les perspectives d&#8217;emploi dans la r\u00e9gion euro-m\u00e9diterran\u00e9enne<\/a><\/blockquote><iframe sandbox=\"allow-scripts\" security=\"restricted\" src=\"https:\/\/ufmsecretariat.org\/fr\/news-skills4future-turin\/embed\/#?secret=Dfaz8AC7BA\" width=\"600\" height=\"338\" title=\"\u00ab\u00a0L&#8217;Union pour la M\u00e9diterran\u00e9e et la Fondation Europ\u00e9enne pour la Formation renforcent leur partenariat afin d\u2019am\u00e9liorer les perspectives d&#8217;emploi dans la r\u00e9gion euro-m\u00e9diterran\u00e9enne\u00a0\u00bb &#8212; Union pour la M\u00e9diterran\u00e9e - UpM\" data-secret=\"Dfaz8AC7BA\" frameborder=\"0\" marginwidth=\"0\" marginheight=\"0\" scrolling=\"no\" class=\"wp-embedded-content\"><\/iframe><script type=\"text\/javascript\">\n\/* <![CDATA[ *\/\n\/*! This file is auto-generated *\/\n!function(d,l){\"use strict\";l.querySelector&&d.addEventListener&&\"undefined\"!=typeof URL&&(d.wp=d.wp||{},d.wp.receiveEmbedMessage||(d.wp.receiveEmbedMessage=function(e){var t=e.data;if((t||t.secret||t.message||t.value)&&!\/[^a-zA-Z0-9]\/.test(t.secret)){for(var s,r,n,a=l.querySelectorAll('iframe[data-secret=\"'+t.secret+'\"]'),o=l.querySelectorAll('blockquote[data-secret=\"'+t.secret+'\"]'),c=new RegExp(\"^https?:$\",\"i\"),i=0;i<o.length;i++)o[i].style.display=\"none\";for(i=0;i<a.length;i++)s=a[i],e.source===s.contentWindow&&(s.removeAttribute(\"style\"),\"height\"===t.message?(1e3<(r=parseInt(t.value,10))?r=1e3:~~r<200&&(r=200),s.height=r):\"link\"===t.message&&(r=new URL(s.getAttribute(\"src\")),n=new URL(t.value),c.test(n.protocol))&&n.host===r.host&&l.activeElement===s&&(d.top.location.href=t.value))}},d.addEventListener(\"message\",d.wp.receiveEmbedMessage,!1),l.addEventListener(\"DOMContentLoaded\",function(){for(var e,t,s=l.querySelectorAll(\"iframe.wp-embedded-content\"),r=0;r<s.length;r++)(t=(e=s[r]).getAttribute(\"data-secret\"))||(t=Math.random().toString(36).substring(2,12),e.src+=\"#?secret=\"+t,e.setAttribute(\"data-secret\",t)),e.contentWindow.postMessage({message:\"ready\",secret:t},\"*\")},!1)))}(window,document);\n\/\/# sourceURL=https:\/\/ufmsecretariat.org\/wp-includes\/js\/wp-embed.min.js\n\/* ]]> *\/\n<\/script>\n","thumbnail_url":"https:\/\/ufmsecretariat.org\/wp-content\/uploads\/2019\/11\/etf.jpg","thumbnail_width":1170,"thumbnail_height":440,"description":"Le Secr\u00e9tariat de l'Union pour la M\u00e9diterran\u00e9e et la Fondation Europ\u00e9enne pour la Formation se sont joint pour co-organiser l'atelier de l'UpM sur l'avenir du travail et des comp\u00e9tences en partenariat avec la Deutsche Gesellschaft f\u00fcr Internationale Zusammenarbeit (GIZ) GmbH, \u00e0 la demande du minist\u00e8re f\u00e9d\u00e9ral allemand de la Coop\u00e9ration \u00e9conomique et du D\u00e9veloppement (BMZ), ax\u00e9e sur trois th\u00e9matiques cl\u00e9s, \u00e0 savoir les comp\u00e9tences entrepreneuriales, les comp\u00e9tences num\u00e9riques et les comp\u00e9tences vertes"}