
{"version":"1.0","provider_name":"Union pour la M\u00e9diterran\u00e9e - UpM","provider_url":"https:\/\/ufmsecretariat.org\/fr\/","title":"La conf\u00e9rence de l\u2019UpM souligne le r\u00f4le majeur de l\u2019\u00e9conomie bleue dans le d\u00e9veloppement durable, la cr\u00e9ation d\u2019emplois et les investissements","type":"rich","width":600,"height":338,"html":"<blockquote class=\"wp-embedded-content\" data-secret=\"Wahm6wefwb\"><a href=\"https:\/\/ufmsecretariat.org\/fr\/ufm-conference-blue-economy2017\/\">La conf\u00e9rence de l\u2019UpM souligne le r\u00f4le majeur de l\u2019\u00e9conomie bleue dans le d\u00e9veloppement durable, la cr\u00e9ation d\u2019emplois et les investissements<\/a><\/blockquote><iframe sandbox=\"allow-scripts\" security=\"restricted\" src=\"https:\/\/ufmsecretariat.org\/fr\/ufm-conference-blue-economy2017\/embed\/#?secret=Wahm6wefwb\" width=\"600\" height=\"338\" title=\"\u00ab\u00a0La conf\u00e9rence de l\u2019UpM souligne le r\u00f4le majeur de l\u2019\u00e9conomie bleue dans le d\u00e9veloppement durable, la cr\u00e9ation d\u2019emplois et les investissements\u00a0\u00bb &#8212; Union pour la M\u00e9diterran\u00e9e - UpM\" data-secret=\"Wahm6wefwb\" frameborder=\"0\" marginwidth=\"0\" marginheight=\"0\" scrolling=\"no\" class=\"wp-embedded-content\"><\/iframe><script type=\"text\/javascript\">\n\/* <![CDATA[ *\/\n\/*! This file is auto-generated *\/\n!function(d,l){\"use strict\";l.querySelector&&d.addEventListener&&\"undefined\"!=typeof URL&&(d.wp=d.wp||{},d.wp.receiveEmbedMessage||(d.wp.receiveEmbedMessage=function(e){var t=e.data;if((t||t.secret||t.message||t.value)&&!\/[^a-zA-Z0-9]\/.test(t.secret)){for(var s,r,n,a=l.querySelectorAll('iframe[data-secret=\"'+t.secret+'\"]'),o=l.querySelectorAll('blockquote[data-secret=\"'+t.secret+'\"]'),c=new RegExp(\"^https?:$\",\"i\"),i=0;i<o.length;i++)o[i].style.display=\"none\";for(i=0;i<a.length;i++)s=a[i],e.source===s.contentWindow&&(s.removeAttribute(\"style\"),\"height\"===t.message?(1e3<(r=parseInt(t.value,10))?r=1e3:~~r<200&&(r=200),s.height=r):\"link\"===t.message&&(r=new URL(s.getAttribute(\"src\")),n=new URL(t.value),c.test(n.protocol))&&n.host===r.host&&l.activeElement===s&&(d.top.location.href=t.value))}},d.addEventListener(\"message\",d.wp.receiveEmbedMessage,!1),l.addEventListener(\"DOMContentLoaded\",function(){for(var e,t,s=l.querySelectorAll(\"iframe.wp-embedded-content\"),r=0;r<s.length;r++)(t=(e=s[r]).getAttribute(\"data-secret\"))||(t=Math.random().toString(36).substring(2,12),e.src+=\"#?secret=\"+t,e.setAttribute(\"data-secret\",t)),e.contentWindow.postMessage({message:\"ready\",secret:t},\"*\")},!1)))}(window,document);\n\/\/# sourceURL=https:\/\/ufmsecretariat.org\/wp-includes\/js\/wp-embed.min.js\n\/* ]]> *\/\n<\/script>\n","thumbnail_url":"https:\/\/ufmsecretariat.org\/wp-content\/uploads\/2017\/11\/UfM-DSG-Miguel-Garc\u00eda-Herraiz.jpg","thumbnail_width":2000,"thumbnail_height":1333,"description":"L\u2019\u00e9conomie bleue repr\u00e9sente un potentiel consid\u00e9rable de cr\u00e9ation d\u2019emplois et d\u2019investissements dans la r\u00e9gion euro-m\u00e9diterran\u00e9enne, et par ce biais, de d\u00e9veloppement humain et durable, d\u2019int\u00e9gration et de stabilit\u00e9.  Plus de 400 acteurs regionaux sont rassembl\u00e9s les 29 et 30 novembre \u00e0 Naples, \u00e0 l\u2019occasion de la conf\u00e9rence de l\u2019UpM sur l\u2019\u00e9conomie bleue en M\u00e9diterran\u00e9e."}