
{"id":20236,"date":"2015-11-23T12:17:10","date_gmt":"2015-11-23T11:17:10","guid":{"rendered":"https:\/\/ufmsecretariat.org\/governance-2\/"},"modified":"2026-03-05T16:21:37","modified_gmt":"2026-03-05T15:21:37","slug":"structure","status":"publish","type":"page","link":"https:\/\/ufmsecretariat.org\/fr\/qui-sommes-nous\/structure\/","title":{"rendered":"Structure"},"content":{"rendered":"<section class=\"wpb-content-wrapper\"><p>[vc_row type=&#8221;full-width-content&#8221; content_placement=&#8221;bottom&#8221; css=&#8221;.vc_custom_1507899617609{margin-top: 0px !important;margin-bottom: 0px !important;padding-top: 0px !important;padding-bottom: 0px !important;}&#8221;][vc_column][vc_single_image image=&#8221;65144&#8243; img_size=&#8221;slide&#8221; alignment=&#8221;center&#8221;][\/vc_column][\/vc_row][vc_row type=&#8221;full-width-section&#8221; content_placement=&#8221;bottom&#8221; css=&#8221;.vc_custom_1511272798351{margin-top: 0px !important;margin-bottom: -50px !important;padding-top: 25px !important;padding-bottom: 20px !important;background-color: #464e90 !important;}&#8221; el_id=&#8221;page-title&#8221; font_color=&#8221;#ffffff&#8221;][vc_column font_color=&#8221;#ffffff&#8221;][vc_custom_heading text=&#8221;Structure&#8221; font_container=&#8221;tag:h1|text_align:left|color:%23ffffff&#8221; use_theme_fonts=&#8221;yes&#8221; css=&#8221;.vc_custom_1511272790246{margin-bottom: 0px !important;}&#8221;][\/vc_column][\/vc_row][vc_row type=&#8221;full-width-section&#8221; css=&#8221;.vc_custom_1511428754289{padding-top: 50px !important;padding-bottom: 50px !important;background-color: #eeeeee !important;}&#8221;][vc_column][vc_column_text font_size=&#8221;20&#8243; line_height=&#8221;28&#8243;]<\/p>\n<p style=\"text-align: center;\">La gouvernance de l\u2019UpM est bas\u00e9e sur un mode de fonctionnement paritaire autour du principe de cod\u00e9cision et de responsabilit\u00e9 partag\u00e9e. Cette gouvernance instaure une m\u00e9thodologie de travail qui favorise les interactions dynamiques entre \u00c9tats membres.<\/p>\n<p>[\/vc_column_text][\/vc_column][\/vc_row][vc_row css=&#8221;.vc_custom_1519995090890{margin-bottom: 0px !important;}&#8221;][vc_column width=&#8221;9\/12&#8243; css=&#8221;.vc_custom_1487072065203{padding-top: 35px !important;}&#8221;][vc_custom_heading text=&#8221;Co-pr\u00e9sidence&#8221; use_theme_fonts=&#8221;yes&#8221; css=&#8221;.vc_custom_1513861353951{margin-bottom: 30px !important;}&#8221;][vc_column_text css=&#8221;.vc_custom_1512483707010{margin-bottom: 50px !important;}&#8221;]La gouvernance de l&#8217;Union pour la M\u00e9diterran\u00e9e est \u00e9tablie au travers d&#8217;un processus con\u00e7u pour garantir la co-appropriation des d\u00e9cisions et la responsabilit\u00e9 partag\u00e9e entre les pays du Nord et les pays du Sud de la M\u00e9diterran\u00e9e. L&#8217;UpM est pr\u00e9sid\u00e9e par une co-pr\u00e9sidence partag\u00e9e entre ses deux rives. Depuis 2012, elle est assur\u00e9e c\u00f4t\u00e9 Nord par l\u2019Union europ\u00e9enne, ce qui garantit une articulation \u00e9troite avec la politique europ\u00e9enne de voisinage, et c\u00f4t\u00e9 Sud par la Jordanie, ce qui permet une pleine appropriation par les pays de la rive Sud. La co-pr\u00e9sidence s&#8217;applique \u00e0 tous les niveaux\u00a0: sommets, r\u00e9unions minist\u00e9rielles et r\u00e9unions des hauts fonctionnaires.[\/vc_column_text][vc_custom_heading text=&#8221;R\u00e9union des hauts fonctionnaires (SOM)&#8221; use_theme_fonts=&#8221;yes&#8221; css=&#8221;.vc_custom_1512483716413{margin-bottom: 30px !important;}&#8221;][vc_column_text css=&#8221;.vc_custom_1513186914711{margin-bottom: 50px !important;}&#8221;]Les membres de l&#8217;Union pour la M\u00e9diterran\u00e9e se rencontrent r\u00e9guli\u00e8rement au niveau des hauts fonctionnaires des minist\u00e8res des Affaires \u00e9trang\u00e8res des 43\u00a0\u00c9tats membres de l&#8217;UpM, des institutions de l&#8217;UE et de la Ligue des \u00c9tats arabes. Les r\u00e9unions des hauts fonctionnaires (SOM) forment le cadre permettant de discuter du contexte politique actuel et de coordonner le travail du Secr\u00e9tariat g\u00e9n\u00e9ral de l&#8217;UpM. Elles visent \u00e0 approuver le budget et le programme de travail du Secr\u00e9tariat et \u00e0 \u00e9tablir les bases pour pr\u00e9parer les r\u00e9unions minist\u00e9rielles. Elles permettent \u00e9galement de discuter des propositions de projets en vue de leur lab\u00e9llisation. Les hauts fonctionnaires prennent leurs d\u00e9cisions par consensus.[\/vc_column_text][vc_custom_heading text=&#8221;Secr\u00e9tariat g\u00e9n\u00e9ral&#8221; use_theme_fonts=&#8221;yes&#8221; css=&#8221;.vc_custom_1513861362622{margin-bottom: 30px !important;}&#8221;][vc_column_text css=&#8221;.vc_custom_1772723951993{margin-bottom: 50px !important;}&#8221;]Situ\u00e9 \u00e0 Barcelone, le Secr\u00e9tariat g\u00e9n\u00e9ral est la plateforme permettant de concr\u00e9tiser les d\u00e9cisions prises par les \u00c9tats membres, par le biais de la pr\u00e9paration de r\u00e9unions minist\u00e9rielles, de la mise en \u0153uvre d&#8217;une plateforme de dialogue r\u00e9gional et du d\u00e9veloppement de projets strat\u00e9giques r\u00e9gionaux. Le Secr\u00e9tariat g\u00e9n\u00e9ral de l\u2019UpM travaille sous la direction du Secr\u00e9taire g\u00e9n\u00e9ral, soutenu par six Secr\u00e9taires g\u00e9n\u00e9raux adjoints.<\/p>\n<p>Le Secr\u00e9taire g\u00e9n\u00e9ral et les Secr\u00e9taires g\u00e9n\u00e9raux adjoints sont nomm\u00e9s par les \u00c9tats membres pour un mandat de trois ans renouvelable une fois. Trois Secr\u00e9taires g\u00e9n\u00e9raux adjoints sont nomm\u00e9s par les pays de l&#8217;UE et trois le sont par les pays du Sud et de l&#8217;Est de la M\u00e9diterran\u00e9e.<\/p>\n<p>L&#8217;\u00e9quipe du Secr\u00e9tariat g\u00e9n\u00e9ral de l\u2019UpM compte une soixantaine de personnes (diplomates, financiers et experts techniques ainsi que gestionnaires de projets) issus de plus de 17 pays de la r\u00e9gion.[\/vc_column_text][\/vc_column][vc_column width=&#8221;3\/12&#8243; css=&#8221;.vc_custom_1513241542271{padding-top: 35px !important;}&#8221; el_class=&#8221;vc_sidebar sidebar-type2&#8243; offset=&#8221;vc_hidden-xs&#8221;][vc_widget_sidebar sidebar_id=&#8221;thefox_aboutus-default&#8221;][\/vc_column][\/vc_row][vc_row css=&#8221;.vc_custom_1510834541741{margin-bottom: 0px !important;}&#8221;][vc_column][vc_column_text]\n\n\n<div id=\"wpv-view-layout-32903\" class=\"js-wpv-view-layout js-wpv-layout-responsive js-wpv-view-layout-32903\" data-viewnumber=\"32903\" data-pagination=\"{&quot;id&quot;:32903,&quot;query&quot;:&quot;normal&quot;,&quot;type&quot;:&quot;disabled&quot;,&quot;effect&quot;:&quot;fade&quot;,&quot;duration&quot;:500,&quot;speed&quot;:5,&quot;pause_on_hover&quot;:&quot;disabled&quot;,&quot;stop_rollover&quot;:&quot;false&quot;,&quot;cache_pages&quot;:&quot;enabled&quot;,&quot;preload_images&quot;:&quot;enabled&quot;,&quot;preload_pages&quot;:&quot;enabled&quot;,&quot;preload_reach&quot;:1,&quot;spinner&quot;:&quot;builtin&quot;,&quot;spinner_image&quot;:&quot;https:\/\/ufmsecretariat.org\/wp-content\/plugins\/wp-views\/res\/img\/ajax-loader.gif&quot;,&quot;callback_next&quot;:&quot;&quot;,&quot;manage_history&quot;:&quot;enabled&quot;,&quot;has_controls_in_form&quot;:&quot;disabled&quot;,&quot;infinite_tolerance&quot;:&quot;0&quot;,&quot;max_pages&quot;:0,&quot;page&quot;:1,&quot;base_permalink&quot;:&quot;\/fr\/wp-json\/wp\/v2\/pages\/20236?wpv_view_count=32903&amp;wpv_paged=WPV_PAGE_NUM&quot;,&quot;loop&quot;:{&quot;type&quot;:&quot;&quot;,&quot;name&quot;:&quot;&quot;,&quot;data&quot;:[],&quot;id&quot;:0}}\" data-permalink=\"\/fr\/wp-json\/wp\/v2\/pages\/20236?wpv_view_count=32903\">\n\n\t\n\t\n\t<div class=\"loop-secretariat\">\n      \n        <div class=\"vc_span6\">\n          <div class=\"vc_span4\">\n            <a href=\"https:\/\/ufmsecretariat.org\/fr\/structure\/secretary-general\/\"><img loading=\"lazy\" decoding=\"async\" width=\"150\" height=\"150\" src=\"https:\/\/ufmsecretariat.org\/wp-content\/uploads\/2012\/12\/Nasser_Kamel_SG-150x150.jpg\" class=\"attachment-thumbnail size-thumbnail wp-post-image\" alt=\"\" srcset=\"https:\/\/ufmsecretariat.org\/wp-content\/uploads\/2012\/12\/Nasser_Kamel_SG-150x150.jpg 150w, https:\/\/ufmsecretariat.org\/wp-content\/uploads\/2012\/12\/Nasser_Kamel_SG-768x768.jpg 768w, https:\/\/ufmsecretariat.org\/wp-content\/uploads\/2012\/12\/Nasser_Kamel_SG-570x570.jpg 570w, https:\/\/ufmsecretariat.org\/wp-content\/uploads\/2012\/12\/Nasser_Kamel_SG.jpg 270w, https:\/\/ufmsecretariat.org\/wp-content\/uploads\/2012\/12\/Nasser_Kamel_SG-266x266.jpg 266w\" sizes=\"auto, (max-width: 150px) 100vw, 150px\" \/><\/a>\n          <\/div>\n           <div class=\"vc_span7\">\n    \t\t\t <p><a href=\"https:\/\/ufmsecretariat.org\/fr\/structure\/secretary-general\/\/\" class=\"cpost-title\">Secr\u00e9taire g\u00e9n\u00e9ral<\/a><\/p>\n            <p class=\"cpost-subtitle\"><\/p>\n            \n\t            <p><a href=\"mailto:secretary-general@ufmsecretariat.org\"><i class=\"fa fa-envelope-o\"><\/i><\/a><\/p>\n            \n            <p>Nasser Kamel<\/p>\n          <\/div>\n        <\/div>\n      \n\t<\/div>\n\t\n\t\n\t\n<\/div>\n[\/vc_column_text][\/vc_column][\/vc_row][vc_row css=&#8221;.vc_custom_1536154455476{margin-bottom: 0px !important;}&#8221;][vc_column][vc_custom_heading text=&#8221;D\u00e9partements du Secr\u00e9tariat de l&#8217;UpM&#8221; font_container=&#8221;tag:h3|font_size:24|text_align:left|color:%23009de0|line_height:24px&#8221; google_fonts=&#8221;font_family:Raleway%3A100%2C200%2C300%2Cregular%2C500%2C600%2C700%2C800%2C900|font_style:400%20regular%3A400%3Anormal&#8221;][vc_column_text]\n\n\n<div id=\"wpv-view-layout-38787\" class=\"js-wpv-view-layout js-wpv-layout-responsive js-wpv-view-layout-38787\" data-viewnumber=\"38787\" data-pagination=\"{&quot;id&quot;:38787,&quot;query&quot;:&quot;normal&quot;,&quot;type&quot;:&quot;disabled&quot;,&quot;effect&quot;:&quot;fade&quot;,&quot;duration&quot;:500,&quot;speed&quot;:5,&quot;pause_on_hover&quot;:&quot;disabled&quot;,&quot;stop_rollover&quot;:&quot;false&quot;,&quot;cache_pages&quot;:&quot;enabled&quot;,&quot;preload_images&quot;:&quot;enabled&quot;,&quot;preload_pages&quot;:&quot;enabled&quot;,&quot;preload_reach&quot;:1,&quot;spinner&quot;:&quot;builtin&quot;,&quot;spinner_image&quot;:&quot;https:\/\/ufmsecretariat.org\/wp-content\/plugins\/wp-views\/res\/img\/ajax-loader.gif&quot;,&quot;callback_next&quot;:&quot;&quot;,&quot;manage_history&quot;:&quot;enabled&quot;,&quot;has_controls_in_form&quot;:&quot;disabled&quot;,&quot;infinite_tolerance&quot;:&quot;0&quot;,&quot;max_pages&quot;:0,&quot;page&quot;:1,&quot;base_permalink&quot;:&quot;\/fr\/wp-json\/wp\/v2\/pages\/20236?wpv_view_count=38787&amp;wpv_paged=WPV_PAGE_NUM&quot;,&quot;loop&quot;:{&quot;type&quot;:&quot;&quot;,&quot;name&quot;:&quot;&quot;,&quot;data&quot;:[],&quot;id&quot;:0}}\" data-permalink=\"\/fr\/wp-json\/wp\/v2\/pages\/20236?wpv_view_count=38787\">\n\n\t\n\t\n\t<div class=\"loop-secretariat\">\n      \n        <div class=\"vc_span6\">\n          <div class=\"vc_span4\">\n            <a href=\"https:\/\/ufmsecretariat.org\/fr\/structure\/senior-deputy-secretary-general\/\"><img loading=\"lazy\" decoding=\"async\" width=\"150\" height=\"150\" src=\"https:\/\/ufmsecretariat.org\/wp-content\/uploads\/2016\/01\/mariamdiallo-150x150.jpg\" class=\"attachment-thumbnail size-thumbnail wp-post-image\" alt=\"\" srcset=\"https:\/\/ufmsecretariat.org\/wp-content\/uploads\/2016\/01\/mariamdiallo-150x150.jpg 150w, https:\/\/ufmsecretariat.org\/wp-content\/uploads\/2016\/01\/mariamdiallo-300x300.jpg 300w, https:\/\/ufmsecretariat.org\/wp-content\/uploads\/2016\/01\/mariamdiallo-1024x1024.jpg 1024w, https:\/\/ufmsecretariat.org\/wp-content\/uploads\/2016\/01\/mariamdiallo-768x768.jpg 768w, https:\/\/ufmsecretariat.org\/wp-content\/uploads\/2016\/01\/mariamdiallo-1536x1536.jpg 1536w, https:\/\/ufmsecretariat.org\/wp-content\/uploads\/2016\/01\/mariamdiallo-2048x2048.jpg 2048w, https:\/\/ufmsecretariat.org\/wp-content\/uploads\/2016\/01\/mariamdiallo-270x270.jpg 270w, https:\/\/ufmsecretariat.org\/wp-content\/uploads\/2016\/01\/mariamdiallo-570x570.jpg 570w\" sizes=\"auto, (max-width: 150px) 100vw, 150px\" \/><\/a>\n          <\/div>\n           <div class=\"vc_span7\">\n             <p><a href=\"https:\/\/ufmsecretariat.org\/fr\/structure\/senior-deputy-secretary-general\/\" class=\"cpost-title\">Secr\u00e9taire g\u00e9n\u00e9rale adjointe principale<\/a><\/p>\n            <p class=\"cpost-subtitle\">Secr\u00e9taire g\u00e9n\u00e9rale adjointe principale<\/p>\n             <p>Mariam Diallo<\/p>\n            \n          <\/div>\n        <\/div>\n      \n        <div class=\"vc_span6\">\n          <div class=\"vc_span4\">\n            <a href=\"https:\/\/ufmsecretariat.org\/fr\/structure\/stabilite-resilience\/\"><img loading=\"lazy\" decoding=\"async\" width=\"150\" height=\"150\" src=\"https:\/\/ufmsecretariat.org\/wp-content\/uploads\/2016\/07\/her-joan-borrell_02-150x150.jpg\" class=\"attachment-thumbnail size-thumbnail wp-post-image\" alt=\"\" srcset=\"https:\/\/ufmsecretariat.org\/wp-content\/uploads\/2016\/07\/her-joan-borrell_02-150x150.jpg 150w, https:\/\/ufmsecretariat.org\/wp-content\/uploads\/2016\/07\/her-joan-borrell_02-300x300.jpg 300w, https:\/\/ufmsecretariat.org\/wp-content\/uploads\/2016\/07\/her-joan-borrell_02-1024x1024.jpg 1024w, https:\/\/ufmsecretariat.org\/wp-content\/uploads\/2016\/07\/her-joan-borrell_02-768x768.jpg 768w, https:\/\/ufmsecretariat.org\/wp-content\/uploads\/2016\/07\/her-joan-borrell_02-1536x1536.jpg 1536w, https:\/\/ufmsecretariat.org\/wp-content\/uploads\/2016\/07\/her-joan-borrell_02-270x270.jpg 270w, https:\/\/ufmsecretariat.org\/wp-content\/uploads\/2016\/07\/her-joan-borrell_02-570x570.jpg 570w, https:\/\/ufmsecretariat.org\/wp-content\/uploads\/2016\/07\/her-joan-borrell_02.jpg 1920w\" sizes=\"auto, (max-width: 150px) 100vw, 150px\" \/><\/a>\n          <\/div>\n           <div class=\"vc_span7\">\n             <p><a href=\"https:\/\/ufmsecretariat.org\/fr\/structure\/stabilite-resilience\/\" class=\"cpost-title\">Stabilit\u00e9 et r\u00e9silience<\/a><\/p>\n            <p class=\"cpost-subtitle\">Secr\u00e9taire g\u00e9n\u00e9ral adjoint<\/p>\n             <p>Joan Borrell<\/p>\n            \n          <\/div>\n        <\/div>\n      \n        <div class=\"vc_span6\">\n          <div class=\"vc_span4\">\n            <a href=\"https:\/\/ufmsecretariat.org\/fr\/structure\/sustainable-development\/\"><img loading=\"lazy\" decoding=\"async\" width=\"150\" height=\"150\" src=\"https:\/\/ufmsecretariat.org\/wp-content\/uploads\/2016\/03\/nisreen-150x150.jpg\" class=\"attachment-thumbnail size-thumbnail wp-post-image\" alt=\"\" srcset=\"https:\/\/ufmsecretariat.org\/wp-content\/uploads\/2016\/03\/nisreen-150x150.jpg 150w, https:\/\/ufmsecretariat.org\/wp-content\/uploads\/2016\/03\/nisreen-300x300.jpg 300w, https:\/\/ufmsecretariat.org\/wp-content\/uploads\/2016\/03\/nisreen-270x270.jpg 270w, https:\/\/ufmsecretariat.org\/wp-content\/uploads\/2016\/03\/nisreen-768x768.jpg 768w, https:\/\/ufmsecretariat.org\/wp-content\/uploads\/2016\/03\/nisreen.jpg 570w\" sizes=\"auto, (max-width: 150px) 100vw, 150px\" \/><\/a>\n          <\/div>\n           <div class=\"vc_span7\">\n             <p><a href=\"https:\/\/ufmsecretariat.org\/fr\/structure\/sustainable-development\/\" class=\"cpost-title\">D\u00e9veloppement durable<\/a><\/p>\n            <p class=\"cpost-subtitle\">Secr\u00e9taire g\u00e9n\u00e9rale adjointe<\/p>\n             <p>Nisreen Tamimi<\/p>\n            \n          <\/div>\n        <\/div>\n      \n        <div class=\"vc_span6\">\n          <div class=\"vc_span4\">\n            <a href=\"https:\/\/ufmsecretariat.org\/fr\/structure\/business-development-emploi\/\"><img loading=\"lazy\" decoding=\"async\" width=\"150\" height=\"150\" src=\"https:\/\/ufmsecretariat.org\/wp-content\/uploads\/2016\/05\/WhatsApp-Image-2025-09-22-at-18.27.59-150x150.jpeg\" class=\"attachment-thumbnail size-thumbnail wp-post-image\" alt=\"\" srcset=\"https:\/\/ufmsecretariat.org\/wp-content\/uploads\/2016\/05\/WhatsApp-Image-2025-09-22-at-18.27.59-150x150.jpeg 150w, https:\/\/ufmsecretariat.org\/wp-content\/uploads\/2016\/05\/WhatsApp-Image-2025-09-22-at-18.27.59-300x300.jpeg 300w, https:\/\/ufmsecretariat.org\/wp-content\/uploads\/2016\/05\/WhatsApp-Image-2025-09-22-at-18.27.59-1024x1024.jpeg 1024w, https:\/\/ufmsecretariat.org\/wp-content\/uploads\/2016\/05\/WhatsApp-Image-2025-09-22-at-18.27.59-768x768.jpeg 768w, https:\/\/ufmsecretariat.org\/wp-content\/uploads\/2016\/05\/WhatsApp-Image-2025-09-22-at-18.27.59-1536x1536.jpeg 1536w, https:\/\/ufmsecretariat.org\/wp-content\/uploads\/2016\/05\/WhatsApp-Image-2025-09-22-at-18.27.59-2048x2048.jpeg 2048w, https:\/\/ufmsecretariat.org\/wp-content\/uploads\/2016\/05\/WhatsApp-Image-2025-09-22-at-18.27.59-270x270.jpeg 270w, https:\/\/ufmsecretariat.org\/wp-content\/uploads\/2016\/05\/WhatsApp-Image-2025-09-22-at-18.27.59-570x570.jpeg 570w\" sizes=\"auto, (max-width: 150px) 100vw, 150px\" \/><\/a>\n          <\/div>\n           <div class=\"vc_span7\">\n             <p><a href=\"https:\/\/ufmsecretariat.org\/fr\/structure\/business-development-emploi\/\" class=\"cpost-title\">D\u00e9veloppement \u00e9conomique et emploi<\/a><\/p>\n            <p class=\"cpost-subtitle\">Secr\u00e9taire g\u00e9n\u00e9ral adjointe<\/p>\n             <p>Meltem B\u00fcy\u00fckkaraka\u015f<\/p>\n            \n          <\/div>\n        <\/div>\n      \n        <div class=\"vc_span6\">\n          <div class=\"vc_span4\">\n            <a href=\"https:\/\/ufmsecretariat.org\/fr\/structure\/human-development\/\"><img loading=\"lazy\" decoding=\"async\" width=\"150\" height=\"150\" src=\"https:\/\/ufmsecretariat.org\/wp-content\/uploads\/2016\/03\/petra_kezman-150x150.jpg\" class=\"attachment-thumbnail size-thumbnail wp-post-image\" alt=\"\" srcset=\"https:\/\/ufmsecretariat.org\/wp-content\/uploads\/2016\/03\/petra_kezman-150x150.jpg 150w, https:\/\/ufmsecretariat.org\/wp-content\/uploads\/2016\/03\/petra_kezman-300x300.jpg 300w, https:\/\/ufmsecretariat.org\/wp-content\/uploads\/2016\/03\/petra_kezman-1024x1024.jpg 1024w, https:\/\/ufmsecretariat.org\/wp-content\/uploads\/2016\/03\/petra_kezman-768x768.jpg 768w, https:\/\/ufmsecretariat.org\/wp-content\/uploads\/2016\/03\/petra_kezman-1536x1536.jpg 1536w, https:\/\/ufmsecretariat.org\/wp-content\/uploads\/2016\/03\/petra_kezman-2048x2048.jpg 2048w, https:\/\/ufmsecretariat.org\/wp-content\/uploads\/2016\/03\/petra_kezman-270x270.jpg 270w, https:\/\/ufmsecretariat.org\/wp-content\/uploads\/2016\/03\/petra_kezman-570x570.jpg 570w\" sizes=\"auto, (max-width: 150px) 100vw, 150px\" \/><\/a>\n          <\/div>\n           <div class=\"vc_span7\">\n             <p><a href=\"https:\/\/ufmsecretariat.org\/fr\/structure\/human-development\/\" class=\"cpost-title\">Development humain<\/a><\/p>\n            <p class=\"cpost-subtitle\">Secr\u00e9taire g\u00e9n\u00e9rale adjointe charg\u00e9e du D\u00e9veloppement humain<\/p>\n             <p>Petra\u00a0Ke\u017eman<\/p>\n            \n          <\/div>\n        <\/div>\n      \n        <div class=\"vc_span6\">\n          <div class=\"vc_span4\">\n            <a href=\"https:\/\/ufmsecretariat.org\/fr\/structure\/legal-administrative-department\/\"><img loading=\"lazy\" decoding=\"async\" width=\"150\" height=\"150\" src=\"https:\/\/ufmsecretariat.org\/wp-content\/uploads\/2026\/03\/Fadi_Hajali-150x150.jpg\" class=\"attachment-thumbnail size-thumbnail wp-post-image\" alt=\"\" srcset=\"https:\/\/ufmsecretariat.org\/wp-content\/uploads\/2026\/03\/Fadi_Hajali-150x150.jpg 150w, https:\/\/ufmsecretariat.org\/wp-content\/uploads\/2026\/03\/Fadi_Hajali-300x300.jpg 300w, https:\/\/ufmsecretariat.org\/wp-content\/uploads\/2026\/03\/Fadi_Hajali-1024x1024.jpg 1024w, https:\/\/ufmsecretariat.org\/wp-content\/uploads\/2026\/03\/Fadi_Hajali-768x768.jpg 768w, https:\/\/ufmsecretariat.org\/wp-content\/uploads\/2026\/03\/Fadi_Hajali-1536x1536.jpg 1536w, https:\/\/ufmsecretariat.org\/wp-content\/uploads\/2026\/03\/Fadi_Hajali-2048x2048.jpg 2048w, https:\/\/ufmsecretariat.org\/wp-content\/uploads\/2026\/03\/Fadi_Hajali-270x270.jpg 270w, https:\/\/ufmsecretariat.org\/wp-content\/uploads\/2026\/03\/Fadi_Hajali-570x570.jpg 570w\" sizes=\"auto, (max-width: 150px) 100vw, 150px\" \/><\/a>\n          <\/div>\n           <div class=\"vc_span7\">\n             <p><a href=\"https:\/\/ufmsecretariat.org\/fr\/structure\/legal-administrative-department\/\" class=\"cpost-title\">D\u00e9partement juridique et administratif<\/a><\/p>\n            <p class=\"cpost-subtitle\">Secr\u00e9taire g\u00e9n\u00e9ral adjoint pour l\u2019administration<\/p>\n             <p>Fadi\u00a0Hajali<\/p>\n            \n          <\/div>\n        <\/div>\n      \n        <div class=\"vc_span6\">\n          <div class=\"vc_span4\">\n            <a href=\"https:\/\/ufmsecretariat.org\/fr\/structure\/directorate-operations-partnerships\/\"><img loading=\"lazy\" decoding=\"async\" width=\"150\" height=\"150\" src=\"https:\/\/ufmsecretariat.org\/wp-content\/uploads\/2016\/07\/Logo_UfMLogo_icon_Color-150x150.png\" class=\"attachment-thumbnail size-thumbnail wp-post-image\" alt=\"\" srcset=\"https:\/\/ufmsecretariat.org\/wp-content\/uploads\/2016\/07\/Logo_UfMLogo_icon_Color-150x150.png 150w, https:\/\/ufmsecretariat.org\/wp-content\/uploads\/2016\/07\/Logo_UfMLogo_icon_Color-300x300.png 300w, https:\/\/ufmsecretariat.org\/wp-content\/uploads\/2016\/07\/Logo_UfMLogo_icon_Color-1024x1021.png 1024w, https:\/\/ufmsecretariat.org\/wp-content\/uploads\/2016\/07\/Logo_UfMLogo_icon_Color-768x768.png 768w, https:\/\/ufmsecretariat.org\/wp-content\/uploads\/2016\/07\/Logo_UfMLogo_icon_Color-1536x1532.png 1536w, https:\/\/ufmsecretariat.org\/wp-content\/uploads\/2016\/07\/Logo_UfMLogo_icon_Color-2048x2042.png 2048w, https:\/\/ufmsecretariat.org\/wp-content\/uploads\/2016\/07\/Logo_UfMLogo_icon_Color-270x270.png 270w, https:\/\/ufmsecretariat.org\/wp-content\/uploads\/2016\/07\/Logo_UfMLogo_icon_Color-570x570.png 570w\" sizes=\"auto, (max-width: 150px) 100vw, 150px\" \/><\/a>\n          <\/div>\n           <div class=\"vc_span7\">\n             <p><a href=\"https:\/\/ufmsecretariat.org\/fr\/structure\/directorate-operations-partnerships\/\" class=\"cpost-title\">D\u00e9partment des op\u00e9rations et des partenariats<\/a><\/p>\n            <p class=\"cpost-subtitle\"><\/p>\n             <p><\/p>\n            \n\t           <div class=\"contact-block\"><i class=\"fa fa-envelope-o\"><\/i><a href=\"mailto:dop@ufmsecretariat.org\" title=\"dop@ufmsecretariat.org\" style=\"color:#000;\">dop@ufmsecretariat.org<\/a><\/div>\n            \n          <\/div>\n        <\/div>\n      \n        <div class=\"vc_span6\">\n          <div class=\"vc_span4\">\n            <a href=\"https:\/\/ufmsecretariat.org\/fr\/structure\/communication-public-affairs\/\"><img loading=\"lazy\" decoding=\"async\" width=\"150\" height=\"150\" src=\"https:\/\/ufmsecretariat.org\/wp-content\/uploads\/2017\/03\/DSC2281-copy-150x150.jpg\" class=\"attachment-thumbnail size-thumbnail wp-post-image\" alt=\"\" srcset=\"https:\/\/ufmsecretariat.org\/wp-content\/uploads\/2017\/03\/DSC2281-copy-150x150.jpg 150w, https:\/\/ufmsecretariat.org\/wp-content\/uploads\/2017\/03\/DSC2281-copy-300x300.jpg 300w, https:\/\/ufmsecretariat.org\/wp-content\/uploads\/2017\/03\/DSC2281-copy-768x768.jpg 768w, https:\/\/ufmsecretariat.org\/wp-content\/uploads\/2017\/03\/DSC2281-copy-270x270.jpg 270w, https:\/\/ufmsecretariat.org\/wp-content\/uploads\/2017\/03\/DSC2281-copy-570x570.jpg 570w, https:\/\/ufmsecretariat.org\/wp-content\/uploads\/2017\/03\/DSC2281-copy-266x266.jpg 266w, https:\/\/ufmsecretariat.org\/wp-content\/uploads\/2017\/03\/DSC2281-copy.jpg 1000w\" sizes=\"auto, (max-width: 150px) 100vw, 150px\" \/><\/a>\n          <\/div>\n           <div class=\"vc_span7\">\n             <p><a href=\"https:\/\/ufmsecretariat.org\/fr\/structure\/communication-public-affairs\/\" class=\"cpost-title\">Communication et affaires publiques<\/a><\/p>\n            <p class=\"cpost-subtitle\">Directrice - Communication et Affaires Publiques<\/p>\n             <p>Isabel Pardillos<\/p>\n            \n          <\/div>\n        <\/div>\n      \n        <div class=\"vc_span6\">\n          <div class=\"vc_span4\">\n            <a href=\"https:\/\/ufmsecretariat.org\/fr\/structure\/human-resources\/\"><img loading=\"lazy\" decoding=\"async\" width=\"150\" height=\"150\" src=\"https:\/\/ufmsecretariat.org\/wp-content\/uploads\/2024\/09\/elisabettamorrielli-270x270-1-150x150.jpg\" class=\"attachment-thumbnail size-thumbnail wp-post-image\" alt=\"\" srcset=\"https:\/\/ufmsecretariat.org\/wp-content\/uploads\/2024\/09\/elisabettamorrielli-270x270-1-150x150.jpg 150w, https:\/\/ufmsecretariat.org\/wp-content\/uploads\/2024\/09\/elisabettamorrielli-270x270-1-768x768.jpg 768w, https:\/\/ufmsecretariat.org\/wp-content\/uploads\/2024\/09\/elisabettamorrielli-270x270-1-570x570.jpg 570w, https:\/\/ufmsecretariat.org\/wp-content\/uploads\/2024\/09\/elisabettamorrielli-270x270-1.jpg 270w\" sizes=\"auto, (max-width: 150px) 100vw, 150px\" \/><\/a>\n          <\/div>\n           <div class=\"vc_span7\">\n             <p><a href=\"https:\/\/ufmsecretariat.org\/fr\/structure\/human-resources\/\" class=\"cpost-title\">Ressources humaines<\/a><\/p>\n            <p class=\"cpost-subtitle\">Directrice des ressources humaines<\/p>\n             <p>Elisabetta Morrielli<\/p>\n            \n          <\/div>\n        <\/div>\n      \n\t<\/div>\n\t\n\t\n\t\n<\/div>\n[\/vc_column_text][\/vc_column][\/vc_row]<\/p>\n<\/section>","protected":false},"excerpt":{"rendered":"<p>[vc_row type=&#8221;full-width-content&#8221; content_placement=&#8221;bottom&#8221; css=&#8221;.vc_custom_1507899617609{margin-top: 0px !important;margin-bottom: 0px !important;padding-top: 0px !important;padding-bottom: 0px !important;}&#8221;][vc_column][vc_single_image image=&#8221;65144&#8243; img_size=&#8221;slide&#8221; alignment=&#8221;center&#8221;][\/vc_column][\/vc_row][vc_row type=&#8221;full-width-section&#8221; content_placement=&#8221;bottom&#8221; css=&#8221;.vc_custom_1511272798351{margin-top: 0px !important;margin-bottom: -50px !important;padding-top: 25px !important;padding-bottom: 20px !important;background-color: #464e90 !important;}&#8221; el_id=&#8221;page-title&#8221; font_color=&#8221;#ffffff&#8221;][vc_column font_color=&#8221;#ffffff&#8221;][vc_custom_heading text=&#8221;Structure&#8221; font_container=&#8221;tag:h1|text_align:left|color:%23ffffff&#8221; use_theme_fonts=&#8221;yes&#8221; css=&#8221;.vc_custom_1511272790246{margin-bottom: 0px !important;}&#8221;][\/vc_column][\/vc_row][vc_row type=&#8221;full-width-section&#8221; css=&#8221;.vc_custom_1511428754289{padding-top: 50px !important;padding-bottom: 50px !important;background-color: #eeeeee !important;}&#8221;][vc_column][vc_column_text font_size=&#8221;20&#8243; line_height=&#8221;28&#8243;] La gouvernance de l\u2019UpM est bas\u00e9e sur un<br \/><a href=\"https:\/\/ufmsecretariat.org\/fr\/qui-sommes-nous\/structure\/\" class=\"more\">Lire la suite<\/a><\/p>\n","protected":false},"author":4,"featured_media":0,"parent":52745,"menu_order":0,"comment_status":"open","ping_status":"open","template":"","meta":{"footnotes":""},"priority-area":[],"class_list":["post-20236","page","type-page","status-publish","hentry"],"_links":{"self":[{"href":"https:\/\/ufmsecretariat.org\/fr\/wp-json\/wp\/v2\/pages\/20236","targetHints":{"allow":["GET"]}}],"collection":[{"href":"https:\/\/ufmsecretariat.org\/fr\/wp-json\/wp\/v2\/pages"}],"about":[{"href":"https:\/\/ufmsecretariat.org\/fr\/wp-json\/wp\/v2\/types\/page"}],"author":[{"embeddable":true,"href":"https:\/\/ufmsecretariat.org\/fr\/wp-json\/wp\/v2\/users\/4"}],"replies":[{"embeddable":true,"href":"https:\/\/ufmsecretariat.org\/fr\/wp-json\/wp\/v2\/comments?post=20236"}],"version-history":[{"count":12,"href":"https:\/\/ufmsecretariat.org\/fr\/wp-json\/wp\/v2\/pages\/20236\/revisions"}],"predecessor-version":[{"id":243154,"href":"https:\/\/ufmsecretariat.org\/fr\/wp-json\/wp\/v2\/pages\/20236\/revisions\/243154"}],"up":[{"embeddable":true,"href":"https:\/\/ufmsecretariat.org\/fr\/wp-json\/wp\/v2\/pages\/52745"}],"wp:attachment":[{"href":"https:\/\/ufmsecretariat.org\/fr\/wp-json\/wp\/v2\/media?parent=20236"}],"wp:term":[{"taxonomy":"priority-area","embeddable":true,"href":"https:\/\/ufmsecretariat.org\/fr\/wp-json\/wp\/v2\/priority-area?post=20236"}],"curies":[{"name":"wp","href":"https:\/\/api.w.org\/{rel}","templated":true}]}}