
{"id":231548,"date":"2025-06-30T16:05:51","date_gmt":"2025-06-30T15:05:51","guid":{"rendered":"https:\/\/ufmsecretariat.org\/youth-4-climate\/"},"modified":"2025-07-07T08:37:29","modified_gmt":"2025-07-07T07:37:29","slug":"youth-4-climate","status":"publish","type":"page","link":"https:\/\/ufmsecretariat.org\/fr\/youth-4-climate\/","title":{"rendered":"UfM Energy &#038; Climate Action Youth Delegate Programme"},"content":{"rendered":"<section class=\"wpb-content-wrapper\"><p>[vc_row type=&#8221;full-width-content&#8221; css=&#8221;.vc_custom_1721745672235{margin-bottom: 0px !important;}&#8221;][vc_column][vc_single_image image=&#8221;231550&#8243; img_size=&#8221;slide&#8221; alignment=&#8221;center&#8221; css=&#8221;.vc_custom_1751371161144{margin-bottom: 0px !important;}&#8221;][\/vc_column][\/vc_row][vc_row type=&#8221;full-width-section&#8221; css=&#8221;.vc_custom_1730892587867{margin-top: 0px !important;margin-bottom: 0px !important;background-color: #ebebeb !important;}&#8221;][vc_column][vc_custom_heading text=&#8221;Programme des Jeunes D\u00e9l\u00e9gu\u00e9s de l\u2019UpM pour l\u2019\u00c9nergie et le Climat &#8211;<br \/>\nInt\u00e9grer les voix des jeunes dans les politiques r\u00e9gionales&#8221; font_container=&#8221;tag:h1|text_align:left|color:%231d2e62&#8243; google_fonts=&#8221;font_family:Raleway%3A100%2C200%2C300%2Cregular%2C500%2C600%2C700%2C800%2C900|font_style:800%20bold%20regular%3A800%3Anormal&#8221; css=&#8221;.vc_custom_1751371197510{margin-top: 0px !important;padding-top: 40px !important;}&#8221;][\/vc_column][\/vc_row][vc_row type=&#8221;full-width-section&#8221; css=&#8221;.vc_custom_1730892592475{margin-top: 0px !important;margin-bottom: 0px !important;padding-top: 50px !important;padding-bottom: 50px !important;}&#8221;][vc_column width=&#8221;1\/3&#8243; font_color=&#8221;#000000&#8243; css=&#8221;.vc_custom_1730893034725{margin-top: 0px !important;border-radius: 3px !important;}&#8221;][vc_custom_heading text=&#8221;Qu\u2019est-ce que le programme des jeunes d\u00e9l\u00e9gu\u00e9s ?&#8221; font_container=&#8221;tag:h2|text_align:left|color:%231d2e62&#8243; google_fonts=&#8221;font_family:Lato%3A100%2C100italic%2C300%2C300italic%2Cregular%2Citalic%2C700%2C700italic%2C900%2C900italic|font_style:900%20bold%20regular%3A900%3Anormal&#8221;][\/vc_column][vc_column width=&#8221;2\/3&#8243;][vc_column_text]Le\u00a0<strong>Programme des jeunes d\u00e9l\u00e9gu\u00e9s de l\u2019UpM pour l\u2019\u00e9nergie et le climat<\/strong>\u00a0est une nouvelle initiative qui place les jeunes au c\u0153ur des prises de d\u00e9cision climatiques et \u00e9nerg\u00e9tiques dans la r\u00e9gion euro-m\u00e9diterran\u00e9enne.\u00a0<strong>Con\u00e7u comme un parcours de douze mois<\/strong>, le programme dote les jeunes leaders \u00e9mergents (\u00e2g\u00e9s de 20 \u00e0 30 ans) des outils, des connaissances et des plateformes n\u00e9cessaires pour contribuer de mani\u00e8re significative \u00e0 l\u2019action climatique r\u00e9gionale et \u00e0 la gouvernance \u00e9nerg\u00e9tique.<\/p>\n<p>Les participants \u2013 appel\u00e9s Jeunes D\u00e9l\u00e9gu\u00e9s \u2013 prendront part \u00e0 des dialogues politiques de haut niveau, co-concevront des initiatives climatiques, participeront \u00e0 des \u00e9v\u00e9nements r\u00e9gionaux et internationaux (tels que la COP30), et b\u00e9n\u00e9ficieront d\u2019un mentorat d\u2019experts de la Division \u00c9nergie et Action Climatique de l\u2019UpM.<\/p>\n<p>Ce programme non r\u00e9mun\u00e9r\u00e9 et non contractuel vise \u00e0 renforcer les capacit\u00e9s, favoriser les \u00e9changes entre pairs et mettre en valeur les jeunes en tant que co-cr\u00e9ateurs de solutions durables.[\/vc_column_text]<style type=\"text\/css\" >#b_mwsr44lvmt5r97eg9f5p a{color:#ffffff; background:#408f53; margin-top:0px; margin-bottom:0px;  margin-left:0px; margin-right:0px; font-weight:700; border-radius:50px;}#b_mwsr44lvmt5r97eg9f5p a:hover{color: ; background:#275632 ;}<\/style><div class=\"ta_left tf_btn_pos\" id=\"b_mwsr44lvmt5r97eg9f5p\" ><a class=\"rd_normal_bt large_rd_bt  \" href=\"https:\/\/ufmsecretariat.org\/wp-content\/uploads\/2025\/05\/ufm-eca-youth-delegate-programme_CONCEPTNOTE_FR.pdf\" target=\"yes\" >LISEZ LA NOTE DE CADRE<\/a><\/div>[\/vc_column][\/vc_row][vc_row type=&#8221;full-width-section&#8221; disable_element=&#8221;yes&#8221;][vc_column][vc_single_image image=&#8221;226869&#8243; img_size=&#8221;full&#8221;][\/vc_column][\/vc_row][vc_row type=&#8221;full-width-section&#8221; css=&#8221;.vc_custom_1730892596589{margin-top: 0px !important;margin-bottom: 0px !important;padding-top: 50px !important;padding-bottom: 50px !important;background-color: #ebebeb !important;}&#8221;][vc_column width=&#8221;1\/3&#8243; font_color=&#8221;#000000&#8243; css=&#8221;.vc_custom_1730893027756{margin-top: 0px !important;border-radius: 3px !important;}&#8221;][vc_custom_heading text=&#8221;Structure du programme&#8221; font_container=&#8221;tag:h2|text_align:left|color:%231d2e62&#8243; google_fonts=&#8221;font_family:Lato%3A100%2C100italic%2C300%2C300italic%2Cregular%2Citalic%2C700%2C700italic%2C900%2C900italic|font_style:900%20bold%20regular%3A900%3Anormal&#8221;][\/vc_column][vc_column width=&#8221;2\/3&#8243;][vc_column_text]Au cours d&#8217;une ann\u00e9e, les jeunes d\u00e9l\u00e9gu\u00e9s de l&#8217;UpM pourront :<\/p>\n<ul>\n<li><strong>Influencer les politiques\u00a0: <\/strong>participer \u00e0 des consultations r\u00e9gionales, contribuer aux processus minist\u00e9riels de l\u2019UpM et aider \u00e0 l\u2019\u00e9laboration de strat\u00e9gies climatiques et \u00e9nerg\u00e9tiques impactantes ;<\/li>\n<li><strong>D\u00e9velopper des comp\u00e9tences\u00a0: <\/strong>recevoir une formation en diplomatie climatique, d\u00e9veloppement de projets, innovation verte et plaidoyer efficace ;<\/li>\n<li><strong>\u00c9largir leur r\u00e9seau\u00a0<\/strong>: collaborer avec d\u2019autres jeunes engag\u00e9s, des leaders climatiques et des institutions r\u00e9gionales dans toute la r\u00e9gion euro-m\u00e9diterran\u00e9enne ;<\/li>\n<li><strong>Faire entendre leur voix\u00a0: <\/strong>repr\u00e9senter les jeunes lors d\u2019\u00e9v\u00e9nements majeurs tels que le Forum \u00c9nergie et Climat de l\u2019UpM et le Pavillon M\u00e9diterran\u00e9en \u00e0 la COP30 ;<\/li>\n<li><strong>Cr\u00e9er de l\u2019impact\u00a0: <\/strong>co-d\u00e9velopper des projets r\u00e9gionaux et publier des r\u00e9sultats communs qui refl\u00e8tent la vision des jeunes sur les transitions \u00e9nerg\u00e9tiques justes et la r\u00e9silience climatique.<\/li>\n<\/ul>\n<p>[\/vc_column_text][\/vc_column][\/vc_row][vc_row type=&#8221;full-width-section&#8221; css=&#8221;.vc_custom_1730892600685{margin-top: 0px !important;margin-bottom: 0px !important;padding-top: 50px !important;padding-bottom: 50px !important;}&#8221;][vc_column width=&#8221;1\/3&#8243; font_color=&#8221;#000000&#8243; css=&#8221;.vc_custom_1721746360768{margin-top: 0px !important;margin-right: 5px !important;margin-bottom: 0px !important;margin-left: 5px !important;padding-top: 10px !important;padding-right: 10px !important;padding-bottom: 10px !important;padding-left: 10px !important;border-radius: 3px !important;}&#8221;][vc_custom_heading text=&#8221;Rencontrez les jeunes d\u00e9l\u00e9gu\u00e9s de l&#8217;UpM pour l&#8217;\u00e9nergie et le climat&#8221; font_container=&#8221;tag:h2|text_align:left|color:%231d2e62&#8243; google_fonts=&#8221;font_family:Lato%3A100%2C100italic%2C300%2C300italic%2Cregular%2Citalic%2C700%2C700italic%2C900%2C900italic|font_style:900%20bold%20regular%3A900%3Anormal&#8221;][\/vc_column][vc_column width=&#8221;2\/3&#8243;]<style type=\"text\/css\" >#ic_cx0knfiesy3fi6kgd618 {margin:0px auto 0px; }#ic_cx0knfiesy3fi6kgd618 .ic_left,#ic_cx0knfiesy3fi6kgd618 .ic_right,#ic_cx0knfiesy3fi6kgd618 .ic_left:after,#ic_cx0knfiesy3fi6kgd618 .ic_right:after{border-color:#ECF0F1; background:#FFFFFF; color:#000000; }#ic_cx0knfiesy3fi6kgd618 .ic_left:hover,#ic_cx0knfiesy3fi6kgd618 .ic_right:hover,#ic_cx0knfiesy3fi6kgd618 .ic_left:hover:after,#ic_cx0knfiesy3fi6kgd618 .ic_right:hover:after{background:#F9FAFB; color:#000000; }#ic_cx0knfiesy3fi6kgd618 .rd_ic_pager a{border-color:#ECF0F1; background:#FFFFFF; color:#000000; }#ic_cx0knfiesy3fi6kgd618 .rd_ic_pager a:hover{border-color:#009DE0; background:#009DE0; color:#FFFFFF; }<\/style><script type=\"text\/javascript\" charset=\"utf-8\">\r\n\t\t\t\t\r\n\t\tjQuery.noConflict();\r\n\t\/\/setup up Carousel\r\n\t\tjQuery(document).ready(function($) {\t\r\n\t\t\t\r\n\t\t\"use strict\";\r\n\t\t\r\n\t\t\t$(window).load(function(){\r\n\t\t$(\"#ic_cx0knfiesy3fi6kgd618 .rd_img_carousel\").carouFredSel({\r\n\t\t\t\t\t\r\n\t\t\t\t\tresponsive: true,\r\n\t\t\t\t\twidth: \"100%\",scroll: 1,\r\n\t\t\t\t\tauto: false,\r\n\t\t\t\t\tprev: \"#ic_cx0knfiesy3fi6kgd618 .ic_left\",\r\n\t\t\t\t\tnext: \"#ic_cx0knfiesy3fi6kgd618 .ic_right\",\r\n\t\t\t\t\tpagination: \"#ic_cx0knfiesy3fi6kgd618_pager\",\r\n\t\t\t\t\theight : \"variable\",\r\n\t\t\t\t\tswipe       : {\r\n             \t\t   onTouch     : true,\r\n\t\t               onMouse     : false\r\n        \t\t    },\r\n\t\t\t\t\titems: {\r\n\t\t\t\t\theight : \"variable\",\r\n\t\t\t\t\t\tvisible: {\r\n\t\t\t\t\t\t\tmin: 1,\r\n\t\t\t\t\t\t\tmax: 1\r\n\t\t\t\t\t\t}\r\n\t\t\t\t\t}\r\n\t\t\t\t});\r\n\t\t\t\t});\r\n\t\t\t\t});\r\n\t<\/script><div class=\"rd_img_carousel_ctn  \" id=\"ic_cx0knfiesy3fi6kgd618\"><div class=\"ic_nav\"><div class=\"ic_left\" >Pr\u00e9c\u00e9dent<\/div><div class=\"ic_right\" >Next<\/div><\/div><div class=\"rd_img_carousel\"><a href=\"https:\/\/ufmsecretariat.org\/wp-content\/uploads\/2025\/07\/ufm_youth_energy_climate_ANAS_FR.jpg\"  rel=\"prettyPhoto[rel-cx0knfiesy3fi6kgd618]\" ><img loading=\"lazy\" decoding=\"async\" width=\"1024\" height=\"512\" src=\"https:\/\/ufmsecretariat.org\/wp-content\/uploads\/2025\/07\/ufm_youth_energy_climate_ANAS_FR.jpg\" class=\"attachment-full\" alt=\"\" title=\"ufm_youth_energy_climate_ANAS_FR\" srcset=\"https:\/\/ufmsecretariat.org\/wp-content\/uploads\/2025\/07\/ufm_youth_energy_climate_ANAS_FR.jpg 1024w, https:\/\/ufmsecretariat.org\/wp-content\/uploads\/2025\/07\/ufm_youth_energy_climate_ANAS_FR-300x150.jpg 300w, https:\/\/ufmsecretariat.org\/wp-content\/uploads\/2025\/07\/ufm_youth_energy_climate_ANAS_FR-768x384.jpg 768w, https:\/\/ufmsecretariat.org\/wp-content\/uploads\/2025\/07\/ufm_youth_energy_climate_ANAS_FR-100x50.jpg 100w\" sizes=\"auto, (max-width: 1024px) 100vw, 1024px\" \/><\/a><a href=\"https:\/\/ufmsecretariat.org\/wp-content\/uploads\/2025\/07\/ufm_youth_energy_climate_EMIRHAN_FR.jpg\"  rel=\"prettyPhoto[rel-cx0knfiesy3fi6kgd618]\" ><img loading=\"lazy\" decoding=\"async\" width=\"1024\" height=\"512\" src=\"https:\/\/ufmsecretariat.org\/wp-content\/uploads\/2025\/07\/ufm_youth_energy_climate_EMIRHAN_FR.jpg\" class=\"attachment-full\" alt=\"\" title=\"ufm_youth_energy_climate_EMIRHAN_FR\" srcset=\"https:\/\/ufmsecretariat.org\/wp-content\/uploads\/2025\/07\/ufm_youth_energy_climate_EMIRHAN_FR.jpg 1024w, https:\/\/ufmsecretariat.org\/wp-content\/uploads\/2025\/07\/ufm_youth_energy_climate_EMIRHAN_FR-300x150.jpg 300w, https:\/\/ufmsecretariat.org\/wp-content\/uploads\/2025\/07\/ufm_youth_energy_climate_EMIRHAN_FR-768x384.jpg 768w, https:\/\/ufmsecretariat.org\/wp-content\/uploads\/2025\/07\/ufm_youth_energy_climate_EMIRHAN_FR-100x50.jpg 100w\" sizes=\"auto, (max-width: 1024px) 100vw, 1024px\" \/><\/a><a href=\"https:\/\/ufmsecretariat.org\/wp-content\/uploads\/2025\/07\/ufm_youth_energy_climate_EMMA_FR.jpg\"  rel=\"prettyPhoto[rel-cx0knfiesy3fi6kgd618]\" ><img loading=\"lazy\" decoding=\"async\" width=\"1024\" height=\"512\" src=\"https:\/\/ufmsecretariat.org\/wp-content\/uploads\/2025\/07\/ufm_youth_energy_climate_EMMA_FR.jpg\" class=\"attachment-full\" alt=\"\" title=\"ufm_youth_energy_climate_EMMA_FR\" srcset=\"https:\/\/ufmsecretariat.org\/wp-content\/uploads\/2025\/07\/ufm_youth_energy_climate_EMMA_FR.jpg 1024w, https:\/\/ufmsecretariat.org\/wp-content\/uploads\/2025\/07\/ufm_youth_energy_climate_EMMA_FR-300x150.jpg 300w, https:\/\/ufmsecretariat.org\/wp-content\/uploads\/2025\/07\/ufm_youth_energy_climate_EMMA_FR-768x384.jpg 768w, https:\/\/ufmsecretariat.org\/wp-content\/uploads\/2025\/07\/ufm_youth_energy_climate_EMMA_FR-100x50.jpg 100w\" sizes=\"auto, (max-width: 1024px) 100vw, 1024px\" \/><\/a><a href=\"https:\/\/ufmsecretariat.org\/wp-content\/uploads\/2025\/07\/ufm_youth_energy_climate_GHAZI_FR.jpg\"  rel=\"prettyPhoto[rel-cx0knfiesy3fi6kgd618]\" ><img loading=\"lazy\" decoding=\"async\" width=\"1024\" height=\"512\" src=\"https:\/\/ufmsecretariat.org\/wp-content\/uploads\/2025\/07\/ufm_youth_energy_climate_GHAZI_FR.jpg\" class=\"attachment-full\" alt=\"\" title=\"ufm_youth_energy_climate_GHAZI_FR\" srcset=\"https:\/\/ufmsecretariat.org\/wp-content\/uploads\/2025\/07\/ufm_youth_energy_climate_GHAZI_FR.jpg 1024w, https:\/\/ufmsecretariat.org\/wp-content\/uploads\/2025\/07\/ufm_youth_energy_climate_GHAZI_FR-300x150.jpg 300w, https:\/\/ufmsecretariat.org\/wp-content\/uploads\/2025\/07\/ufm_youth_energy_climate_GHAZI_FR-768x384.jpg 768w, https:\/\/ufmsecretariat.org\/wp-content\/uploads\/2025\/07\/ufm_youth_energy_climate_GHAZI_FR-100x50.jpg 100w\" sizes=\"auto, (max-width: 1024px) 100vw, 1024px\" \/><\/a><a href=\"https:\/\/ufmsecretariat.org\/wp-content\/uploads\/2025\/07\/ufm_youth_energy_climate_HIBA_FR.jpg\"  rel=\"prettyPhoto[rel-cx0knfiesy3fi6kgd618]\" ><img loading=\"lazy\" decoding=\"async\" width=\"1024\" height=\"512\" src=\"https:\/\/ufmsecretariat.org\/wp-content\/uploads\/2025\/07\/ufm_youth_energy_climate_HIBA_FR.jpg\" class=\"attachment-full\" alt=\"\" title=\"ufm_youth_energy_climate_HIBA_FR\" srcset=\"https:\/\/ufmsecretariat.org\/wp-content\/uploads\/2025\/07\/ufm_youth_energy_climate_HIBA_FR.jpg 1024w, https:\/\/ufmsecretariat.org\/wp-content\/uploads\/2025\/07\/ufm_youth_energy_climate_HIBA_FR-300x150.jpg 300w, https:\/\/ufmsecretariat.org\/wp-content\/uploads\/2025\/07\/ufm_youth_energy_climate_HIBA_FR-768x384.jpg 768w, https:\/\/ufmsecretariat.org\/wp-content\/uploads\/2025\/07\/ufm_youth_energy_climate_HIBA_FR-100x50.jpg 100w\" sizes=\"auto, (max-width: 1024px) 100vw, 1024px\" \/><\/a><a href=\"https:\/\/ufmsecretariat.org\/wp-content\/uploads\/2025\/07\/ufm_youth_energy_climate_LUENA_FR.jpg\"  rel=\"prettyPhoto[rel-cx0knfiesy3fi6kgd618]\" ><img loading=\"lazy\" decoding=\"async\" width=\"1024\" height=\"512\" src=\"https:\/\/ufmsecretariat.org\/wp-content\/uploads\/2025\/07\/ufm_youth_energy_climate_LUENA_FR.jpg\" class=\"attachment-full\" alt=\"\" title=\"ufm_youth_energy_climate_LUENA_FR\" srcset=\"https:\/\/ufmsecretariat.org\/wp-content\/uploads\/2025\/07\/ufm_youth_energy_climate_LUENA_FR.jpg 1024w, https:\/\/ufmsecretariat.org\/wp-content\/uploads\/2025\/07\/ufm_youth_energy_climate_LUENA_FR-300x150.jpg 300w, https:\/\/ufmsecretariat.org\/wp-content\/uploads\/2025\/07\/ufm_youth_energy_climate_LUENA_FR-768x384.jpg 768w, https:\/\/ufmsecretariat.org\/wp-content\/uploads\/2025\/07\/ufm_youth_energy_climate_LUENA_FR-100x50.jpg 100w\" sizes=\"auto, (max-width: 1024px) 100vw, 1024px\" \/><\/a><a href=\"https:\/\/ufmsecretariat.org\/wp-content\/uploads\/2025\/07\/ufm_youth_energy_climate_MARIO_FR.jpg\"  rel=\"prettyPhoto[rel-cx0knfiesy3fi6kgd618]\" ><img loading=\"lazy\" decoding=\"async\" width=\"1024\" height=\"512\" src=\"https:\/\/ufmsecretariat.org\/wp-content\/uploads\/2025\/07\/ufm_youth_energy_climate_MARIO_FR.jpg\" class=\"attachment-full\" alt=\"\" title=\"ufm_youth_energy_climate_MARIO_FR\" srcset=\"https:\/\/ufmsecretariat.org\/wp-content\/uploads\/2025\/07\/ufm_youth_energy_climate_MARIO_FR.jpg 1024w, https:\/\/ufmsecretariat.org\/wp-content\/uploads\/2025\/07\/ufm_youth_energy_climate_MARIO_FR-300x150.jpg 300w, https:\/\/ufmsecretariat.org\/wp-content\/uploads\/2025\/07\/ufm_youth_energy_climate_MARIO_FR-768x384.jpg 768w, https:\/\/ufmsecretariat.org\/wp-content\/uploads\/2025\/07\/ufm_youth_energy_climate_MARIO_FR-100x50.jpg 100w\" sizes=\"auto, (max-width: 1024px) 100vw, 1024px\" \/><\/a><a href=\"https:\/\/ufmsecretariat.org\/wp-content\/uploads\/2025\/07\/ufm_youth_energy_climate_SELMA_FR.jpg\"  rel=\"prettyPhoto[rel-cx0knfiesy3fi6kgd618]\" ><img loading=\"lazy\" decoding=\"async\" width=\"1024\" height=\"512\" src=\"https:\/\/ufmsecretariat.org\/wp-content\/uploads\/2025\/07\/ufm_youth_energy_climate_SELMA_FR.jpg\" class=\"attachment-full\" alt=\"\" title=\"ufm_youth_energy_climate_SELMA_FR\" srcset=\"https:\/\/ufmsecretariat.org\/wp-content\/uploads\/2025\/07\/ufm_youth_energy_climate_SELMA_FR.jpg 1024w, https:\/\/ufmsecretariat.org\/wp-content\/uploads\/2025\/07\/ufm_youth_energy_climate_SELMA_FR-300x150.jpg 300w, https:\/\/ufmsecretariat.org\/wp-content\/uploads\/2025\/07\/ufm_youth_energy_climate_SELMA_FR-768x384.jpg 768w, https:\/\/ufmsecretariat.org\/wp-content\/uploads\/2025\/07\/ufm_youth_energy_climate_SELMA_FR-100x50.jpg 100w\" sizes=\"auto, (max-width: 1024px) 100vw, 1024px\" \/><\/a><\/div><div id=\"ic_cx0knfiesy3fi6kgd618_pager\" class=\"rd_ic_pager\"><\/div><\/div>[\/vc_column][\/vc_row][vc_row type=&#8221;full-width-section&#8221; css=&#8221;.vc_custom_1730892604346{margin-top: 0px !important;margin-bottom: 0px !important;padding-top: 50px !important;padding-bottom: 50px !important;background-color: #ebebeb !important;}&#8221;][vc_column width=&#8221;1\/3&#8243; font_color=&#8221;#000000&#8243; css=&#8221;.vc_custom_1730893019267{border-radius: 3px !important;}&#8221;][vc_custom_heading text=&#8221;Questions fr\u00e9quentes&#8221; font_container=&#8221;tag:h2|text_align:left|color:%231d2e62&#8243; google_fonts=&#8221;font_family:Lato%3A100%2C100italic%2C300%2C300italic%2Cregular%2Citalic%2C700%2C700italic%2C900%2C900italic|font_style:900%20bold%20regular%3A900%3Anormal&#8221;][\/vc_column][vc_column width=&#8221;2\/3&#8243;][vc_column_text]Vous avez des doutes ?<br \/>\nVous pouvez consulter notre liste de\u00a0<strong>FAQ\u00a0<\/strong><a href=\"https:\/\/ufmsecretariat.org\/wp-content\/uploads\/2025\/05\/ufm-eca-youth-delegate-programme_FAQ_FR.pdf\" target=\"_blank\" rel=\"noopener\"><strong>ici<\/strong><\/a>.[\/vc_column_text][\/vc_column][\/vc_row][vc_row type=&#8221;full-width-section&#8221; disable_element=&#8221;yes&#8221; css=&#8221;.vc_custom_1751295691359{margin-top: 0px !important;margin-bottom: 0px !important;padding-top: 50px !important;padding-bottom: 50px !important;}&#8221;][vc_column width=&#8221;1\/3&#8243; font_color=&#8221;#000000&#8243; css=&#8221;.vc_custom_1730893011212{border-radius: 3px !important;}&#8221;][vc_custom_heading text=&#8221;Frequently Asked Questions (FAQs)&#8221; font_container=&#8221;tag:h2|text_align:left|color:%231d2e62&#8243; google_fonts=&#8221;font_family:Lato%3A100%2C100italic%2C300%2C300italic%2Cregular%2Citalic%2C700%2C700italic%2C900%2C900italic|font_style:900%20bold%20regular%3A900%3Anormal&#8221;][\/vc_column][vc_column width=&#8221;2\/3&#8243;][vc_column_text]Do you have any doubts?<br \/>\n<strong>You can consult our list of FAQs\u00a0<a href=\"https:\/\/ufmsecretariat.org\/wp-content\/uploads\/2025\/05\/ufm-eca-youth-delegate-programme_FAQ.pdf\" target=\"_blank\" rel=\"noopener\">here<\/a>.<\/strong>[\/vc_column_text][\/vc_column][\/vc_row][vc_row disable_element=&#8221;yes&#8221; css=&#8221;.vc_custom_1746192024399{padding-top: 10px !important;background-color: #009871 !important;}&#8221;][vc_column][\/vc_column][\/vc_row][vc_row disable_element=&#8221;yes&#8221;][vc_column width=&#8221;2\/12&#8243;][vc_custom_heading text=&#8221;Organised by&#8221; font_container=&#8221;tag:h3|font_size:25px|text_align:left|color:%23009871|line_height:30px&#8221; google_fonts=&#8221;font_family:Lato%3A100%2C100italic%2C300%2C300italic%2Cregular%2Citalic%2C700%2C700italic%2C900%2C900italic|font_style:700%20bold%20regular%3A700%3Anormal&#8221;][vc_row_inner][vc_column_inner css=&#8221;.vc_custom_1730906392997{margin-top: 20px !important;}&#8221;][vc_single_image image=&#8221;155695&#8243; img_size=&#8221;full&#8221;][\/vc_column_inner][\/vc_row_inner][\/vc_column][vc_column width=&#8221;5\/12&#8243;][vc_custom_heading text=&#8221;Supported by&#8221; font_container=&#8221;tag:h3|font_size:25px|text_align:left|color:%23009871|line_height:30px&#8221; google_fonts=&#8221;font_family:Lato%3A100%2C100italic%2C300%2C300italic%2Cregular%2Citalic%2C700%2C700italic%2C900%2C900italic|font_style:700%20bold%20regular%3A700%3Anormal&#8221;][vc_row_inner equal_height=&#8221;yes&#8221; content_placement=&#8221;middle&#8221;][vc_column_inner width=&#8221;1\/4&#8243;][vc_single_image image=&#8221;181230&#8243; img_size=&#8221;full&#8221;][\/vc_column_inner][vc_column_inner width=&#8221;1\/4&#8243;][vc_single_image image=&#8221;101613&#8243; img_size=&#8221;full&#8221;][\/vc_column_inner][vc_column_inner width=&#8221;1\/4&#8243;][vc_single_image image=&#8221;181260&#8243; img_size=&#8221;full&#8221;][\/vc_column_inner][vc_column_inner width=&#8221;1\/4&#8243;][vc_single_image image=&#8221;181242&#8243; img_size=&#8221;full&#8221;][\/vc_column_inner][\/vc_row_inner][\/vc_column][vc_column width=&#8221;5\/12&#8243;][vc_custom_heading text=&#8221;Implemented by&#8221; font_container=&#8221;tag:h3|font_size:25px|text_align:left|color:%23009871|line_height:30px&#8221; google_fonts=&#8221;font_family:Lato%3A100%2C100italic%2C300%2C300italic%2Cregular%2Citalic%2C700%2C700italic%2C900%2C900italic|font_style:700%20bold%20regular%3A700%3Anormal&#8221;][vc_row_inner equal_height=&#8221;yes&#8221; content_placement=&#8221;middle&#8221;][vc_column_inner width=&#8221;1\/3&#8243;][vc_single_image image=&#8221;181227&#8243; img_size=&#8221;full&#8221;][\/vc_column_inner][vc_column_inner width=&#8221;1\/3&#8243;][vc_single_image image=&#8221;181236&#8243; img_size=&#8221;full&#8221;][\/vc_column_inner][vc_column_inner width=&#8221;1\/3&#8243;][vc_single_image image=&#8221;181239&#8243; img_size=&#8221;full&#8221;][\/vc_column_inner][\/vc_row_inner][\/vc_column][\/vc_row]<\/p>\n<\/section>","protected":false},"excerpt":{"rendered":"<p>[vc_row type=&#8221;full-width-content&#8221; css=&#8221;.vc_custom_1721745672235{margin-bottom: 0px !important;}&#8221;][vc_column][vc_single_image image=&#8221;231550&#8243; img_size=&#8221;slide&#8221; alignment=&#8221;center&#8221; css=&#8221;.vc_custom_1751371161144{margin-bottom: 0px !important;}&#8221;][\/vc_column][\/vc_row][vc_row type=&#8221;full-width-section&#8221; css=&#8221;.vc_custom_1730892587867{margin-top: 0px !important;margin-bottom: 0px !important;background-color: #ebebeb !important;}&#8221;][vc_column][vc_custom_heading text=&#8221;Programme des Jeunes D\u00e9l\u00e9gu\u00e9s de l\u2019UpM pour l\u2019\u00c9nergie et le Climat &#8211; Int\u00e9grer les voix des jeunes dans les politiques r\u00e9gionales&#8221; font_container=&#8221;tag:h1|text_align:left|color:%231d2e62&#8243; google_fonts=&#8221;font_family:Raleway%3A100%2C200%2C300%2Cregular%2C500%2C600%2C700%2C800%2C900|font_style:800%20bold%20regular%3A800%3Anormal&#8221; css=&#8221;.vc_custom_1751371197510{margin-top: 0px !important;padding-top: 40px !important;}&#8221;][\/vc_column][\/vc_row][vc_row type=&#8221;full-width-section&#8221; css=&#8221;.vc_custom_1730892592475{margin-top: 0px !important;margin-bottom: 0px !important;padding-top: 50px !important;padding-bottom:<br \/><a href=\"https:\/\/ufmsecretariat.org\/fr\/youth-4-climate\/\" class=\"more\">Lire la suite<\/a><\/p>\n","protected":false},"author":38,"featured_media":0,"parent":0,"menu_order":0,"comment_status":"closed","ping_status":"closed","template":"","meta":{"footnotes":""},"priority-area":[],"class_list":["post-231548","page","type-page","status-publish","hentry"],"_links":{"self":[{"href":"https:\/\/ufmsecretariat.org\/fr\/wp-json\/wp\/v2\/pages\/231548","targetHints":{"allow":["GET"]}}],"collection":[{"href":"https:\/\/ufmsecretariat.org\/fr\/wp-json\/wp\/v2\/pages"}],"about":[{"href":"https:\/\/ufmsecretariat.org\/fr\/wp-json\/wp\/v2\/types\/page"}],"author":[{"embeddable":true,"href":"https:\/\/ufmsecretariat.org\/fr\/wp-json\/wp\/v2\/users\/38"}],"replies":[{"embeddable":true,"href":"https:\/\/ufmsecretariat.org\/fr\/wp-json\/wp\/v2\/comments?post=231548"}],"version-history":[{"count":4,"href":"https:\/\/ufmsecretariat.org\/fr\/wp-json\/wp\/v2\/pages\/231548\/revisions"}],"predecessor-version":[{"id":232087,"href":"https:\/\/ufmsecretariat.org\/fr\/wp-json\/wp\/v2\/pages\/231548\/revisions\/232087"}],"wp:attachment":[{"href":"https:\/\/ufmsecretariat.org\/fr\/wp-json\/wp\/v2\/media?parent=231548"}],"wp:term":[{"taxonomy":"priority-area","embeddable":true,"href":"https:\/\/ufmsecretariat.org\/fr\/wp-json\/wp\/v2\/priority-area?post=231548"}],"curies":[{"name":"wp","href":"https:\/\/api.w.org\/{rel}","templated":true}]}}