{"id":43928,"date":"2017-07-25T11:14:03","date_gmt":"2017-07-25T10:14:03","guid":{"rendered":"https:\/\/ufmsecretariat.org\/political\/"},"modified":"2023-09-05T17:20:09","modified_gmt":"2023-09-05T16:20:09","slug":"political-framework","status":"publish","type":"page","link":"https:\/\/ufmsecretariat.org\/fr\/notre-action\/political-framework\/","title":{"rendered":"Cadre politique"},"content":{"rendered":"<section class=\"wpb-content-wrapper\"><p>[vc_row type=&#8221;full-width-content&#8221; content_placement=&#8221;bottom&#8221; css=&#8221;.vc_custom_1507900542589{margin-top: 0px !important;margin-bottom: 0px !important;padding-top: 0px !important;padding-bottom: 0px !important;}&#8221;][vc_column][vc_single_image image=&#8221;153486&#8243; img_size=&#8221;slide&#8221; alignment=&#8221;center&#8221;][\/vc_column][\/vc_row][vc_row type=&#8221;full-width-section&#8221; content_placement=&#8221;bottom&#8221; css=&#8221;.vc_custom_1472543612832{margin-top: 0px !important;margin-bottom: -50px !important;padding-top: 25px !important;padding-bottom: 20px !important;background-color: #464e90 !important;}&#8221; el_id=&#8221;page-title&#8221;][vc_column][vc_custom_heading text=&#8221;Cadre politique&#8221; font_container=&#8221;tag:h1|text_align:left|color:%23ffffff&#8221; use_theme_fonts=&#8221;yes&#8221; css=&#8221;.vc_custom_1511441638006{margin-bottom: 0px !important;}&#8221;][\/vc_column][\/vc_row][vc_row type=&#8221;full-width-section&#8221; css=&#8221;.vc_custom_1504162366387{padding-top: 50px !important;padding-bottom: 50px !important;background-color: #eeeeee !important;}&#8221;][vc_column width=&#8221;5\/12&#8243;][vc_column_text font_size=&#8221;20&#8243; line_height=&#8221;28&#8243;]La<strong>\u00a0<\/strong>dimension politique<strong>\u00a0<\/strong> de l&#8217;UpM s&#8217;organise autour de r\u00e9unions de repr\u00e9sentants de minist\u00e8res et gouvernements d\u00e9finissant les priorit\u00e9s des travaux de l&#8217;UpM \u00e0 travers l&#8217;adoption d&#8217;agendas communs.[\/vc_column_text][\/vc_column][vc_column width=&#8221;7\/12&#8243;][vc_column_text font_size=&#8221;20&#8243; line_height=&#8221;28&#8243;]\u00c0 travers ces d\u00e9clarations adopt\u00e9es par consensus des 43 ministres, les r\u00e9unions minist\u00e9rielles traitent les priorit\u00e9s strat\u00e9giques dans la r\u00e9gion (emploi, autonomisation des femmes, eau, d\u00e9veloppement urbain, etc.) et d\u00e9finissent la port\u00e9e et les objectifs d&#8217;un agenda m\u00e9diterran\u00e9en commun.[\/vc_column_text][\/vc_column][\/vc_row][vc_row css=&#8221;.vc_custom_1508945048850{padding-top: 30px !important;}&#8221;][vc_column width=&#8221;9\/12&#8243; el_class=&#8221;customvertical&#8221;][vc_tour interval=&#8221;0&#8243; type=&#8221;rd_vtab_1&#8243;][vc_tab title=&#8221;Tous&#8221; tab_id=&#8221;1510671795098-4-2&#8243;][vc_column_text]<form autocomplete=\"off\" name=\"wpv-filter-43934\" action=\"\/fr\/wp-json\/wp\/v2\/pages\/43928?wpv_view_count=43934\" method=\"get\" class=\"wpv-filter-form js-wpv-filter-form js-wpv-filter-form-43934 js-wpv-form-full\" data-viewnumber=\"43934\" data-viewid=\"43934\" data-viewhash=\"eyJuYW1lIjoicG9saWN5LWZyYW1ld29ya3MtYWxsIn0=\" data-viewwidgetid=\"0\" data-orderby=\"\" data-order=\"\" data-orderbyas=\"\" data-orderbysecond=\"\" data-ordersecond=\"\" data-parametric=\"{&quot;query&quot;:&quot;normal&quot;,&quot;id&quot;:43934,&quot;view_id&quot;:43934,&quot;widget_id&quot;:0,&quot;view_hash&quot;:&quot;43934&quot;,&quot;action&quot;:&quot;\\\/fr\\\/wp-json\\\/wp\\\/v2\\\/pages\\\/43928?wpv_view_count=43934&quot;,&quot;sort&quot;:{&quot;orderby&quot;:&quot;&quot;,&quot;order&quot;:&quot;&quot;,&quot;orderby_as&quot;:&quot;&quot;,&quot;orderby_second&quot;:&quot;&quot;,&quot;order_second&quot;:&quot;&quot;},&quot;orderby&quot;:&quot;&quot;,&quot;order&quot;:&quot;&quot;,&quot;orderby_as&quot;:&quot;&quot;,&quot;orderby_second&quot;:&quot;&quot;,&quot;order_second&quot;:&quot;&quot;,&quot;ajax_form&quot;:&quot;&quot;,&quot;ajax_results&quot;:&quot;&quot;,&quot;effect&quot;:&quot;fade&quot;,&quot;prebefore&quot;:&quot;&quot;,&quot;before&quot;:&quot;&quot;,&quot;after&quot;:&quot;&quot;,&quot;attributes&quot;:[],&quot;environment&quot;:{&quot;current_post_id&quot;:43928,&quot;parent_post_id&quot;:43928,&quot;parent_term_id&quot;:0,&quot;parent_user_id&quot;:0,&quot;archive&quot;:{&quot;type&quot;:&quot;&quot;,&quot;name&quot;:&quot;&quot;,&quot;data&quot;:[]}},&quot;loop&quot;:{&quot;type&quot;:&quot;&quot;,&quot;name&quot;:&quot;&quot;,&quot;data&quot;:[],&quot;id&quot;:0}}\" data-attributes=\"[]\" data-environment=\"{&quot;current_post_id&quot;:43928,&quot;parent_post_id&quot;:43928,&quot;parent_term_id&quot;:0,&quot;parent_user_id&quot;:0,&quot;archive&quot;:{&quot;type&quot;:&quot;&quot;,&quot;name&quot;:&quot;&quot;,&quot;data&quot;:[]}}\"><input type=\"hidden\" class=\"js-wpv-dps-filter-data js-wpv-filter-data-for-this-form\" data-action=\"\/fr\/wp-json\/wp\/v2\/pages\/43928?wpv_view_count=43934\" data-page=\"1\" data-ajax=\"disable\" data-effect=\"fade\" data-maxpages=\"13\" data-ajaxprebefore=\"\" data-ajaxbefore=\"\" data-ajaxafter=\"\" \/><input class=\"wpv_view_count wpv_view_count-43934\" type=\"hidden\" name=\"wpv_view_count\" value=\"43934\" \/>\n\n<\/form>\n<div id=\"wpv-view-layout-43934\" class=\"js-wpv-view-layout js-wpv-layout-responsive js-wpv-view-layout-43934 wpv-pagination js-wpv-layout-has-pagination wpv-pagination-preload-images js-wpv-layout-preload-images wpv-pagination-preload-pages js-wpv-layout-preload-pages\" style=\"visibility:hidden;\" data-viewnumber=\"43934\" data-pagination=\"{&quot;id&quot;:43934,&quot;query&quot;:&quot;normal&quot;,&quot;type&quot;:&quot;ajaxed&quot;,&quot;effect&quot;:&quot;fade&quot;,&quot;duration&quot;:250,&quot;speed&quot;:5,&quot;pause_on_hover&quot;:&quot;disabled&quot;,&quot;stop_rollover&quot;:&quot;false&quot;,&quot;cache_pages&quot;:&quot;enabled&quot;,&quot;preload_images&quot;:&quot;enabled&quot;,&quot;preload_pages&quot;:&quot;enabled&quot;,&quot;preload_reach&quot;:1,&quot;spinner&quot;:&quot;builtin&quot;,&quot;spinner_image&quot;:&quot;&quot;,&quot;callback_next&quot;:&quot;&quot;,&quot;manage_history&quot;:&quot;enabled&quot;,&quot;has_controls_in_form&quot;:&quot;disabled&quot;,&quot;infinite_tolerance&quot;:0,&quot;max_pages&quot;:13,&quot;page&quot;:1,&quot;base_permalink&quot;:&quot;\/fr\/wp-json\/wp\/v2\/pages\/43928?wpv_view_count=43934&amp;wpv_paged=WPV_PAGE_NUM&quot;,&quot;loop&quot;:{&quot;type&quot;:&quot;&quot;,&quot;name&quot;:&quot;&quot;,&quot;data&quot;:[],&quot;id&quot;:0}}\" data-permalink=\"\/fr\/wp-json\/wp\/v2\/pages\/43928?wpv_view_count=43934\">\n\n\t\n\t\n<div id=\"platform_policy-list\" class=\"policy_tab\">\n\t\n      <section class=\"wpb-content-wrapper\"><div class=\"platform_policy-item\">\n  <div class=\"vc_row\">\n    <div class=\"vc_span8\">\n      <div>\n         \n       \t\t <h4 class=\"title\"><a href=\"https:\/\/ufmsecretariat.org\/10th-ufm-regional-forum-2025\/\">10th UfM Regional Forum<\/a><\/h4>\n        \n        \n        \n        \n      <\/div>\n    <\/div>\n    \n    <div class=\"vc_span1\">  <\/div>\n    <div class=\"vc_span3 platform_policy-date\">\n       <span>Barcelona<\/span><br \/>\n       <span>28 November 2025<\/span>\n    <\/div>\n    \n  <\/div>\n  \n\n  <div class=\"taxonomy \">\n    <span><\/span>\n  <\/div>\n<\/div><\/section>\n\t\n      <section class=\"wpb-content-wrapper\"><div class=\"platform_policy-item\">\n  <div class=\"vc_row\">\n    <div class=\"vc_span8\">\n      <div>\n         \n       \t\t <h4 class=\"title\"><a href=\"https:\/\/ufmsecretariat.org\/fr\/ufm-senior-officials-september-2024\/\">UfM Senior Official Meeting (SOM)<\/a><\/h4>\n        \n        \n        \n        \n      <\/div>\n    <\/div>\n    \n    <div class=\"vc_span1\">  <\/div>\n    <div class=\"vc_span3 platform_policy-date\">\n       <span>Barcelona<\/span><br \/>\n       <span>26 septembre 2024<\/span>\n    <\/div>\n    \n  <\/div>\n  \n\n  <div class=\"taxonomy \">\n    <span><\/span>\n  <\/div>\n<\/div><\/section>\n\t\n      <section class=\"wpb-content-wrapper\"><div class=\"platform_policy-item\">\n  <div class=\"vc_row\">\n    <div class=\"vc_span8\">\n      <div>\n         \n       \t\t <h4 class=\"title\"><a href=\"https:\/\/ufmsecretariat.org\/fr\/9th-ufm-regional-forum\/\">9e Forum r\u00e9gional de l\u2019Union pour la M\u00e9diterran\u00e9e<\/a><\/h4>\n        \n        \n        \n        <p class=\"declaration\">\n          <a class=\"doc-icon\" target=\"_blank\" href=\"https:\/\/ufmsecretariat.org\/wp-content\/uploads\/2024\/10\/9th-UfM-Regional-Forum-Co-presidency-joint-statement.pdf\">Declaration<\/a>\n          \n        <\/p>\n        \n        \n      <\/div>\n    <\/div>\n    \n    <div class=\"vc_span1\">  <\/div>\n    <div class=\"vc_span3 platform_policy-date\">\n       <span>Barcelone<\/span><br \/>\n       <span>28 octobre 2024<\/span>\n    <\/div>\n    \n  <\/div>\n  \n\n  <div class=\"taxonomy \">\n    <span><\/span>\n  <\/div>\n<\/div><\/section>\n\t\n      <section class=\"wpb-content-wrapper\"><div class=\"platform_policy-item\">\n  <div class=\"vc_row\">\n    <div class=\"vc_span8\">\n      <div>\n         \n       \t\t <h4 class=\"title\"><a href=\"https:\/\/ufmsecretariat.org\/fr\/news-regional-forum-2023\/\">8\u00e8me Forum R\u00e9gional de l'UpM -  Ministres des Affaires \u00e9trang\u00e8res<\/a><\/h4>\n        \n        \n        \n        <p class=\"declaration\">\n          <a class=\"doc-icon\" target=\"_blank\" href=\"https:\/\/ufmsecretariat.org\/wp-content\/uploads\/2023\/11\/8thRegionalForum-Conclusions-1.pdf\">Declaration<\/a>\n          \n        <\/p>\n        \n        \n      <\/div>\n    <\/div>\n    \n    <div class=\"vc_span1\">  <\/div>\n    <div class=\"vc_span3 platform_policy-date\">\n       <span>Barcelona<\/span><br \/>\n       <span>27 November 2023<\/span>\n    <\/div>\n    \n  <\/div>\n  \n\n  <div class=\"taxonomy \">\n    <span><\/span>\n  <\/div>\n<\/div><\/section>\n\t\n      <section class=\"wpb-content-wrapper\"><div class=\"platform_policy-item\">\n  <div class=\"vc_row\">\n    <div class=\"vc_span8\">\n      <div>\n         \n       \t\t <h4 class=\"title\"><a href=\"https:\/\/ufmsecretariat.org\/ar\/som-may-2023\/\">UfM Senior Official Meeting (SOM)<\/a><\/h4>\n        \n        \n        \n        \n      <\/div>\n    <\/div>\n    \n    <div class=\"vc_span1\">  <\/div>\n    <div class=\"vc_span3 platform_policy-date\">\n       <span>Barcelona<\/span><br \/>\n       <span>23 May 2023<\/span>\n    <\/div>\n    \n  <\/div>\n  \n\n  <div class=\"taxonomy \">\n    <span><\/span>\n  <\/div>\n<\/div><\/section>\n\t\n      <section class=\"wpb-content-wrapper\"><div class=\"platform_policy-item\">\n  <div class=\"vc_row\">\n    <div class=\"vc_span8\">\n      <div>\n         \n       \t\t <h4 class=\"title\"><a href=\"https:\/\/ufmsecretariat.org\/ufm-3rd-ministerial-sustainable-urban-development\/\">Third UfM Ministerial Conference on Sustainable Urban Development<\/a><\/h4>\n        \n        \n        \n        <p class=\"declaration\">\n          <a class=\"doc-icon\" target=\"_blank\" href=\"https:\/\/ufmsecretariat.org\/wp-content\/uploads\/2023\/05\/De\u0301claration-ministe\u0301rielle-de-lUpM-sur-le-de\u0301veloppement-urbain-durable-1.pdf\">Declaration<\/a>\n          \n        <\/p>\n        \n        \n      <\/div>\n    <\/div>\n    \n    <div class=\"vc_span1\">  <\/div>\n    <div class=\"vc_span3 platform_policy-date\">\n       <span>Zagreb<\/span><br \/>\n       <span>4 may 2023<\/span>\n    <\/div>\n    \n  <\/div>\n  \n\n  <div class=\"taxonomy transport-urban-development-fr\">\n    <span>Transport et d\u00e9veloppement urbain<\/span>\n  <\/div>\n<\/div><\/section>\n\t\n      <section class=\"wpb-content-wrapper\"><div class=\"platform_policy-item\">\n  <div class=\"vc_row\">\n    <div class=\"vc_span8\">\n      <div>\n         \n       \t\t <h4 class=\"title\"><a href=\"https:\/\/ufmsecretariat.org\/som-feb-2023\/\">UfM Senior Official Meeting (SOM)<\/a><\/h4>\n        \n        \n        \n        \n      <\/div>\n    <\/div>\n    \n    <div class=\"vc_span1\">  <\/div>\n    <div class=\"vc_span3 platform_policy-date\">\n       <span>Barcelona<\/span><br \/>\n       <span>28 February 2023<\/span>\n    <\/div>\n    \n  <\/div>\n  \n\n  <div class=\"taxonomy \">\n    <span><\/span>\n  <\/div>\n<\/div><\/section>\n\t\n<\/div>\n<div class=\"projects-pagination\">\n\n<a class=\"wpv-filter-next-link js-wpv-pagination-next-link page-link \"  href=\"\/fr\/wp-json\/wp\/v2\/pages\/43928?wpv_view_count=43934&#038;wpv_paged=2\"\n\t\t\t\t\tdata-viewnumber=\"43934\" data-page=\"2\">Suivant <i class=\"elg-arrow_carrot-2right\"><\/i> <\/a><ul class=\"wpv-pagination-nav-links-container js-wpv-pagination-nav-links-container\"><li class=\"wpv-pagination-nav-links-item js-wpv-pagination-nav-links-item wpv-page-link-43934-1 js-wpv-page-link-43934-1 wpv_page_current wpv-pagination-nav-links-item-current\"><span class=\"wpv-filter-pagination-link page-link\">1<\/span><\/li><li class=\"wpv-pagination-nav-links-item js-wpv-pagination-nav-links-item wpv-page-link-43934-2 js-wpv-page-link-43934-2\"><a class=\"wpv-filter-pagination-link js-wpv-pagination-link\" title=\"2\" href=\"\/fr\/wp-json\/wp\/v2\/pages\/43928?wpv_view_count=43934&#038;wpv_paged=2\" data-viewnumber=\"43934\" data-page=\"2\">2<\/a><\/li><li class=\"wpv-pagination-nav-links-item js-wpv-pagination-nav-links-item wpv-page-link-43934-3 js-wpv-page-link-43934-3\"><a class=\"wpv-filter-pagination-link js-wpv-pagination-link\" title=\"3\" href=\"\/fr\/wp-json\/wp\/v2\/pages\/43928?wpv_view_count=43934&#038;wpv_paged=3\" data-viewnumber=\"43934\" data-page=\"3\">3<\/a><\/li><li class=\"wpv-pagination-nav-links-item js-wpv-pagination-nav-links-item wpv-page-link-43934-4 js-wpv-page-link-43934-4\"><a class=\"wpv-filter-pagination-link js-wpv-pagination-link\" title=\"4\" href=\"\/fr\/wp-json\/wp\/v2\/pages\/43928?wpv_view_count=43934&#038;wpv_paged=4\" data-viewnumber=\"43934\" data-page=\"4\">4<\/a><\/li><li class=\"wpv-pagination-nav-links-item js-wpv-pagination-nav-links-item wpv-page-link-43934-5 js-wpv-page-link-43934-5\"><a class=\"wpv-filter-pagination-link js-wpv-pagination-link\" title=\"5\" href=\"\/fr\/wp-json\/wp\/v2\/pages\/43928?wpv_view_count=43934&#038;wpv_paged=5\" data-viewnumber=\"43934\" data-page=\"5\">5<\/a><\/li><li class=\"wpv-pagination-nav-links-item js-wpv-pagination-nav-links-item wpv-page-link-43934-6 js-wpv-page-link-43934-6\"><a class=\"wpv-filter-pagination-link js-wpv-pagination-link\" title=\"6\" href=\"\/fr\/wp-json\/wp\/v2\/pages\/43928?wpv_view_count=43934&#038;wpv_paged=6\" data-viewnumber=\"43934\" data-page=\"6\">6<\/a><\/li><li class=\"wpv-pagination-nav-links-item js-wpv-pagination-nav-links-item wpv-page-link-43934-7 js-wpv-page-link-43934-7\"><a class=\"wpv-filter-pagination-link js-wpv-pagination-link\" title=\"7\" href=\"\/fr\/wp-json\/wp\/v2\/pages\/43928?wpv_view_count=43934&#038;wpv_paged=7\" data-viewnumber=\"43934\" data-page=\"7\">7<\/a><\/li><li class=\"wpv-pagination-nav-links-item js-wpv-pagination-nav-links-item wpv-page-link-43934-8 js-wpv-page-link-43934-8\"><a class=\"wpv-filter-pagination-link js-wpv-pagination-link\" title=\"8\" href=\"\/fr\/wp-json\/wp\/v2\/pages\/43928?wpv_view_count=43934&#038;wpv_paged=8\" data-viewnumber=\"43934\" data-page=\"8\">8<\/a><\/li><li class=\"wpv-pagination-nav-links-item js-wpv-pagination-nav-links-item wpv-page-link-43934-9 js-wpv-page-link-43934-9\"><a class=\"wpv-filter-pagination-link js-wpv-pagination-link\" title=\"9\" href=\"\/fr\/wp-json\/wp\/v2\/pages\/43928?wpv_view_count=43934&#038;wpv_paged=9\" data-viewnumber=\"43934\" data-page=\"9\">9<\/a><\/li><li class=\"wpv-pagination-nav-links-item js-wpv-pagination-nav-links-item wpv-page-link-43934-10 js-wpv-page-link-43934-10\"><a class=\"wpv-filter-pagination-link js-wpv-pagination-link\" title=\"10\" href=\"\/fr\/wp-json\/wp\/v2\/pages\/43928?wpv_view_count=43934&#038;wpv_paged=10\" data-viewnumber=\"43934\" data-page=\"10\">10<\/a><\/li><li class=\"wpv-pagination-nav-links-item js-wpv-pagination-nav-links-item wpv-page-link-43934-11 js-wpv-page-link-43934-11\"><a class=\"wpv-filter-pagination-link js-wpv-pagination-link\" title=\"11\" href=\"\/fr\/wp-json\/wp\/v2\/pages\/43928?wpv_view_count=43934&#038;wpv_paged=11\" data-viewnumber=\"43934\" data-page=\"11\">11<\/a><\/li><li class=\"wpv-pagination-nav-links-item js-wpv-pagination-nav-links-item wpv-page-link-43934-12 js-wpv-page-link-43934-12\"><a class=\"wpv-filter-pagination-link js-wpv-pagination-link\" title=\"12\" href=\"\/fr\/wp-json\/wp\/v2\/pages\/43928?wpv_view_count=43934&#038;wpv_paged=12\" data-viewnumber=\"43934\" data-page=\"12\">12<\/a><\/li><li class=\"wpv-pagination-nav-links-item js-wpv-pagination-nav-links-item wpv-page-link-43934-13 js-wpv-page-link-43934-13\"><a class=\"wpv-filter-pagination-link js-wpv-pagination-link\" title=\"13\" href=\"\/fr\/wp-json\/wp\/v2\/pages\/43928?wpv_view_count=43934&#038;wpv_paged=13\" data-viewnumber=\"43934\" data-page=\"13\">13<\/a><\/li><\/ul>\n\n<\/div>\n\n\t\n\n\t\n<\/div>\n[\/vc_column_text][\/vc_tab][vc_tab title=&#8221;Forum r\u00e9gional de l\u2019UpM&#8221; tab_id=&#8221;98edc938-e959-2&#8243;][vc_column_text]\n\n\n<div id=\"wpv-view-layout-41628-CATTR9569899787eafe55edc0412b22e038a6TCPID43928\" class=\"js-wpv-view-layout js-wpv-layout-responsive js-wpv-view-layout-41628-CATTR9569899787eafe55edc0412b22e038a6TCPID43928\" data-viewnumber=\"41628-CATTR9569899787eafe55edc0412b22e038a6TCPID43928\" data-pagination=\"{&quot;id&quot;:41628,&quot;query&quot;:&quot;normal&quot;,&quot;type&quot;:&quot;disabled&quot;,&quot;effect&quot;:&quot;fade&quot;,&quot;duration&quot;:250,&quot;speed&quot;:5,&quot;pause_on_hover&quot;:&quot;disabled&quot;,&quot;stop_rollover&quot;:&quot;false&quot;,&quot;cache_pages&quot;:&quot;enabled&quot;,&quot;preload_images&quot;:&quot;enabled&quot;,&quot;preload_pages&quot;:&quot;enabled&quot;,&quot;preload_reach&quot;:1,&quot;spinner&quot;:&quot;builtin&quot;,&quot;spinner_image&quot;:&quot;&quot;,&quot;callback_next&quot;:&quot;&quot;,&quot;manage_history&quot;:&quot;enabled&quot;,&quot;has_controls_in_form&quot;:&quot;disabled&quot;,&quot;infinite_tolerance&quot;:0,&quot;max_pages&quot;:0,&quot;page&quot;:1,&quot;base_permalink&quot;:&quot;\/fr\/wp-json\/wp\/v2\/pages\/43928?wpv_view_count=41628-CATTR9569899787eafe55edc0412b22e038a6TCPID43928&amp;wpv_paged=WPV_PAGE_NUM&quot;,&quot;loop&quot;:{&quot;type&quot;:&quot;&quot;,&quot;name&quot;:&quot;&quot;,&quot;data&quot;:[],&quot;id&quot;:0}}\" data-permalink=\"\/fr\/wp-json\/wp\/v2\/pages\/43928?wpv_view_count=41628-CATTR9569899787eafe55edc0412b22e038a6TCPID43928\">\n\n\t\n\t\n<div id=\"platform_policy-list\" class=\"policy_tab\">\n\t\n\t\t<section class=\"wpb-content-wrapper\"><div class=\"platform_policy-item \">\n  <div class=\"vc_row\">\n    <div class=\"vc_span8\">\n      <div>\n         \n       \t\t <h4 class=\"title\"><a href=\"https:\/\/ufmsecretariat.org\/fr\/9th-ufm-regional-forum\/\">9e Forum r\u00e9gional de l\u2019Union pour la M\u00e9diterran\u00e9e<\/a><\/h4>\n        \n        \n        \n        <p class=\"declaration\">\n          <a class=\"doc-icon\" target=\"_blank\" href=\"https:\/\/ufmsecretariat.org\/wp-content\/uploads\/2024\/10\/9th-UfM-Regional-Forum-Co-presidency-joint-statement.pdf\">Declaration<\/a>\n          \n        <\/p>\n        \n        \n      <\/div>\n    <\/div>\n    \n    <div class=\"vc_span1\">  <\/div>\n    <div class=\"vc_span3 platform_policy-date\">\n       <span>Barcelone<\/span><br \/>\n       <span>28 octobre 2024<\/span>\n    <\/div>\n    \n  <\/div>\n  \n\n  <div class=\"taxonomy \">\n    <span><\/span>\n  <\/div>\n<\/div><\/section>\n\t\n\t\t<section class=\"wpb-content-wrapper\"><div class=\"platform_policy-item \">\n  <div class=\"vc_row\">\n    <div class=\"vc_span8\">\n      <div>\n         \n       \t\t <h4 class=\"title\"><a href=\"https:\/\/ufmsecretariat.org\/fr\/news-regional-forum-2023\/\">8\u00e8me Forum R\u00e9gional de l'UpM -  Ministres des Affaires \u00e9trang\u00e8res<\/a><\/h4>\n        \n        \n        \n        <p class=\"declaration\">\n          <a class=\"doc-icon\" target=\"_blank\" href=\"https:\/\/ufmsecretariat.org\/wp-content\/uploads\/2023\/11\/8thRegionalForum-Conclusions-1.pdf\">Declaration<\/a>\n          \n        <\/p>\n        \n        \n      <\/div>\n    <\/div>\n    \n    <div class=\"vc_span1\">  <\/div>\n    <div class=\"vc_span3 platform_policy-date\">\n       <span>Barcelona<\/span><br \/>\n       <span>27 November 2023<\/span>\n    <\/div>\n    \n  <\/div>\n  \n\n  <div class=\"taxonomy \">\n    <span><\/span>\n  <\/div>\n<\/div><\/section>\n\t\n\t\t<section class=\"wpb-content-wrapper\"><div class=\"platform_policy-item \">\n  <div class=\"vc_row\">\n    <div class=\"vc_span8\">\n      <div>\n         \n       \t\t <h4 class=\"title\"><a href=\"https:\/\/ufmsecretariat.org\/fr\/7th-regional-forum\/\">7th UfM Regional Forum - Ministers of Foreign Affairs<\/a><\/h4>\n        \n        \n        \n        <p class=\"declaration\">\n          <a class=\"doc-icon\" target=\"_blank\" href=\"https:\/\/ufmsecretariat.org\/wp-content\/uploads\/2022\/11\/UfM-Co-Chairs-Conclusions-24-November-2022.pdf\">Declaration<\/a>\n          \n        <\/p>\n        \n        \n      <\/div>\n    <\/div>\n    \n    <div class=\"vc_span1\">  <\/div>\n    <div class=\"vc_span3 platform_policy-date\">\n       <span>Barcelona<\/span><br \/>\n       <span>24 November 2022<\/span>\n    <\/div>\n    \n  <\/div>\n  \n\n  <div class=\"taxonomy \">\n    <span><\/span>\n  <\/div>\n<\/div><\/section>\n\t\n\t\t<section class=\"wpb-content-wrapper\"><div class=\"platform_policy-item \">\n  <div class=\"vc_row\">\n    <div class=\"vc_span8\">\n      <div>\n         \n       \t\t <h4 class=\"title\"><a href=\"https:\/\/ufmsecretariat.org\/fr\/6th-ufm-regional-forum-2021\/\">6th UfM Regional Forum - Ministers of Foreign Affairs<\/a><\/h4>\n        \n        \n        \n        \n      <\/div>\n    <\/div>\n    \n    <div class=\"vc_span1\">  <\/div>\n    <div class=\"vc_span3 platform_policy-date\">\n       <span>Barcelona<\/span><br \/>\n       <span>29 November 2021<\/span>\n    <\/div>\n    \n  <\/div>\n  \n\n  <div class=\"taxonomy \">\n    <span><\/span>\n  <\/div>\n<\/div><\/section>\n\t\n\t\t<section class=\"wpb-content-wrapper\"><div class=\"platform_policy-item \">\n  <div class=\"vc_row\">\n    <div class=\"vc_span8\">\n      <div>\n         \n       \t\t <h4 class=\"title\"><a href=\"https:\/\/ufmsecretariat.org\/event\/regional-forum-2019\/\">4th UfM Regional Forum - Ministers of Foreign Affairs<\/a><\/h4>\n        \n        \n        \n        <p class=\"declaration\">\n          <a class=\"doc-icon\" target=\"_blank\" href=\"https:\/\/ufmsecretariat.org\/wp-content\/uploads\/2019\/10\/Joint-Statement_UfMRegForum.pdf\">Declaration<\/a>\n          \n        <\/p>\n        \n        \n      <\/div>\n    <\/div>\n    \n    <div class=\"vc_span1\">  <\/div>\n    <div class=\"vc_span3 platform_policy-date\">\n       <span>Barcelona<\/span><br \/>\n       <span>10 October 2019<\/span>\n    <\/div>\n    \n  <\/div>\n  \n\n  <div class=\"taxonomy \">\n    <span><\/span>\n  <\/div>\n<\/div><\/section>\n\t\n\t\t<section class=\"wpb-content-wrapper\"><div class=\"platform_policy-item \">\n  <div class=\"vc_row\">\n    <div class=\"vc_span8\">\n      <div>\n         \n       \t\t <h4 class=\"title\"><a href=\"https:\/\/ufmsecretariat.org\/regional-forum-10th-anniversary\/\">3rd UfM Regional Forum - Ministers of Foreign Affairs<\/a><\/h4>\n        \n        \n        \n        <p class=\"declaration\">\n          <a class=\"doc-icon\" target=\"_blank\" href=\"https:\/\/ufmsecretariat.org\/wp-content\/uploads\/2018\/10\/Conclusions-of-the-Co-Presidency.pdf\">Declaration<\/a>\n          \n        <\/p>\n        \n        \n      <\/div>\n    <\/div>\n    \n    <div class=\"vc_span1\">  <\/div>\n    <div class=\"vc_span3 platform_policy-date\">\n       <span>Barcelona<\/span><br \/>\n       <span>8 October 2018<\/span>\n    <\/div>\n    \n  <\/div>\n  \n\n  <div class=\"taxonomy \">\n    <span><\/span>\n  <\/div>\n<\/div><\/section>\n\t\n\t\t<section class=\"wpb-content-wrapper\"><div class=\"platform_policy-item \">\n  <div class=\"vc_row\">\n    <div class=\"vc_span8\">\n      <div>\n         \n       \t\t <h4 class=\"title\"><a href=\"https:\/\/ufmsecretariat.org\/fr\/ufm-member-states-adopt-an-action-oriented-roadmap-for-the-strengthening-of-regional-cooperation\/\">Deuxi\u00e8me UpM Regional Forum - Ministres des Affaires \u00c9trang\u00e8res<\/a><\/h4>\n        \n        \n        \n        <p class=\"declaration\">\n          <a class=\"doc-icon\" target=\"_blank\" href=\"https:\/\/ufmsecretariat.org\/wp-content\/uploads\/2017\/10\/UfM-Roadmap-for-action-2017.pdf\">Declaration<\/a>\n          \n        <\/p>\n        \n        \n      <\/div>\n    <\/div>\n    \n    <div class=\"vc_span1\">  <\/div>\n    <div class=\"vc_span3 platform_policy-date\">\n       <span>Barcelona<\/span><br \/>\n       <span>23 Janvier 2017<\/span>\n    <\/div>\n    \n  <\/div>\n  \n\n  <div class=\"taxonomy \">\n    <span><\/span>\n  <\/div>\n<\/div><\/section>\n\t\n\t\t<section class=\"wpb-content-wrapper\"><div class=\"platform_policy-item \">\n  <div class=\"vc_row\">\n    <div class=\"vc_span8\">\n      <div>\n         \n       \t\t <h4 class=\"title\"><a href=\"https:\/\/ufmsecretariat.org\/fr\/43-member-states-give-strong-political-support-to-the-ufm\/\">Premier Forum R\u00e9gional de l'UpM - Ministres d'Affaires \u00c9trangers<\/a><\/h4>\n        \n        \n        \n        \n      <\/div>\n    <\/div>\n    \n    <div class=\"vc_span1\">  <\/div>\n    <div class=\"vc_span3 platform_policy-date\">\n       <span>Barcelone<\/span><br \/>\n       <span>26 Novembre 2015<\/span>\n    <\/div>\n    \n  <\/div>\n  \n\n  <div class=\"taxonomy \">\n    <span><\/span>\n  <\/div>\n<\/div><\/section>\n\t\n<\/div>\n<div class=\"projects-pagination\">\n\n\n\n<\/div>\n\n\t\n\n\t\n<\/div>\n[\/vc_column_text][\/vc_tab][vc_tab title=&#8221;R\u00e9unions minist\u00e9rielles&#8221; tab_id=&#8221;1505313875998-3-1&#8243;][vc_column_text]\n\n\n<div id=\"wpv-view-layout-41628-CATTR954861ef62454aa8b2734d1f983baae5TCPID43928\" class=\"js-wpv-view-layout js-wpv-layout-responsive js-wpv-view-layout-41628-CATTR954861ef62454aa8b2734d1f983baae5TCPID43928\" data-viewnumber=\"41628-CATTR954861ef62454aa8b2734d1f983baae5TCPID43928\" data-pagination=\"{&quot;id&quot;:41628,&quot;query&quot;:&quot;normal&quot;,&quot;type&quot;:&quot;disabled&quot;,&quot;effect&quot;:&quot;fade&quot;,&quot;duration&quot;:250,&quot;speed&quot;:5,&quot;pause_on_hover&quot;:&quot;disabled&quot;,&quot;stop_rollover&quot;:&quot;false&quot;,&quot;cache_pages&quot;:&quot;enabled&quot;,&quot;preload_images&quot;:&quot;enabled&quot;,&quot;preload_pages&quot;:&quot;enabled&quot;,&quot;preload_reach&quot;:1,&quot;spinner&quot;:&quot;builtin&quot;,&quot;spinner_image&quot;:&quot;&quot;,&quot;callback_next&quot;:&quot;&quot;,&quot;manage_history&quot;:&quot;enabled&quot;,&quot;has_controls_in_form&quot;:&quot;disabled&quot;,&quot;infinite_tolerance&quot;:0,&quot;max_pages&quot;:0,&quot;page&quot;:1,&quot;base_permalink&quot;:&quot;\/fr\/wp-json\/wp\/v2\/pages\/43928?wpv_view_count=41628-CATTR954861ef62454aa8b2734d1f983baae5TCPID43928&amp;wpv_paged=WPV_PAGE_NUM&quot;,&quot;loop&quot;:{&quot;type&quot;:&quot;&quot;,&quot;name&quot;:&quot;&quot;,&quot;data&quot;:[],&quot;id&quot;:0}}\" data-permalink=\"\/fr\/wp-json\/wp\/v2\/pages\/43928?wpv_view_count=41628-CATTR954861ef62454aa8b2734d1f983baae5TCPID43928\">\n\n\t\n\t\n<div id=\"platform_policy-list\" class=\"policy_tab\">\n\t\n\t\t<section class=\"wpb-content-wrapper\"><div class=\"platform_policy-item \">\n  <div class=\"vc_row\">\n    <div class=\"vc_span8\">\n      <div>\n         \n       \t\t <h4 class=\"title\"><a href=\"https:\/\/ufmsecretariat.org\/fr\/9th-ufm-regional-forum\/\">9e Forum r\u00e9gional de l\u2019Union pour la M\u00e9diterran\u00e9e<\/a><\/h4>\n        \n        \n        \n        <p class=\"declaration\">\n          <a class=\"doc-icon\" target=\"_blank\" href=\"https:\/\/ufmsecretariat.org\/wp-content\/uploads\/2024\/10\/9th-UfM-Regional-Forum-Co-presidency-joint-statement.pdf\">Declaration<\/a>\n          \n        <\/p>\n        \n        \n      <\/div>\n    <\/div>\n    \n    <div class=\"vc_span1\">  <\/div>\n    <div class=\"vc_span3 platform_policy-date\">\n       <span>Barcelone<\/span><br \/>\n       <span>28 octobre 2024<\/span>\n    <\/div>\n    \n  <\/div>\n  \n\n  <div class=\"taxonomy \">\n    <span><\/span>\n  <\/div>\n<\/div><\/section>\n\t\n\t\t<section class=\"wpb-content-wrapper\"><div class=\"platform_policy-item \">\n  <div class=\"vc_row\">\n    <div class=\"vc_span8\">\n      <div>\n         \n       \t\t <h4 class=\"title\"><a href=\"https:\/\/ufmsecretariat.org\/ufm-3rd-ministerial-sustainable-urban-development\/\">Third UfM Ministerial Conference on Sustainable Urban Development<\/a><\/h4>\n        \n        \n        \n        <p class=\"declaration\">\n          <a class=\"doc-icon\" target=\"_blank\" href=\"https:\/\/ufmsecretariat.org\/wp-content\/uploads\/2023\/05\/De\u0301claration-ministe\u0301rielle-de-lUpM-sur-le-de\u0301veloppement-urbain-durable-1.pdf\">Declaration<\/a>\n          \n        <\/p>\n        \n        \n      <\/div>\n    <\/div>\n    \n    <div class=\"vc_span1\">  <\/div>\n    <div class=\"vc_span3 platform_policy-date\">\n       <span>Zagreb<\/span><br \/>\n       <span>4 may 2023<\/span>\n    <\/div>\n    \n  <\/div>\n  \n\n  <div class=\"taxonomy transport-urban-development-fr\">\n    <span>Transport et d\u00e9veloppement urbain<\/span>\n  <\/div>\n<\/div><\/section>\n\t\n\t\t<section class=\"wpb-content-wrapper\"><div class=\"platform_policy-item \">\n  <div class=\"vc_row\">\n    <div class=\"vc_span8\">\n      <div>\n         \n       \t\t <h4 class=\"title\"><a href=\"https:\/\/ufmsecretariat.org\/fr\/2nd-ministerial-conference-transport-2023\/\">2e conf\u00e9rence minist\u00e9rielle de l\u2019UpM sur les transports<\/a><\/h4>\n        \n        \n        \n        <p class=\"declaration\">\n          <a class=\"doc-icon\" target=\"_blank\" href=\"https:\/\/ufmsecretariat.org\/wp-content\/uploads\/2023\/02\/decl_UfM_transport_ministerial-2023_FR.pdf\">Declaration<\/a>\n          \n        <\/p>\n        \n        \n      <\/div>\n    <\/div>\n    \n    <div class=\"vc_span1\">  <\/div>\n    <div class=\"vc_span3 platform_policy-date\">\n       <span>Online<\/span><br \/>\n       <span>9 February 2023<\/span>\n    <\/div>\n    \n  <\/div>\n  \n\n  <div class=\"taxonomy transport-urban-development-fr\">\n    <span>Transport et d\u00e9veloppement urbain<\/span>\n  <\/div>\n<\/div><\/section>\n\t\n\t\t<section class=\"wpb-content-wrapper\"><div class=\"platform_policy-item \">\n  <div class=\"vc_row\">\n    <div class=\"vc_span8\">\n      <div>\n         \n       \t\t <h4 class=\"title\"><a href=\"https:\/\/ufmsecretariat.org\/fr\/ufm-ministerial-strengthen-role-women-in-society-2022\/\">5\u00e8me d\u00e9claration minist\u00e9rielle de l\u2019UpM sur le renforcement du r\u00f4le des femmes dans la soci\u00e9t\u00e9<\/a><\/h4>\n        \n        \n        \n        <p class=\"declaration\">\n          <a class=\"doc-icon\" target=\"_blank\" href=\"https:\/\/ufmsecretariat.org\/wp-content\/uploads\/2022\/10\/5th_UfM_Declaration_StrengtheningRoleWomenSociety-_Final_FR.pdf\">Declaration<\/a>\n          \n        <\/p>\n        \n        \n      <\/div>\n    <\/div>\n    \n    <div class=\"vc_span1\">  <\/div>\n    <div class=\"vc_span3 platform_policy-date\">\n       <span>Madrid<\/span><br \/>\n       <span>26 octobre 2022<\/span>\n    <\/div>\n    \n  <\/div>\n  \n\n  <div class=\"taxonomy social-civil-affairs-fr\">\n    <span>Affaires civiles et sociales<\/span>\n  <\/div>\n<\/div><\/section>\n\t\n\t\t<section class=\"wpb-content-wrapper\"><div class=\"platform_policy-item \">\n  <div class=\"vc_row\">\n    <div class=\"vc_span8\">\n      <div>\n         \n       \t\t <h4 class=\"title\"><a href=\"https:\/\/ufmsecretariat.org\/fr\/ministerial-conference-research-innovation-2022\/\">Premi\u00e8re r\u00e9union minist\u00e9rielle de l'UpM sur la recherche et l\u2019innovation<\/a><\/h4>\n        \n        \n        \n        <p class=\"declaration\">\n          <a class=\"doc-icon\" target=\"_blank\" href=\"https:\/\/ufmsecretariat.org\/wp-content\/uploads\/2022\/06\/UfM-Ministerial-Declaration-RI-EN-270622.pdf\">Declaration<\/a>\n          \n        <\/p>\n        \n        \n      <\/div>\n    <\/div>\n    \n    <div class=\"vc_span1\">  <\/div>\n    <div class=\"vc_span3 platform_policy-date\">\n       <span>Paris<\/span><br \/>\n       <span>27 June 2022<\/span>\n    <\/div>\n    \n  <\/div>\n  \n\n  <div class=\"taxonomy higher-education-research-fr\">\n    <span>\u00c9ducation sup\u00e9rieure et recherche<\/span>\n  <\/div>\n<\/div><\/section>\n\t\n\t\t<section class=\"wpb-content-wrapper\"><div class=\"platform_policy-item \">\n  <div class=\"vc_row\">\n    <div class=\"vc_span8\">\n      <div>\n         \n       \t\t <h4 class=\"title\"><a href=\"https:\/\/ufmsecretariat.org\/fr\/ministerial-meeting-employment-2022\/\">5\u00e8me r\u00e9union minist\u00e9rielle de l\u2019Union pour la M\u00e9diterran\u00e9e sur l\u2019emploi et le travail<\/a><\/h4>\n        \n        \n        \n        <p class=\"declaration\">\n          <a class=\"doc-icon\" target=\"_blank\" href=\"https:\/\/ufmsecretariat.org\/wp-content\/uploads\/2022\/05\/Final-UfM-Ministerial-Declaration-FR.pdf\">Declaration<\/a>\n          \n        <\/p>\n        \n        \n      <\/div>\n    <\/div>\n    \n    <div class=\"vc_span1\">  <\/div>\n    <div class=\"vc_span3 platform_policy-date\">\n       <span>Marrakech<\/span><br \/>\n       <span>18 mai 2022<\/span>\n    <\/div>\n    \n  <\/div>\n  \n\n  <div class=\"taxonomy business-development-fr\">\n    <span>D\u00e9veloppement \u00e9conomique et emploi<\/span>\n  <\/div>\n<\/div><\/section>\n\t\n\t\t<section class=\"wpb-content-wrapper\"><div class=\"platform_policy-item \">\n  <div class=\"vc_row\">\n    <div class=\"vc_span8\">\n      <div>\n         \n       \t\t <h4 class=\"title\"><a href=\"https:\/\/ufmsecretariat.org\/fr\/ministerial-climate-environment-2021\/\">Les \u00c9tats membres de l\u2019UpM s\u2019unissent avec des engagements forts face aux urgences climatiques et environnementales<\/a><\/h4>\n        \n        \n        \n        <p class=\"declaration\">\n          <a class=\"doc-icon\" target=\"_blank\" href=\"https:\/\/ufmsecretariat.org\/wp-content\/uploads\/2021\/10\/UfM-ministerial-declaration-ENV-CA_final-1.pdf\">Declaration<\/a>\n          \n        <\/p>\n        \n        \n      <\/div>\n    <\/div>\n    \n    <div class=\"vc_span1\">  <\/div>\n    <div class=\"vc_span3 platform_policy-date\">\n       <span>Le Caire<\/span><br \/>\n       <span>4 Octobre 2021<\/span>\n    <\/div>\n    \n  <\/div>\n  \n\n  <div class=\"taxonomy water-environment-fr, energy-climate-action-fr\">\n    <span>Eau Environnement et \u00c9conomie Bleue \u00c9nergie et action pour le climat<\/span>\n  <\/div>\n<\/div><\/section>\n\t\n\t\t<section class=\"wpb-content-wrapper\"><div class=\"platform_policy-item \">\n  <div class=\"vc_row\">\n    <div class=\"vc_span8\">\n      <div>\n         \n       \t\t <h4 class=\"title\"><a href=\"https:\/\/ufmsecretariat.org\/3rd-energy-ministerial\/\">3rd UfM Ministerial Meeting on Energy<\/a><\/h4>\n        \n        \n        \n        <p class=\"declaration\">\n          <a class=\"doc-icon\" target=\"_blank\" href=\"https:\/\/ufmsecretariat.org\/wp-content\/uploads\/2021\/06\/3rd-UfM-Ministerial-Declaration-on-Energy-14-June-2021.pdf\">Declaration<\/a>\n          \n        <\/p>\n        \n        \n      <\/div>\n    <\/div>\n    \n    <div class=\"vc_span1\">  <\/div>\n    <div class=\"vc_span3 platform_policy-date\">\n       <span>Lisboa<\/span><br \/>\n       <span>14 June 2021<\/span>\n    <\/div>\n    \n  <\/div>\n  \n\n  <div class=\"taxonomy energy-climate-action-fr\">\n    <span>\u00c9nergie et action pour le climat<\/span>\n  <\/div>\n<\/div><\/section>\n\t\n\t\t<section class=\"wpb-content-wrapper\"><div class=\"platform_policy-item \">\n  <div class=\"vc_row\">\n    <div class=\"vc_span8\">\n      <div>\n         \n       \t\t <h4 class=\"title\"><a href=\"https:\/\/ufmsecretariat.org\/fr\/ministres-economie-bleue-mediterranee\/\">UfM Ministerial Conference on Sustainable Blue Economy<\/a><\/h4>\n        \n        \n        \n        <p class=\"declaration\">\n          <a class=\"doc-icon\" target=\"_blank\" href=\"https:\/\/ufmsecretariat.org\/wp-content\/uploads\/2021\/02\/Declaration-UfM-Blue-Economy-FR-1.pdf\">Declaration<\/a>\n          \n        <\/p>\n        \n        \n      <\/div>\n    <\/div>\n    \n    <div class=\"vc_span1\">  <\/div>\n    <div class=\"vc_span3 platform_policy-date\">\n       <span>Brussels<\/span><br \/>\n       <span>2 February 2021<\/span>\n    <\/div>\n    \n  <\/div>\n  \n\n  <div class=\"taxonomy water-environment-fr\">\n    <span>Eau Environnement et \u00c9conomie Bleue<\/span>\n  <\/div>\n<\/div><\/section>\n\t\n\t\t<section class=\"wpb-content-wrapper\"><div class=\"platform_policy-item \">\n  <div class=\"vc_row\">\n    <div class=\"vc_span8\">\n      <div>\n         \n       \t\t <h4 class=\"title\"><a href=\"https:\/\/ufmsecretariat.org\/fr\/ufm-ministerial-tackling-employment-challenges\/\">4\u00e8me Conf\u00e9rence minist\u00e9rielle sur l\u2019emploi et le travail<\/a><\/h4>\n        \n        \n        \n        <p class=\"declaration\">\n          <a class=\"doc-icon\" target=\"_blank\" href=\"https:\/\/ufmsecretariat.org\/wp-content\/uploads\/2019\/04\/Ministerial-Declaration-EN-1.pdf\">Declaration<\/a>\n          \n        \t<a class=\"doc-icon display-block\" target=\"_blank\" href=\"https:\/\/ufmsecretariat.org\/wp-content\/uploads\/2019\/04\/HU-Addendum-to-the-Ministerial-Declaration-on-Employment-and-Labour-1.pdf\">Addendum to the Ministerial Declaration<\/a>\n          \n        <\/p>\n        \n        \n      <\/div>\n    <\/div>\n    \n    <div class=\"vc_span1\">  <\/div>\n    <div class=\"vc_span3 platform_policy-date\">\n       <span>Cascais, Portugal<\/span><br \/>\n       <span>2-3 Avril 2019<\/span>\n    <\/div>\n    \n  <\/div>\n  \n\n  <div class=\"taxonomy business-development-fr\">\n    <span>D\u00e9veloppement \u00e9conomique et emploi<\/span>\n  <\/div>\n<\/div><\/section>\n\t\n\t\t<section class=\"wpb-content-wrapper\"><div class=\"platform_policy-item \">\n  <div class=\"vc_row\">\n    <div class=\"vc_span8\">\n      <div>\n         \n       \t\t <h4 class=\"title\"><a href=\"https:\/\/ufmsecretariat.org\/fr\/ufm-trade-ministerial-2018\/\">10\u00e8me conf\u00e9rence des Ministres du commerce de l\u2019UpM<\/a><\/h4>\n        \n        \n        \n        <p class=\"declaration\">\n          <a class=\"doc-icon\" target=\"_blank\" href=\"https:\/\/ufmsecretariat.org\/wp-content\/uploads\/2018\/04\/Ministerial-Declaration_trade.pdf\">Declaration<\/a>\n          \n        <\/p>\n        \n        \n      <\/div>\n    <\/div>\n    \n    <div class=\"vc_span1\">  <\/div>\n    <div class=\"vc_span3 platform_policy-date\">\n       <span>Bruxelles<\/span><br \/>\n       <span>19 Mars 2018<\/span>\n    <\/div>\n    \n  <\/div>\n  \n\n  <div class=\"taxonomy business-development-fr\">\n    <span>D\u00e9veloppement \u00e9conomique et emploi<\/span>\n  <\/div>\n<\/div><\/section>\n\t\n\t\t<section class=\"wpb-content-wrapper\"><div class=\"platform_policy-item \">\n  <div class=\"vc_row\">\n    <div class=\"vc_span8\">\n      <div>\n         \n       \t\t <h4 class=\"title\"><a href=\"https:\/\/ufmsecretariat.org\/fr\/ufm-member-states-commit-to-strengthening-the-role-of-women-in-the-euro-mediterranean-region\/\">4\u00e8me Conf\u00e9rence ministerielle de l'UpM sur le renforcement du r\u00f4le des femmes dans la soci\u00e9t\u00e9<\/a><\/h4>\n        \n        \n        \n        <p class=\"declaration\">\n          <a class=\"doc-icon\" target=\"_blank\" href=\"https:\/\/ufmsecretariat.org\/wp-content\/uploads\/2017\/11\/FINAL-Declaration-on-Women-in-Society-_FR.docx\">Declaration<\/a>\n          \n        <\/p>\n        \n        \n      <\/div>\n    <\/div>\n    \n    <div class=\"vc_span1\">  <\/div>\n    <div class=\"vc_span3 platform_policy-date\">\n       <span>Le Caire<\/span><br \/>\n       <span>27 Novembre 2017<\/span>\n    <\/div>\n    \n  <\/div>\n  \n\n  <div class=\"taxonomy social-civil-affairs-fr\">\n    <span>Affaires civiles et sociales<\/span>\n  <\/div>\n<\/div><\/section>\n\t\n\t\t<section class=\"wpb-content-wrapper\"><div class=\"platform_policy-item \">\n  <div class=\"vc_row\">\n    <div class=\"vc_span8\">\n      <div>\n         \n       \t\t <h4 class=\"title\"><a href=\"https:\/\/ufmsecretariat.org\/fr\/les-ministres-de-lupm-saccordent-sur-un-cadre-structure-de-cooperation-regionale-renforcee-dans-le-domaine-du-developpement-urbain-durable-dans-la-region-euro-mediterraneenne\/\">Deuxi\u00e8me Conf\u00e9rence Minist\u00e9rielle de l'UpM sur le D\u00e9veloppement Urbain Durable<\/a><\/h4>\n        \n        \n        \n        <p class=\"declaration\">\n          <a class=\"doc-icon\" target=\"_blank\" href=\"https:\/\/ufmsecretariat.org\/wp-content\/uploads\/2017\/05\/EN-FINAL-SUD-Ministerial-declaration.pdf\">Declaration<\/a>\n          \n        <\/p>\n        \n        \n      <\/div>\n    <\/div>\n    \n    <div class=\"vc_span1\">  <\/div>\n    <div class=\"vc_span3 platform_policy-date\">\n       <span>Le Caire<\/span><br \/>\n       <span>22 Mai 2017<\/span>\n    <\/div>\n    \n  <\/div>\n  \n\n  <div class=\"taxonomy transport-urban-development-fr\">\n    <span>Transport et d\u00e9veloppement urbain<\/span>\n  <\/div>\n<\/div><\/section>\n\t\n\t\t<section class=\"wpb-content-wrapper\"><div class=\"platform_policy-item \">\n  <div class=\"vc_row\">\n    <div class=\"vc_span8\">\n      <div>\n         \n       \t\t <h4 class=\"title\"><a href=\"https:\/\/ufmsecretariat.org\/fr\/ufm-ministers-agree-on-new-framework-for-an-enhanced-regional-cooperation-on-water-in-the-mediterranean-2\/\">Conf\u00e9rence minist\u00e9rielle de l'UpM sur l'Eau<\/a><\/h4>\n        \n        \n        \n        <p class=\"declaration\">\n          <a class=\"doc-icon\" target=\"_blank\" href=\"https:\/\/ufmsecretariat.org\/wp-content\/uploads\/2017\/11\/Ministerial-Declaration-on-Water_Union-for-the-Mediterranean.pdf\">Declaration<\/a>\n          \n        <\/p>\n        \n        \n      <\/div>\n    <\/div>\n    \n    <div class=\"vc_span1\">  <\/div>\n    <div class=\"vc_span3 platform_policy-date\">\n       <span>Valetta, Malta<\/span><br \/>\n       <span>27 Avril 2017<\/span>\n    <\/div>\n    \n  <\/div>\n  \n\n  <div class=\"taxonomy water-environment-fr\">\n    <span>Eau Environnement et \u00c9conomie Bleue<\/span>\n  <\/div>\n<\/div><\/section>\n\t\n\t\t<section class=\"wpb-content-wrapper\"><div class=\"platform_policy-item \">\n  <div class=\"vc_row\">\n    <div class=\"vc_span8\">\n      <div>\n         \n       \t\t <h4 class=\"title\"><a href=\"https:\/\/ufmsecretariat.org\/fr\/ufm-ministers-agree-on-new-dynamics-for-an-enhanced-regional-energy-framework\/\">R\u00e9union Minist\u00e9rielle de l'UpM sur l'\u00c9nergie<\/a><\/h4>\n        \n        \n        \n        <p class=\"declaration\">\n          <a class=\"doc-icon\" target=\"_blank\" href=\"https:\/\/ufmsecretariat.org\/wp-content\/uploads\/2016\/12\/UfM-Ministerial-Declaration-on-Energy.pdf\">Declaration<\/a>\n          \n        <\/p>\n        \n        \n      <\/div>\n    <\/div>\n    \n    <div class=\"vc_span1\">  <\/div>\n    <div class=\"vc_span3 platform_policy-date\">\n       <span>Rome<\/span><br \/>\n       <span>1 Decembre 2016<\/span>\n    <\/div>\n    \n  <\/div>\n  \n\n  <div class=\"taxonomy energy-climate-action-fr\">\n    <span>\u00c9nergie et action pour le climat<\/span>\n  <\/div>\n<\/div><\/section>\n\t\n\t\t<section class=\"wpb-content-wrapper\"><div class=\"platform_policy-item \">\n  <div class=\"vc_row\">\n    <div class=\"vc_span8\">\n      <div>\n         \n       \t\t <h4 class=\"title\"><a href=\"https:\/\/ufmsecretariat.org\/fr\/union-for-the-mediterranean-commits-to-fight-structural-unemployment\/\">Conf\u00e9rence minist\u00e9rielle de l'UpM sur le travail et l\u2019emploi<\/a><\/h4>\n        \n        \n        \n        <p class=\"declaration\">\n          <a class=\"doc-icon\" target=\"_blank\" href=\"https:\/\/ufmsecretariat.org\/wp-content\/uploads\/2016\/09\/UfM-Ministerial-Declaration-Employment-and-Labour.pdf\">Declaration<\/a>\n          \n        <\/p>\n        \n        \n      <\/div>\n    <\/div>\n    \n    <div class=\"vc_span1\">  <\/div>\n    <div class=\"vc_span3 platform_policy-date\">\n       <span>Jordanie<\/span><br \/>\n       <span>27 Septembre 2016<\/span>\n    <\/div>\n    \n  <\/div>\n  \n\n  <div class=\"taxonomy business-development-fr\">\n    <span>D\u00e9veloppement \u00e9conomique et emploi<\/span>\n  <\/div>\n<\/div><\/section>\n\t\n\t\t<section class=\"wpb-content-wrapper\"><div class=\"platform_policy-item \">\n  <div class=\"vc_row\">\n    <div class=\"vc_span8\">\n      <div>\n         \n       \t\t <h4 class=\"title\"><a href=\"https:\/\/ufmsecretariat.org\/fr\/within-the-framework-of-its-global-sustainable-development-strategy-the-ufm-launches-a-new-blue-economy-cooperation-initiative-in-the-mediterranean\/\">Conf\u00e9rence Minist\u00e9rielle de l'UpM sur l'\u00c9conomie Bleue<\/a><\/h4>\n        \n        \n        \n        <p class=\"declaration\">\n          <a class=\"doc-icon\" target=\"_blank\" href=\"https:\/\/ufmsecretariat.org\/wp-content\/uploads\/2015\/11\/2015-11-17-declaration-on-blue-economy_en.pdf\">Declaration<\/a>\n          \n        <\/p>\n        \n        \n      <\/div>\n    <\/div>\n    \n    <div class=\"vc_span1\">  <\/div>\n    <div class=\"vc_span3 platform_policy-date\">\n       <span>Bruxelles<\/span><br \/>\n       <span>17 Novembre 2015<\/span>\n    <\/div>\n    \n  <\/div>\n  \n\n  <div class=\"taxonomy water-environment-fr\">\n    <span>Eau Environnement et \u00c9conomie Bleue<\/span>\n  <\/div>\n<\/div><\/section>\n\t\n\t\t<section class=\"wpb-content-wrapper\"><div class=\"platform_policy-item \">\n  <div class=\"vc_row\">\n    <div class=\"vc_span8\">\n      <div>\n         \n       \t\t <h4 class=\"title\"><a href=\"https:\/\/ufmsecretariat.org\/fr\/union-for-the-mediterranean-ufm-ministers-in-charge-of-the-digital-economy-launch-new-digital-cooperation-initiatives\/\">R\u00e9union minist\u00e9rielle de l'UpM sur l\u2019\u00e9conomie num\u00e9rique<\/a><\/h4>\n        \n        \n        \n        <p class=\"declaration\">\n          <a class=\"doc-icon\" target=\"_blank\" href=\"https:\/\/ufmsecretariat.org\/wp-content\/uploads\/2014\/09\/UfMMinistersDeclarationEN.pdf\">Declaration<\/a>\n          \n        <\/p>\n        \n        \n      <\/div>\n    <\/div>\n    \n    <div class=\"vc_span1\">  <\/div>\n    <div class=\"vc_span3 platform_policy-date\">\n       <span>Bruxelles<\/span><br \/>\n       <span>30 septembre 2014<\/span>\n    <\/div>\n    \n  <\/div>\n  \n\n  <div class=\"taxonomy business-development-fr\">\n    <span>D\u00e9veloppement \u00e9conomique et emploi<\/span>\n  <\/div>\n<\/div><\/section>\n\t\n\t\t<section class=\"wpb-content-wrapper\"><div class=\"platform_policy-item \">\n  <div class=\"vc_row\">\n    <div class=\"vc_span8\">\n      <div>\n         \n       \t\t <h4 class=\"title\"><a href=\"https:\/\/ufmsecretariat.org\/fr\/euro-mediterranean-cooperation-on-environment-and-climate-change-ufm-holds-ministerial-meeting-in-athens\/\">Conf\u00e9rence Minist\u00e9rielle de l'UpM sur l'Environment et le Changement Climatique<\/a><\/h4>\n        \n        \n        \n        <p class=\"declaration\">\n          <a class=\"doc-icon\" target=\"_blank\" href=\"https:\/\/ufmsecretariat.org\/wp-content\/uploads\/2014\/05\/20140515_UfM_declaration_FINAL_compromiseeditorial-changes.pdf\">Declaration<\/a>\n          \n        <\/p>\n        \n        \n      <\/div>\n    <\/div>\n    \n    <div class=\"vc_span1\">  <\/div>\n    <div class=\"vc_span3 platform_policy-date\">\n       <span>Athens<\/span><br \/>\n       <span>13 Mai 2014<\/span>\n    <\/div>\n    \n  <\/div>\n  \n\n  <div class=\"taxonomy water-environment-fr\">\n    <span>Eau Environnement et \u00c9conomie Bleue<\/span>\n  <\/div>\n<\/div><\/section>\n\t\n\t\t<section class=\"wpb-content-wrapper\"><div class=\"platform_policy-item \">\n  <div class=\"vc_row\">\n    <div class=\"vc_span8\">\n      <div>\n         \n       \t\t <h4 class=\"title\"><a href=\"https:\/\/ufmsecretariat.org\/fr\/union-for-the-mediterranean-ufm-ministerial-meeting-on-industrial-cooperation-takes-place-in-brussels\/\">R\u00e9union minist\u00e9rielle de l\u2019UpM sur la coop\u00e9ration industrielle<\/a><\/h4>\n        \n        \n        \n        <p class=\"declaration\">\n          <a class=\"doc-icon\" target=\"_blank\" href=\"https:\/\/ufmsecretariat.org\/wp-content\/uploads\/2014\/02\/Declaration-EN.pdf\">Declaration<\/a>\n          \n        <\/p>\n        \n        \n      <\/div>\n    <\/div>\n    \n    <div class=\"vc_span1\">  <\/div>\n    <div class=\"vc_span3 platform_policy-date\">\n       <span>Bruxelles<\/span><br \/>\n       <span>19 f\u00e9vrier 2014<\/span>\n    <\/div>\n    \n  <\/div>\n  \n\n  <div class=\"taxonomy business-development-fr\">\n    <span>D\u00e9veloppement \u00e9conomique et emploi<\/span>\n  <\/div>\n<\/div><\/section>\n\t\n\t\t<section class=\"wpb-content-wrapper\"><div class=\"platform_policy-item \">\n  <div class=\"vc_row\">\n    <div class=\"vc_span8\">\n      <div>\n         \n        \n       \t \t<h4 class=\"title\">UfM Ministerial Conference on Energy<\/h4>\n        \n        \n        \n      <\/div>\n    <\/div>\n    \n    <div class=\"vc_span1\">  <\/div>\n    <div class=\"vc_span3 platform_policy-date\">\n       <span>Bruxelles<\/span><br \/>\n       <span>11 Decembre 2013<\/span>\n    <\/div>\n    \n  <\/div>\n  \n\n  <div class=\"taxonomy energy-climate-action-fr\">\n    <span>\u00c9nergie et action pour le climat<\/span>\n  <\/div>\n<\/div><\/section>\n\t\n\t\t<section class=\"wpb-content-wrapper\"><div class=\"platform_policy-item \">\n  <div class=\"vc_row\">\n    <div class=\"vc_span8\">\n      <div>\n         \n       \t\t <h4 class=\"title\"><a href=\"https:\/\/ufmsecretariat.org\/fr\/reinforcing-cooperation-in-the-mediterranean-union-for-the-mediterranean-ufm-ministerial-conference-on-transport-takes-place-in-brussels\/\">Premi\u00e8re Conf\u00e9rence Minist\u00e9rielle de l\u2019UpM sur le Transport<\/a><\/h4>\n        \n        \n        \n        <p class=\"declaration\">\n          <a class=\"doc-icon\" target=\"_blank\" href=\"https:\/\/ufmsecretariat.org\/wp-content\/uploads\/2013\/11\/UfM-Transport-Conference_14-11-2013_Declaration_EN.pdf\">Declaration<\/a>\n          \n        <\/p>\n        \n        \n      <\/div>\n    <\/div>\n    \n    <div class=\"vc_span1\">  <\/div>\n    <div class=\"vc_span3 platform_policy-date\">\n       <span>Bruxelles<\/span><br \/>\n       <span>14 Novembre 2013<\/span>\n    <\/div>\n    \n  <\/div>\n  \n\n  <div class=\"taxonomy transport-urban-development-fr\">\n    <span>Transport et d\u00e9veloppement urbain<\/span>\n  <\/div>\n<\/div><\/section>\n\t\n\t\t<section class=\"wpb-content-wrapper\"><div class=\"platform_policy-item \">\n  <div class=\"vc_row\">\n    <div class=\"vc_span8\">\n      <div>\n         \n       \t\t <h4 class=\"title\"><a href=\"https:\/\/ufmsecretariat.org\/union-for-the-mediterranean-third-ministerial-conference-on-strengthening-the-role-of-women-in-society\/\">Conf\u00e9rence minist\u00e9rielle de l'UpM sur le renforcement du r\u00f4le des femmes dans la soci\u00e9t\u00e9<\/a><\/h4>\n        \n        \n        \n        <p class=\"declaration\">\n          <a class=\"doc-icon\" target=\"_blank\" href=\"https:\/\/ufmsecretariat.org\/wp-content\/uploads\/2013\/09\/34-13-REV4-Draft-Ministerial-Conclusions-Women.pdf\">Declaration<\/a>\n          \n        <\/p>\n        \n        \n      <\/div>\n    <\/div>\n    \n    <div class=\"vc_span1\">  <\/div>\n    <div class=\"vc_span3 platform_policy-date\">\n       <span>Paris<\/span><br \/>\n       <span>11-12 September 2013<\/span>\n    <\/div>\n    \n  <\/div>\n  \n\n  <div class=\"taxonomy social-civil-affairs-fr\">\n    <span>Affaires civiles et sociales<\/span>\n  <\/div>\n<\/div><\/section>\n\t\n\t\t<section class=\"wpb-content-wrapper\"><div class=\"platform_policy-item \">\n  <div class=\"vc_row\">\n    <div class=\"vc_span8\">\n      <div>\n         \n        \n       \t \t<h4 class=\"title\">Premi\u00e8re Conf\u00e9rence Minist\u00e9rielle de l'UpM sur le D\u00e9veloppement Urbain Durable<\/h4>\n        \n        \n        <p class=\"declaration\">\n          <a class=\"doc-icon\" target=\"_blank\" href=\"https:\/\/ufmsecretariat.org\/wp-content\/uploads\/2013\/01\/Declaration_First-Ministerial-Conference-of-the-UfM-on-Sustainable-Urban-Development_EN.pdf\">Declaration<\/a>\n          \n        <\/p>\n        \n        \n      <\/div>\n    <\/div>\n    \n    <div class=\"vc_span1\">  <\/div>\n    <div class=\"vc_span3 platform_policy-date\">\n       <span>Strasbourg<\/span><br \/>\n       <span>10 Novembre 2011<\/span>\n    <\/div>\n    \n  <\/div>\n  \n\n  <div class=\"taxonomy transport-urban-development-fr\">\n    <span>Transport et d\u00e9veloppement urbain<\/span>\n  <\/div>\n<\/div><\/section>\n\t\n\t\t<section class=\"wpb-content-wrapper\"><div class=\"platform_policy-item \">\n  <div class=\"vc_row\">\n    <div class=\"vc_span8\">\n      <div>\n         \n        \n       \t \t<h4 class=\"title\">Conf\u00e9rence minist\u00e9rielle de l'UpM sur le commerce<\/h4>\n        \n        \n        \n      <\/div>\n    <\/div>\n    \n    <div class=\"vc_span1\">  <\/div>\n    <div class=\"vc_span3 platform_policy-date\">\n       <span>Bruxelles<\/span><br \/>\n       <span>11 novembre 2010<\/span>\n    <\/div>\n    \n  <\/div>\n  \n\n  <div class=\"taxonomy business-development-fr\">\n    <span>D\u00e9veloppement \u00e9conomique et emploi<\/span>\n  <\/div>\n<\/div><\/section>\n\t\n\t\t<section class=\"wpb-content-wrapper\"><div class=\"platform_policy-item \">\n  <div class=\"vc_row\">\n    <div class=\"vc_span8\">\n      <div>\n         \n        \n       \t \t<h4 class=\"title\">Conf\u00e9rence minist\u00e9rielle de l'UpM sur le travail et l\u2019emploi<\/h4>\n        \n        \n        \n      <\/div>\n    <\/div>\n    \n    <div class=\"vc_span1\">  <\/div>\n    <div class=\"vc_span3 platform_policy-date\">\n       <span>Marrakesh<\/span><br \/>\n       <span>10 ovembre 2008<\/span>\n    <\/div>\n    \n  <\/div>\n  \n\n  <div class=\"taxonomy business-development-fr\">\n    <span>D\u00e9veloppement \u00e9conomique et emploi<\/span>\n  <\/div>\n<\/div><\/section>\n\t\n\t\t<section class=\"wpb-content-wrapper\"><div class=\"platform_policy-item \">\n  <div class=\"vc_row\">\n    <div class=\"vc_span8\">\n      <div>\n         \n        \n       \t \t<h4 class=\"title\">Premi\u00e8re Conf\u00e9rence minist\u00e9rielle Euro-M\u00e9diterran\u00e9enne sur l'enseignement sup\u00e9rieur et la recherche scientifique<\/h4>\n        \n        \n        <p class=\"declaration\">\n          <a class=\"doc-icon\" target=\"_blank\" href=\"https:\/\/ufmsecretariat.org\/wp-content\/uploads\/2012\/09\/cairo_declaration.pdf\">Declaration<\/a>\n          \n        <\/p>\n        \n        \n      <\/div>\n    <\/div>\n    \n    <div class=\"vc_span1\">  <\/div>\n    <div class=\"vc_span3 platform_policy-date\">\n       <span>Caire<\/span><br \/>\n       <span>18 Juin 2007<\/span>\n    <\/div>\n    \n  <\/div>\n  \n\n  <div class=\"taxonomy higher-education-research-fr\">\n    <span>\u00c9ducation sup\u00e9rieure et recherche<\/span>\n  <\/div>\n<\/div><\/section>\n\t\n<\/div>\n<div class=\"projects-pagination\">\n\n\n\n<\/div>\n\n\t\n\n\t\n<\/div>\n[\/vc_column_text][\/vc_tab][vc_tab title=&#8221;R\u00e9union des hauts fonctionnaires (SOM)&#8221; tab_id=&#8221;1505312446950-1-9&#8243;][vc_column_text]\n\n\n<div id=\"wpv-view-layout-41628-CATTR20398560e957f15875fc93c8df32512bTCPID43928\" class=\"js-wpv-view-layout js-wpv-layout-responsive js-wpv-view-layout-41628-CATTR20398560e957f15875fc93c8df32512bTCPID43928\" data-viewnumber=\"41628-CATTR20398560e957f15875fc93c8df32512bTCPID43928\" data-pagination=\"{&quot;id&quot;:41628,&quot;query&quot;:&quot;normal&quot;,&quot;type&quot;:&quot;disabled&quot;,&quot;effect&quot;:&quot;fade&quot;,&quot;duration&quot;:250,&quot;speed&quot;:5,&quot;pause_on_hover&quot;:&quot;disabled&quot;,&quot;stop_rollover&quot;:&quot;false&quot;,&quot;cache_pages&quot;:&quot;enabled&quot;,&quot;preload_images&quot;:&quot;enabled&quot;,&quot;preload_pages&quot;:&quot;enabled&quot;,&quot;preload_reach&quot;:1,&quot;spinner&quot;:&quot;builtin&quot;,&quot;spinner_image&quot;:&quot;&quot;,&quot;callback_next&quot;:&quot;&quot;,&quot;manage_history&quot;:&quot;enabled&quot;,&quot;has_controls_in_form&quot;:&quot;disabled&quot;,&quot;infinite_tolerance&quot;:0,&quot;max_pages&quot;:0,&quot;page&quot;:1,&quot;base_permalink&quot;:&quot;\/fr\/wp-json\/wp\/v2\/pages\/43928?wpv_view_count=41628-CATTR20398560e957f15875fc93c8df32512bTCPID43928&amp;wpv_paged=WPV_PAGE_NUM&quot;,&quot;loop&quot;:{&quot;type&quot;:&quot;&quot;,&quot;name&quot;:&quot;&quot;,&quot;data&quot;:[],&quot;id&quot;:0}}\" data-permalink=\"\/fr\/wp-json\/wp\/v2\/pages\/43928?wpv_view_count=41628-CATTR20398560e957f15875fc93c8df32512bTCPID43928\">\n\n\t\n\t\n<div id=\"platform_policy-list\" class=\"policy_tab\">\n\t\n\t\t<section class=\"wpb-content-wrapper\"><div class=\"platform_policy-item \">\n  <div class=\"vc_row\">\n    <div class=\"vc_span8\">\n      <div>\n         \n       \t\t <h4 class=\"title\"><a href=\"https:\/\/ufmsecretariat.org\/fr\/ufm-senior-officials-september-2024\/\">UfM Senior Official Meeting (SOM)<\/a><\/h4>\n        \n        \n        \n        \n      <\/div>\n    <\/div>\n    \n    <div class=\"vc_span1\">  <\/div>\n    <div class=\"vc_span3 platform_policy-date\">\n       <span>Barcelona<\/span><br \/>\n       <span>26 septembre 2024<\/span>\n    <\/div>\n    \n  <\/div>\n  \n\n  <div class=\"taxonomy \">\n    <span><\/span>\n  <\/div>\n<\/div><\/section>\n\t\n\t\t<section class=\"wpb-content-wrapper\"><div class=\"platform_policy-item \">\n  <div class=\"vc_row\">\n    <div class=\"vc_span8\">\n      <div>\n         \n       \t\t <h4 class=\"title\"><a href=\"https:\/\/ufmsecretariat.org\/ar\/som-may-2023\/\">UfM Senior Official Meeting (SOM)<\/a><\/h4>\n        \n        \n        \n        \n      <\/div>\n    <\/div>\n    \n    <div class=\"vc_span1\">  <\/div>\n    <div class=\"vc_span3 platform_policy-date\">\n       <span>Barcelona<\/span><br \/>\n       <span>23 May 2023<\/span>\n    <\/div>\n    \n  <\/div>\n  \n\n  <div class=\"taxonomy \">\n    <span><\/span>\n  <\/div>\n<\/div><\/section>\n\t\n\t\t<section class=\"wpb-content-wrapper\"><div class=\"platform_policy-item \">\n  <div class=\"vc_row\">\n    <div class=\"vc_span8\">\n      <div>\n         \n       \t\t <h4 class=\"title\"><a href=\"https:\/\/ufmsecretariat.org\/som-feb-2023\/\">UfM Senior Official Meeting (SOM)<\/a><\/h4>\n        \n        \n        \n        \n      <\/div>\n    <\/div>\n    \n    <div class=\"vc_span1\">  <\/div>\n    <div class=\"vc_span3 platform_policy-date\">\n       <span>Barcelona<\/span><br \/>\n       <span>28 February 2023<\/span>\n    <\/div>\n    \n  <\/div>\n  \n\n  <div class=\"taxonomy \">\n    <span><\/span>\n  <\/div>\n<\/div><\/section>\n\t\n\t\t<section class=\"wpb-content-wrapper\"><div class=\"platform_policy-item \">\n  <div class=\"vc_row\">\n    <div class=\"vc_span8\">\n      <div>\n         \n       \t\t <h4 class=\"title\"><a href=\"https:\/\/ufmsecretariat.org\/ufm-senior-officials-meet-jordan-10th-anniversary-co-president\/\">UfM Senior Official Meeting (SOM)<\/a><\/h4>\n        \n        \n        \n        \n      <\/div>\n    <\/div>\n    \n    <div class=\"vc_span1\">  <\/div>\n    <div class=\"vc_span3 platform_policy-date\">\n       <span>Dead Sea, Jordan<\/span><br \/>\n       <span>13 October 2022<\/span>\n    <\/div>\n    \n  <\/div>\n  \n\n  <div class=\"taxonomy \">\n    <span><\/span>\n  <\/div>\n<\/div><\/section>\n\t\n\t\t<section class=\"wpb-content-wrapper\"><div class=\"platform_policy-item \">\n  <div class=\"vc_row\">\n    <div class=\"vc_span8\">\n      <div>\n         \n       \t\t <h4 class=\"title\"><a href=\"https:\/\/ufmsecretariat.org\/ministerial-meetings-employment-labor-research-innovation\/\">UfM Senior Official Meeting (SOM)<\/a><\/h4>\n        \n        \n        \n        \n      <\/div>\n    <\/div>\n    \n    <div class=\"vc_span1\">  <\/div>\n    <div class=\"vc_span3 platform_policy-date\">\n       <span>Online<\/span><br \/>\n       <span>7 March 2022<\/span>\n    <\/div>\n    \n  <\/div>\n  \n\n  <div class=\"taxonomy \">\n    <span><\/span>\n  <\/div>\n<\/div><\/section>\n\t\n\t\t<section class=\"wpb-content-wrapper\"><div class=\"platform_policy-item \">\n  <div class=\"vc_row\">\n    <div class=\"vc_span8\">\n      <div>\n         \n       \t\t <h4 class=\"title\"><a href=\"https:\/\/ufmsecretariat.org\/ufm-youth-strategy-2030\/\">UfM Senior Official Meeting (SOM)<\/a><\/h4>\n        \n        \n        \n        \n      <\/div>\n    <\/div>\n    \n    <div class=\"vc_span1\">  <\/div>\n    <div class=\"vc_span3 platform_policy-date\">\n       <span>Online<\/span><br \/>\n       <span>9 December 2021<\/span>\n    <\/div>\n    \n  <\/div>\n  \n\n  <div class=\"taxonomy \">\n    <span><\/span>\n  <\/div>\n<\/div><\/section>\n\t\n\t\t<section class=\"wpb-content-wrapper\"><div class=\"platform_policy-item \">\n  <div class=\"vc_row\">\n    <div class=\"vc_span8\">\n      <div>\n         \n       \t\t <h4 class=\"title\"><a href=\"https:\/\/ufmsecretariat.org\/fr\/som-oct-2021\/\">R\u00e9union des hauts fonctionnaires (SOM)<\/a><\/h4>\n        \n        \n        \n        \n      <\/div>\n    <\/div>\n    \n    <div class=\"vc_span1\">  <\/div>\n    <div class=\"vc_span3 platform_policy-date\">\n       <span>Online<\/span><br \/>\n       <span>21 Octobre 2021<\/span>\n    <\/div>\n    \n  <\/div>\n  \n\n  <div class=\"taxonomy \">\n    <span><\/span>\n  <\/div>\n<\/div><\/section>\n\t\n\t\t<section class=\"wpb-content-wrapper\"><div class=\"platform_policy-item \">\n  <div class=\"vc_row\">\n    <div class=\"vc_span8\">\n      <div>\n         \n       \t\t <h4 class=\"title\"><a href=\"https:\/\/ufmsecretariat.org\/som-june-2021\/\">UfM Senior Official Meeting (SOM)<\/a><\/h4>\n        \n        \n        \n        \n      <\/div>\n    <\/div>\n    \n    <div class=\"vc_span1\">  <\/div>\n    <div class=\"vc_span3 platform_policy-date\">\n       <span>Online<\/span><br \/>\n       <span>17 June 2021<\/span>\n    <\/div>\n    \n  <\/div>\n  \n\n  <div class=\"taxonomy \">\n    <span><\/span>\n  <\/div>\n<\/div><\/section>\n\t\n\t\t<section class=\"wpb-content-wrapper\"><div class=\"platform_policy-item \">\n  <div class=\"vc_row\">\n    <div class=\"vc_span8\">\n      <div>\n         \n       \t\t <h4 class=\"title\"><a href=\"https:\/\/ufmsecretariat.org\/som-nov2020\/\">UfM Senior Official Meeting (SOM)<\/a><\/h4>\n        \n        \n        \n        \n      <\/div>\n    <\/div>\n    \n    <div class=\"vc_span1\">  <\/div>\n    <div class=\"vc_span3 platform_policy-date\">\n       <span>Online<\/span><br \/>\n       <span>5 November 2020<\/span>\n    <\/div>\n    \n  <\/div>\n  \n\n  <div class=\"taxonomy \">\n    <span><\/span>\n  <\/div>\n<\/div><\/section>\n\t\n\t\t<section class=\"wpb-content-wrapper\"><div class=\"platform_policy-item \">\n  <div class=\"vc_row\">\n    <div class=\"vc_span8\">\n      <div>\n         \n       \t\t <h4 class=\"title\"><a href=\"https:\/\/ufmsecretariat.org\/fr\/ufm-member-states-endorse-urban-development\/\">R\u00e9union des hauts fonctionnaires (SOM)<\/a><\/h4>\n        \n        \n        \n        \n      <\/div>\n    <\/div>\n    \n    <div class=\"vc_span1\">  <\/div>\n    <div class=\"vc_span3 platform_policy-date\">\n       <span>Online<\/span><br \/>\n       <span>18 Juin 2020<\/span>\n    <\/div>\n    \n  <\/div>\n  \n\n  <div class=\"taxonomy \">\n    <span><\/span>\n  <\/div>\n<\/div><\/section>\n\t\n\t\t<section class=\"wpb-content-wrapper\"><div class=\"platform_policy-item \">\n  <div class=\"vc_row\">\n    <div class=\"vc_span8\">\n      <div>\n         \n       \t\t <h4 class=\"title\"><a href=\"https:\/\/ufmsecretariat.org\/som-dec2019\/\">R\u00e9union des hauts fonctionnaires (SOM)<\/a><\/h4>\n        \n        \n        \n        \n      <\/div>\n    <\/div>\n    \n    <div class=\"vc_span1\">  <\/div>\n    <div class=\"vc_span3 platform_policy-date\">\n       <span>Barcelona<\/span><br \/>\n       <span>18 d\u00e9cembre 2019<\/span>\n    <\/div>\n    \n  <\/div>\n  \n\n  <div class=\"taxonomy \">\n    <span><\/span>\n  <\/div>\n<\/div><\/section>\n\t\n\t\t<section class=\"wpb-content-wrapper\"><div class=\"platform_policy-item \">\n  <div class=\"vc_row\">\n    <div class=\"vc_span8\">\n      <div>\n         \n       \t\t <h4 class=\"title\"><a href=\"https:\/\/ufmsecretariat.org\/the-ufm-endorses-three-new-regional-projects-ahead-of-the-forum-of-ministers-of-foreign-affairs\/\">R\u00e9union des hauts fonctionnaires (SOM)<\/a><\/h4>\n        \n        \n        \n        \n      <\/div>\n    <\/div>\n    \n    <div class=\"vc_span1\">  <\/div>\n    <div class=\"vc_span3 platform_policy-date\">\n       <span>Barcelona<\/span><br \/>\n       <span>2-3 octobre 2019<\/span>\n    <\/div>\n    \n  <\/div>\n  \n\n  <div class=\"taxonomy \">\n    <span><\/span>\n  <\/div>\n<\/div><\/section>\n\t\n\t\t<section class=\"wpb-content-wrapper\"><div class=\"platform_policy-item \">\n  <div class=\"vc_row\">\n    <div class=\"vc_span8\">\n      <div>\n         \n       \t\t <h4 class=\"title\"><a href=\"https:\/\/ufmsecretariat.org\/ufm-endorses-two-new-regional-projects\/\">R\u00e9union des hauts fonctionnaires de l\u2019UpM (SOM)<\/a><\/h4>\n        \n        \n        \n        \n      <\/div>\n    <\/div>\n    \n    <div class=\"vc_span1\">  <\/div>\n    <div class=\"vc_span3 platform_policy-date\">\n       <span>Bruxelles<\/span><br \/>\n       <span>28 Mars 2019<\/span>\n    <\/div>\n    \n  <\/div>\n  \n\n  <div class=\"taxonomy \">\n    <span><\/span>\n  <\/div>\n<\/div><\/section>\n\t\n\t\t<section class=\"wpb-content-wrapper\"><div class=\"platform_policy-item \">\n  <div class=\"vc_row\">\n    <div class=\"vc_span8\">\n      <div>\n         \n       \t\t <h4 class=\"title\"><a href=\"https:\/\/ufmsecretariat.org\/ufm-endorses-three-new-regional-projects-ahead-of-the-forum-of-ministers-of-foreign-affairs\/\">R\u00e9union des hauts fonctionnaires de l'UpM (SOM)<\/a><\/h4>\n        \n        \n        \n        \n      <\/div>\n    <\/div>\n    \n    <div class=\"vc_span1\">  <\/div>\n    <div class=\"vc_span3 platform_policy-date\">\n       <span>Vienna<\/span><br \/>\n       <span>20 septembre 2018<\/span>\n    <\/div>\n    \n  <\/div>\n  \n\n  <div class=\"taxonomy \">\n    <span><\/span>\n  <\/div>\n<\/div><\/section>\n\t\n\t\t<section class=\"wpb-content-wrapper\"><div class=\"platform_policy-item \">\n  <div class=\"vc_row\">\n    <div class=\"vc_span8\">\n      <div>\n         \n       \t\t <h4 class=\"title\"><a href=\"https:\/\/ufmsecretariat.org\/designated-secretary-general-kamel-hosts-his-first-ufm-senior-officials-meeting-in-barcelona-2\/\">R\u00e9union des hauts fonctionnaires de l'UpM (SOM)<\/a><\/h4>\n        \n        \n        \n        \n      <\/div>\n    <\/div>\n    \n    <div class=\"vc_span1\">  <\/div>\n    <div class=\"vc_span3 platform_policy-date\">\n       <span>Barcelona<\/span><br \/>\n       <span>18 juillet 2018<\/span>\n    <\/div>\n    \n  <\/div>\n  \n\n  <div class=\"taxonomy \">\n    <span><\/span>\n  <\/div>\n<\/div><\/section>\n\t\n\t\t<section class=\"wpb-content-wrapper\"><div class=\"platform_policy-item \">\n  <div class=\"vc_row\">\n    <div class=\"vc_span8\">\n      <div>\n         \n        \n       \t \t<h4 class=\"title\">R\u00e9union des hauts fonctionnaires de l'UpM (SOM)<\/h4>\n        \n        \n        \n      <\/div>\n    <\/div>\n    \n    <div class=\"vc_span1\">  <\/div>\n    <div class=\"vc_span3 platform_policy-date\">\n       <span>Barcelona<\/span><br \/>\n       <span>4 mai 2018<\/span>\n    <\/div>\n    \n  <\/div>\n  \n\n  <div class=\"taxonomy \">\n    <span><\/span>\n  <\/div>\n<\/div><\/section>\n\t\n\t\t<section class=\"wpb-content-wrapper\"><div class=\"platform_policy-item \">\n  <div class=\"vc_row\">\n    <div class=\"vc_span8\">\n      <div>\n         \n        \n       \t \t<h4 class=\"title\">R\u00e9union des hauts fonctionnaires de l'UpM (SOM)<\/h4>\n        \n        \n        \n      <\/div>\n    <\/div>\n    \n    <div class=\"vc_span1\">  <\/div>\n    <div class=\"vc_span3 platform_policy-date\">\n       <span>Barcelone<\/span><br \/>\n       <span>4 D\u00e9cembre 2017<\/span>\n    <\/div>\n    \n  <\/div>\n  \n\n  <div class=\"taxonomy \">\n    <span><\/span>\n  <\/div>\n<\/div><\/section>\n\t\n\t\t<section class=\"wpb-content-wrapper\"><div class=\"platform_policy-item \">\n  <div class=\"vc_row\">\n    <div class=\"vc_span8\">\n      <div>\n         \n       \t\t <h4 class=\"title\"><a href=\"https:\/\/ufmsecretariat.org\/fr\/ufm-senior-officials-approve-three-new-regional-projects\/\">R\u00e9union des hauts fonctionnaires de l'UpM (SOM)<\/a><\/h4>\n        \n        \n        \n        \n      <\/div>\n    <\/div>\n    \n    <div class=\"vc_span1\">  <\/div>\n    <div class=\"vc_span3 platform_policy-date\">\n       <span>Madrid<\/span><br \/>\n       <span>16 Octobre 2017<\/span>\n    <\/div>\n    \n  <\/div>\n  \n\n  <div class=\"taxonomy \">\n    <span><\/span>\n  <\/div>\n<\/div><\/section>\n\t\n\t\t<section class=\"wpb-content-wrapper\"><div class=\"platform_policy-item \">\n  <div class=\"vc_row\">\n    <div class=\"vc_span8\">\n      <div>\n         \n       \t\t <h4 class=\"title\"><a href=\"https:\/\/ufmsecretariat.org\/discussing-new-initiatives-to-advance-euro-mediterranean-cooperation-ufm-senior-officials-meet-in-barcelona\/\">R\u00e9union des hauts fonctionnaires de l'UpM (SOM)<\/a><\/h4>\n        \n        \n        \n        \n      <\/div>\n    <\/div>\n    \n    <div class=\"vc_span1\">  <\/div>\n    <div class=\"vc_span3 platform_policy-date\">\n       <span>Barcelona<\/span><br \/>\n       <span>3 Juillet 2017<\/span>\n    <\/div>\n    \n  <\/div>\n  \n\n  <div class=\"taxonomy \">\n    <span><\/span>\n  <\/div>\n<\/div><\/section>\n\t\n\t\t<section class=\"wpb-content-wrapper\"><div class=\"platform_policy-item \">\n  <div class=\"vc_row\">\n    <div class=\"vc_span8\">\n      <div>\n         \n        \n       \t \t<h4 class=\"title\">R\u00e9union des hauts fonctionnaires de l\u2019UpM (SOM)<\/h4>\n        \n        \n        \n      <\/div>\n    <\/div>\n    \n    <div class=\"vc_span1\">  <\/div>\n    <div class=\"vc_span3 platform_policy-date\">\n       <span>Malta<\/span><br \/>\n       <span>3 Mars 2017<\/span>\n    <\/div>\n    \n  <\/div>\n  \n\n  <div class=\"taxonomy \">\n    <span><\/span>\n  <\/div>\n<\/div><\/section>\n\t\n\t\t<section class=\"wpb-content-wrapper\"><div class=\"platform_policy-item \">\n  <div class=\"vc_row\">\n    <div class=\"vc_span8\">\n      <div>\n         \n       \t\t <h4 class=\"title\"><a href=\"https:\/\/ufmsecretariat.org\/ufm-senior-officials-meeting-som\/\">R\u00e9union des hauts fonctionnaires de l'UpM (SOM)<\/a><\/h4>\n        \n        \n        \n        \n      <\/div>\n    <\/div>\n    \n    <div class=\"vc_span1\">  <\/div>\n    <div class=\"vc_span3 platform_policy-date\">\n       <span>Bruxelles<\/span><br \/>\n       <span>16 F\u00e9vrier 2016<\/span>\n    <\/div>\n    \n  <\/div>\n  \n\n  <div class=\"taxonomy \">\n    <span><\/span>\n  <\/div>\n<\/div><\/section>\n\t\n\t\t<section class=\"wpb-content-wrapper\"><div class=\"platform_policy-item \">\n  <div class=\"vc_row\">\n    <div class=\"vc_span8\">\n      <div>\n         \n       \t\t <h4 class=\"title\"><a href=\"https:\/\/ufmsecretariat.org\/ufm-secretariat-hosts-deauville-partnership-senior-officials-meeting\/\">R\u00e9union des hauts fonctionnaires de l'UpM (SOM)<\/a><\/h4>\n        \n        \n        \n        \n      <\/div>\n    <\/div>\n    \n    <div class=\"vc_span1\">  <\/div>\n    <div class=\"vc_span3 platform_policy-date\">\n       <span>Barcelone<\/span><br \/>\n       <span>22 Octobre 2016<\/span>\n    <\/div>\n    \n  <\/div>\n  \n\n  <div class=\"taxonomy \">\n    <span><\/span>\n  <\/div>\n<\/div><\/section>\n\t\n\t\t<section class=\"wpb-content-wrapper\"><div class=\"platform_policy-item \">\n  <div class=\"vc_row\">\n    <div class=\"vc_span8\">\n      <div>\n         \n       \t\t <h4 class=\"title\"><a href=\"https:\/\/ufmsecretariat.org\/member-states-approve-two-new-regional-development-projects-and-adopt-a-substantial-ministerial-agenda-for-2017\/\">R\u00e9union des hauts fonctionnaires de l'UpM (SOM)<\/a><\/h4>\n        \n        \n        \n        \n      <\/div>\n    <\/div>\n    \n    <div class=\"vc_span1\">  <\/div>\n    <div class=\"vc_span3 platform_policy-date\">\n       <span>Bruxelles<\/span><br \/>\n       <span>14 Octobre 2016<\/span>\n    <\/div>\n    \n  <\/div>\n  \n\n  <div class=\"taxonomy \">\n    <span><\/span>\n  <\/div>\n<\/div><\/section>\n\t\n\t\t<section class=\"wpb-content-wrapper\"><div class=\"platform_policy-item \">\n  <div class=\"vc_row\">\n    <div class=\"vc_span8\">\n      <div>\n         \n       \t\t <h4 class=\"title\"><a href=\"https:\/\/ufmsecretariat.org\/ufm-member-states-approve-4-new-regional-development-projects\/\">R\u00e9union des hauts fonctionnaires de l'UpM (SOM)<\/a><\/h4>\n        \n        \n        \n        \n      <\/div>\n    <\/div>\n    \n    <div class=\"vc_span1\">  <\/div>\n    <div class=\"vc_span3 platform_policy-date\">\n       <span>Jordanie<\/span><br \/>\n       <span>1 Juin 2016<\/span>\n    <\/div>\n    \n  <\/div>\n  \n\n  <div class=\"taxonomy \">\n    <span><\/span>\n  <\/div>\n<\/div><\/section>\n\t\n\t\t<section class=\"wpb-content-wrapper\"><div class=\"platform_policy-item \">\n  <div class=\"vc_row\">\n    <div class=\"vc_span8\">\n      <div>\n         \n       \t\t <h4 class=\"title\"><a href=\"https:\/\/ufmsecretariat.org\/ufm-senior-officials-meeting-som-2\/\">R\u00e9union des hauts fonctionnaires de l'UpM (SOM)<\/a><\/h4>\n        \n        \n        \n        \n      <\/div>\n    <\/div>\n    \n    <div class=\"vc_span1\">  <\/div>\n    <div class=\"vc_span3 platform_policy-date\">\n       <span>Barcelone<\/span><br \/>\n       <span>7-8 Avril 2016<\/span>\n    <\/div>\n    \n  <\/div>\n  \n\n  <div class=\"taxonomy \">\n    <span><\/span>\n  <\/div>\n<\/div><\/section>\n\t\n\t\t<section class=\"wpb-content-wrapper\"><div class=\"platform_policy-item \">\n  <div class=\"vc_row\">\n    <div class=\"vc_span8\">\n      <div>\n         \n       \t\t <h4 class=\"title\"><a href=\"https:\/\/ufmsecretariat.org\/ufm-member-states-intensify-regional-cooperation-by-endorsing-4-new-development-projects\/\">R\u00e9union des hauts fonctionnaires de l'UpM (SOM)<\/a><\/h4>\n        \n        \n        \n        \n      <\/div>\n    <\/div>\n    \n    <div class=\"vc_span1\">  <\/div>\n    <div class=\"vc_span3 platform_policy-date\">\n       <span>Barcelone<\/span><br \/>\n       <span>27 Novembre 2015<\/span>\n    <\/div>\n    \n  <\/div>\n  \n\n  <div class=\"taxonomy \">\n    <span><\/span>\n  <\/div>\n<\/div><\/section>\n\t\n\t\t<section class=\"wpb-content-wrapper\"><div class=\"platform_policy-item \">\n  <div class=\"vc_row\">\n    <div class=\"vc_span8\">\n      <div>\n         \n       \t\t <h4 class=\"title\"><a href=\"https:\/\/ufmsecretariat.org\/senior-officials-meeting\/\">R\u00e9union des hauts fonctionnaires de l'UpM (SOM)<\/a><\/h4>\n        \n        \n        \n        \n      <\/div>\n    <\/div>\n    \n    <div class=\"vc_span1\">  <\/div>\n    <div class=\"vc_span3 platform_policy-date\">\n       <span>Luxembourg<\/span><br \/>\n       <span>27-28 Octobre 2015<\/span>\n    <\/div>\n    \n  <\/div>\n  \n\n  <div class=\"taxonomy \">\n    <span><\/span>\n  <\/div>\n<\/div><\/section>\n\t\n\t\t<section class=\"wpb-content-wrapper\"><div class=\"platform_policy-item \">\n  <div class=\"vc_row\">\n    <div class=\"vc_span8\">\n      <div>\n         \n        \n       \t \t<h4 class=\"title\">R\u00e9union des hauts fonctionnaires de l'UpM (SOM)<\/h4>\n        \n        \n        \n      <\/div>\n    <\/div>\n    \n    <div class=\"vc_span1\">  <\/div>\n    <div class=\"vc_span3 platform_policy-date\">\n       <span>Amman<\/span><br \/>\n       <span>24 Mai 2015<\/span>\n    <\/div>\n    \n  <\/div>\n  \n\n  <div class=\"taxonomy \">\n    <span><\/span>\n  <\/div>\n<\/div><\/section>\n\t\n\t\t<section class=\"wpb-content-wrapper\"><div class=\"platform_policy-item \">\n  <div class=\"vc_row\">\n    <div class=\"vc_span8\">\n      <div>\n         \n       \t\t <h4 class=\"title\"><a href=\"https:\/\/ufmsecretariat.org\/som\/\">R\u00e9union des hauts fonctionnaires de l'UpM (SOM)<\/a><\/h4>\n        \n        \n        \n        \n      <\/div>\n    <\/div>\n    \n    <div class=\"vc_span1\">  <\/div>\n    <div class=\"vc_span3 platform_policy-date\">\n       <span>Bruxelles<\/span><br \/>\n       <span>30-31 Mars 2015<\/span>\n    <\/div>\n    \n  <\/div>\n  \n\n  <div class=\"taxonomy \">\n    <span><\/span>\n  <\/div>\n<\/div><\/section>\n\t\n\t\t<section class=\"wpb-content-wrapper\"><div class=\"platform_policy-item \">\n  <div class=\"vc_row\">\n    <div class=\"vc_span8\">\n      <div>\n         \n        \n       \t \t<h4 class=\"title\">R\u00e9union des hauts fonctionnaires de l'UpM (SOM)<\/h4>\n        \n        \n        \n      <\/div>\n    <\/div>\n    \n    <div class=\"vc_span1\">  <\/div>\n    <div class=\"vc_span3 platform_policy-date\">\n       <span>Barcelone<\/span><br \/>\n       <span>1 Decembre 2014<\/span>\n    <\/div>\n    \n  <\/div>\n  \n\n  <div class=\"taxonomy \">\n    <span><\/span>\n  <\/div>\n<\/div><\/section>\n\t\n\t\t<section class=\"wpb-content-wrapper\"><div class=\"platform_policy-item \">\n  <div class=\"vc_row\">\n    <div class=\"vc_span8\">\n      <div>\n         \n        \n       \t \t<h4 class=\"title\">R\u00e9union des hauts fonctionnaires de l'UpM (SOM)<\/h4>\n        \n        \n        \n      <\/div>\n    <\/div>\n    \n    <div class=\"vc_span1\">  <\/div>\n    <div class=\"vc_span3 platform_policy-date\">\n       <span>Naples<\/span><br \/>\n       <span>27-30 Octobre 2014<\/span>\n    <\/div>\n    \n  <\/div>\n  \n\n  <div class=\"taxonomy \">\n    <span><\/span>\n  <\/div>\n<\/div><\/section>\n\t\n\t\t<section class=\"wpb-content-wrapper\"><div class=\"platform_policy-item \">\n  <div class=\"vc_row\">\n    <div class=\"vc_span8\">\n      <div>\n         \n        \n       \t \t<h4 class=\"title\">R\u00e9union des hauts fonctionnaires de l'UpM (SOM)<\/h4>\n        \n        \n        \n      <\/div>\n    <\/div>\n    \n    <div class=\"vc_span1\">  <\/div>\n    <div class=\"vc_span3 platform_policy-date\">\n       <span>Bruxelles<\/span><br \/>\n       <span>15-16 Septembre 2014<\/span>\n    <\/div>\n    \n  <\/div>\n  \n\n  <div class=\"taxonomy \">\n    <span><\/span>\n  <\/div>\n<\/div><\/section>\n\t\n\t\t<section class=\"wpb-content-wrapper\"><div class=\"platform_policy-item \">\n  <div class=\"vc_row\">\n    <div class=\"vc_span8\">\n      <div>\n         \n        \n       \t \t<h4 class=\"title\">R\u00e9union des hauts fonctionnaires de l'UpM (SOM)<\/h4>\n        \n        \n        \n      <\/div>\n    <\/div>\n    \n    <div class=\"vc_span1\">  <\/div>\n    <div class=\"vc_span3 platform_policy-date\">\n       <span>Bruxelles<\/span><br \/>\n       <span>2-3 Juin 2014<\/span>\n    <\/div>\n    \n  <\/div>\n  \n\n  <div class=\"taxonomy \">\n    <span><\/span>\n  <\/div>\n<\/div><\/section>\n\t\n\t\t<section class=\"wpb-content-wrapper\"><div class=\"platform_policy-item \">\n  <div class=\"vc_row\">\n    <div class=\"vc_span8\">\n      <div>\n         \n        \n       \t \t<h4 class=\"title\">R\u00e9union des hauts fonctionnaires de l'UpM (SOM)<\/h4>\n        \n        \n        \n      <\/div>\n    <\/div>\n    \n    <div class=\"vc_span1\">  <\/div>\n    <div class=\"vc_span3 platform_policy-date\">\n       <span>Barcelone<\/span><br \/>\n       <span>7-8 Avril 2014<\/span>\n    <\/div>\n    \n  <\/div>\n  \n\n  <div class=\"taxonomy \">\n    <span><\/span>\n  <\/div>\n<\/div><\/section>\n\t\n\t\t<section class=\"wpb-content-wrapper\"><div class=\"platform_policy-item \">\n  <div class=\"vc_row\">\n    <div class=\"vc_span8\">\n      <div>\n         \n        \n       \t \t<h4 class=\"title\">R\u00e9union des hauts fonctionnaires de l'UpM (SOM)<\/h4>\n        \n        \n        \n      <\/div>\n    <\/div>\n    \n    <div class=\"vc_span1\">  <\/div>\n    <div class=\"vc_span3 platform_policy-date\">\n       <span>Ath\u00e9nes<\/span><br \/>\n       <span>27-28 Janvier 2014<\/span>\n    <\/div>\n    \n  <\/div>\n  \n\n  <div class=\"taxonomy \">\n    <span><\/span>\n  <\/div>\n<\/div><\/section>\n\t\n\t\t<section class=\"wpb-content-wrapper\"><div class=\"platform_policy-item \">\n  <div class=\"vc_row\">\n    <div class=\"vc_span8\">\n      <div>\n         \n        \n       \t \t<h4 class=\"title\">R\u00e9union des hauts fonctionnaires de l'UpM (SOM)<\/h4>\n        \n        \n        \n      <\/div>\n    <\/div>\n    \n    <div class=\"vc_span1\">  <\/div>\n    <div class=\"vc_span3 platform_policy-date\">\n       <span>Barcelone<\/span><br \/>\n       <span>25-26 Novembre 2013<\/span>\n    <\/div>\n    \n  <\/div>\n  \n\n  <div class=\"taxonomy \">\n    <span><\/span>\n  <\/div>\n<\/div><\/section>\n\t\n\t\t<section class=\"wpb-content-wrapper\"><div class=\"platform_policy-item \">\n  <div class=\"vc_row\">\n    <div class=\"vc_span8\">\n      <div>\n         \n        \n       \t \t<h4 class=\"title\">R\u00e9union des hauts fonctionnaires de l'UpM (SOM)<\/h4>\n        \n        \n        \n      <\/div>\n    <\/div>\n    \n    <div class=\"vc_span1\">  <\/div>\n    <div class=\"vc_span3 platform_policy-date\">\n       <span>Vilnius<\/span><br \/>\n       <span>3-4 Octobre 2013<\/span>\n    <\/div>\n    \n  <\/div>\n  \n\n  <div class=\"taxonomy \">\n    <span><\/span>\n  <\/div>\n<\/div><\/section>\n\t\n\t\t<section class=\"wpb-content-wrapper\"><div class=\"platform_policy-item \">\n  <div class=\"vc_row\">\n    <div class=\"vc_span8\">\n      <div>\n         \n        \n       \t \t<h4 class=\"title\">R\u00e9union des hauts fonctionnaires de l'UpM (SOM)<\/h4>\n        \n        \n        \n      <\/div>\n    <\/div>\n    \n    <div class=\"vc_span1\">  <\/div>\n    <div class=\"vc_span3 platform_policy-date\">\n       <span>Malaga<\/span><br \/>\n       <span>11 Juin 2013<\/span>\n    <\/div>\n    \n  <\/div>\n  \n\n  <div class=\"taxonomy \">\n    <span><\/span>\n  <\/div>\n<\/div><\/section>\n\t\n\t\t<section class=\"wpb-content-wrapper\"><div class=\"platform_policy-item \">\n  <div class=\"vc_row\">\n    <div class=\"vc_span8\">\n      <div>\n         \n        \n       \t \t<h4 class=\"title\">R\u00e9union des hauts fonctionnaires de l'UpM (SOM)<\/h4>\n        \n        \n        \n      <\/div>\n    <\/div>\n    \n    <div class=\"vc_span1\">  <\/div>\n    <div class=\"vc_span3 platform_policy-date\">\n       <span>Bruxelles<\/span><br \/>\n       <span>15-16 Decembre 2011<\/span>\n    <\/div>\n    \n  <\/div>\n  \n\n  <div class=\"taxonomy \">\n    <span><\/span>\n  <\/div>\n<\/div><\/section>\n\t\n\t\t<section class=\"wpb-content-wrapper\"><div class=\"platform_policy-item \">\n  <div class=\"vc_row\">\n    <div class=\"vc_span8\">\n      <div>\n         \n        \n       \t \t<h4 class=\"title\">R\u00e9union des hauts fonctionnaires de l'UpM (SOM)<\/h4>\n        \n        \n        \n      <\/div>\n    <\/div>\n    \n    <div class=\"vc_span1\">  <\/div>\n    <div class=\"vc_span3 platform_policy-date\">\n       <span>Barcelone<\/span><br \/>\n       <span>17-18 Novembre 2011<\/span>\n    <\/div>\n    \n  <\/div>\n  \n\n  <div class=\"taxonomy \">\n    <span><\/span>\n  <\/div>\n<\/div><\/section>\n\t\n\t\t<section class=\"wpb-content-wrapper\"><div class=\"platform_policy-item \">\n  <div class=\"vc_row\">\n    <div class=\"vc_span8\">\n      <div>\n         \n        \n       \t \t<h4 class=\"title\">R\u00e9union des hauts fonctionnaires de l'UpM (SOM)<\/h4>\n        \n        \n        \n      <\/div>\n    <\/div>\n    \n    <div class=\"vc_span1\">  <\/div>\n    <div class=\"vc_span3 platform_policy-date\">\n       <span>Cracovie<\/span><br \/>\n       <span>21 Octobre 2011<\/span>\n    <\/div>\n    \n  <\/div>\n  \n\n  <div class=\"taxonomy \">\n    <span><\/span>\n  <\/div>\n<\/div><\/section>\n\t\n\t\t<section class=\"wpb-content-wrapper\"><div class=\"platform_policy-item \">\n  <div class=\"vc_row\">\n    <div class=\"vc_span8\">\n      <div>\n         \n        \n       \t \t<h4 class=\"title\">R\u00e9union des hauts fonctionnaires de l'UpM (SOM)<\/h4>\n        \n        \n        \n      <\/div>\n    <\/div>\n    \n    <div class=\"vc_span1\">  <\/div>\n    <div class=\"vc_span3 platform_policy-date\">\n       <span>Barcelone<\/span><br \/>\n       <span>14-15 Septembre 2011<\/span>\n    <\/div>\n    \n  <\/div>\n  \n\n  <div class=\"taxonomy \">\n    <span><\/span>\n  <\/div>\n<\/div><\/section>\n\t\n\t\t<section class=\"wpb-content-wrapper\"><div class=\"platform_policy-item \">\n  <div class=\"vc_row\">\n    <div class=\"vc_span8\">\n      <div>\n         \n        \n       \t \t<h4 class=\"title\">R\u00e9union des hauts fonctionnaires de l'UpM (SOM)<\/h4>\n        \n        \n        \n      <\/div>\n    <\/div>\n    \n    <div class=\"vc_span1\">  <\/div>\n    <div class=\"vc_span3 platform_policy-date\">\n       <span>Brussels<\/span><br \/>\n       <span>11-12 Novembre 2010<\/span>\n    <\/div>\n    \n  <\/div>\n  \n\n  <div class=\"taxonomy \">\n    <span><\/span>\n  <\/div>\n<\/div><\/section>\n\t\n\t\t<section class=\"wpb-content-wrapper\"><div class=\"platform_policy-item \">\n  <div class=\"vc_row\">\n    <div class=\"vc_span8\">\n      <div>\n         \n        \n       \t \t<h4 class=\"title\">R\u00e9union des hauts fonctionnaires de l'UpM (SOM)<\/h4>\n        \n        \n        \n      <\/div>\n    <\/div>\n    \n    <div class=\"vc_span1\">  <\/div>\n    <div class=\"vc_span3 platform_policy-date\">\n       <span>Barcelona<\/span><br \/>\n       <span>17-18 Decembre 2010<\/span>\n    <\/div>\n    \n  <\/div>\n  \n\n  <div class=\"taxonomy \">\n    <span><\/span>\n  <\/div>\n<\/div><\/section>\n\t\n<\/div>\n<div class=\"projects-pagination\">\n\n\n\n<\/div>\n\n\t\n\n\t\n<\/div>\n[\/vc_column_text][\/vc_tab][vc_tab title=&#8221;5+5 R\u00e9union des ministres des Affaires Etrang\u00e8res&#8221; tab_id=&#8221;1654675250106-4-10&#8243;][vc_column_text]<\/p>\n\n\n\n<div id=\"wpv-view-layout-41628-CATTR45a658854152b50de2624f6e49f29cb6TCPID43928\" class=\"js-wpv-view-layout js-wpv-layout-responsive js-wpv-view-layout-41628-CATTR45a658854152b50de2624f6e49f29cb6TCPID43928\" data-viewnumber=\"41628-CATTR45a658854152b50de2624f6e49f29cb6TCPID43928\" data-pagination=\"{&quot;id&quot;:41628,&quot;query&quot;:&quot;normal&quot;,&quot;type&quot;:&quot;disabled&quot;,&quot;effect&quot;:&quot;fade&quot;,&quot;duration&quot;:250,&quot;speed&quot;:5,&quot;pause_on_hover&quot;:&quot;disabled&quot;,&quot;stop_rollover&quot;:&quot;false&quot;,&quot;cache_pages&quot;:&quot;enabled&quot;,&quot;preload_images&quot;:&quot;enabled&quot;,&quot;preload_pages&quot;:&quot;enabled&quot;,&quot;preload_reach&quot;:1,&quot;spinner&quot;:&quot;builtin&quot;,&quot;spinner_image&quot;:&quot;&quot;,&quot;callback_next&quot;:&quot;&quot;,&quot;manage_history&quot;:&quot;enabled&quot;,&quot;has_controls_in_form&quot;:&quot;disabled&quot;,&quot;infinite_tolerance&quot;:0,&quot;max_pages&quot;:0,&quot;page&quot;:1,&quot;base_permalink&quot;:&quot;\/fr\/wp-json\/wp\/v2\/pages\/43928?wpv_view_count=41628-CATTR45a658854152b50de2624f6e49f29cb6TCPID43928&amp;wpv_paged=WPV_PAGE_NUM&quot;,&quot;loop&quot;:{&quot;type&quot;:&quot;&quot;,&quot;name&quot;:&quot;&quot;,&quot;data&quot;:[],&quot;id&quot;:0}}\" data-permalink=\"\/fr\/wp-json\/wp\/v2\/pages\/43928?wpv_view_count=41628-CATTR45a658854152b50de2624f6e49f29cb6TCPID43928\">\n\n\t\n\t\n<div id=\"platform_policy-list\" class=\"policy_tab\">\n\t\n\t\t<section class=\"wpb-content-wrapper\"><div class=\"platform_policy-item \">\n  <div class=\"vc_row\">\n    <div class=\"vc_span8\">\n      <div>\n         \n       \t\t <h4 class=\"title\"><a href=\"https:\/\/ufmsecretariat.org\/fr\/les-pays-du-dialogue-55-decident-de-renforcer-la-recherche-linnovation-et-lenseignement-superieur-pour-garantir-la-stabilite-sociale-et-la-croissance-economique\/\">5+5 Dialogue des ministres des pays de la M\u00e9diterran\u00e9e Occidentale sur l\u2019enseignement sup\u00e9rieur, la recherche et l\u2019innovation<\/a><\/h4>\n        \n        \n        \n        \n      <\/div>\n    <\/div>\n    \n    <div class=\"vc_span1\">  <\/div>\n    <div class=\"vc_span3 platform_policy-date\">\n       <span>Tunis<\/span><br \/>\n       <span>30-31 Mars 2017<\/span>\n    <\/div>\n    \n  <\/div>\n  \n\n  <div class=\"taxonomy higher-education-research-fr\">\n    <span>\u00c9ducation sup\u00e9rieure et recherche<\/span>\n  <\/div>\n<\/div><\/section>\n\t\n\t\t<section class=\"wpb-content-wrapper\"><div class=\"platform_policy-item \">\n  <div class=\"vc_row\">\n    <div class=\"vc_span8\">\n      <div>\n         \n       \t\t <h4 class=\"title\"><a href=\"https:\/\/ufmsecretariat.org\/the-ten-countries-of-the-55-dialogue-sign-in-madrid-the-ministerial-declaration-%e2%80%8eon-synergies-between-higher-education-research-and-innovation-and-in-the-%e2%80%8ewestern-mediterranean-area\/\">Dialogue 5 + 5 des Ministres des pays de la M\u00e9diterran\u00e9e occidentale \u00ab Recherche, innovation et enseignement sup\u00e9rieur \u00bb (5+5 Dialogue of Ministers of Western Mediterranean countries on Higher Education and Scientific Research and Innovation)<\/a><\/h4>\n        \n        \n        \n        \n      <\/div>\n    <\/div>\n    \n    <div class=\"vc_span1\">  <\/div>\n    <div class=\"vc_span3 platform_policy-date\">\n       <span>Madrid<\/span><br \/>\n       <span>23-24 Mai 2015<\/span>\n    <\/div>\n    \n  <\/div>\n  \n\n  <div class=\"taxonomy higher-education-research-fr\">\n    <span>\u00c9ducation sup\u00e9rieure et recherche<\/span>\n  <\/div>\n<\/div><\/section>\n\t\n\t\t<section class=\"wpb-content-wrapper\"><div class=\"platform_policy-item \">\n  <div class=\"vc_row\">\n    <div class=\"vc_span8\">\n      <div>\n         \n        \n       \t \t<h4 class=\"title\">Dialogue 5 + 5 des Ministres des pays de la M\u00e9diterran\u00e9e occidentale \u00ab Education, enseignement et formation professionnels \u00bb (5+5 Dialogue of Ministers of Western Mediterranean countries on Vocational Education and Training)<\/h4>\n        \n        \n        <p class=\"declaration\">\n          <a class=\"doc-icon\" target=\"_blank\" href=\"http:\/\/archives.dimed.gouv.fr\/sites\/dimed.gouv.fr\/files\/declaration_finale_version_en.pdf\">Declaration<\/a>\n          \n        <\/p>\n        \n        \n      <\/div>\n    <\/div>\n    \n    <div class=\"vc_span1\">  <\/div>\n    <div class=\"vc_span3 platform_policy-date\">\n       <span>Marseille<\/span><br \/>\n       <span>28 Octobre 2014<\/span>\n    <\/div>\n    \n  <\/div>\n  \n\n  <div class=\"taxonomy higher-education-research-fr\">\n    <span>\u00c9ducation sup\u00e9rieure et recherche<\/span>\n  <\/div>\n<\/div><\/section>\n\t\n\t\t<section class=\"wpb-content-wrapper\"><div class=\"platform_policy-item \">\n  <div class=\"vc_row\">\n    <div class=\"vc_span8\">\n      <div>\n         \n        \n       \t \t<h4 class=\"title\">Dialogue 5 + 5 des Ministres des pays de la M\u00e9diterran\u00e9e occidentale \u00ab Recherche, innovation et enseignement sup\u00e9rieur \u00bb (5+5 Dialogue of Ministers of Western Mediterranean countries on Higher Education and Scientific Research and Innovation)<\/h4>\n        \n        \n        \n      <\/div>\n    <\/div>\n    \n    <div class=\"vc_span1\">  <\/div>\n    <div class=\"vc_span3 platform_policy-date\">\n       <span>Rabat<\/span><br \/>\n       <span>19-20 Septembre 2013<\/span>\n    <\/div>\n    \n  <\/div>\n  \n\n  <div class=\"taxonomy higher-education-research-fr\">\n    <span>\u00c9ducation sup\u00e9rieure et recherche<\/span>\n  <\/div>\n<\/div><\/section>\n\t\n<\/div>\n<div class=\"projects-pagination\">\n\n\n\n<\/div>\n\n\t\n\n\t\n<\/div>\n\n<p>[\/vc_column_text][\/vc_tab][\/vc_tour][\/vc_column][vc_column width=&#8221;3\/12&#8243; el_class=&#8221;vc_sidebar sidebar-type2&#8243;][vc_widget_sidebar sidebar_id=&#8221;thefox_platformsandpolicy&#8221;][\/vc_column][\/vc_row]<\/p>\n<\/section>","protected":false},"excerpt":{"rendered":"<p>[vc_row type=&#8221;full-width-content&#8221; content_placement=&#8221;bottom&#8221; css=&#8221;.vc_custom_1507900542589{margin-top: 0px !important;margin-bottom: 0px !important;padding-top: 0px !important;padding-bottom: 0px !important;}&#8221;][vc_column][vc_single_image image=&#8221;153486&#8243; img_size=&#8221;slide&#8221; alignment=&#8221;center&#8221;][\/vc_column][\/vc_row][vc_row type=&#8221;full-width-section&#8221; content_placement=&#8221;bottom&#8221; css=&#8221;.vc_custom_1472543612832{margin-top: 0px !important;margin-bottom: -50px !important;padding-top: 25px !important;padding-bottom: 20px !important;background-color: #464e90 !important;}&#8221; el_id=&#8221;page-title&#8221;][vc_column][vc_custom_heading text=&#8221;Cadre politique&#8221; font_container=&#8221;tag:h1|text_align:left|color:%23ffffff&#8221; use_theme_fonts=&#8221;yes&#8221; css=&#8221;.vc_custom_1511441638006{margin-bottom: 0px !important;}&#8221;][\/vc_column][\/vc_row][vc_row type=&#8221;full-width-section&#8221; css=&#8221;.vc_custom_1504162366387{padding-top: 50px !important;padding-bottom: 50px !important;background-color: #eeeeee !important;}&#8221;][vc_column width=&#8221;5\/12&#8243;][vc_column_text font_size=&#8221;20&#8243; line_height=&#8221;28&#8243;]La\u00a0dimension politique\u00a0 de l&#8217;UpM s&#8217;organise autour de r\u00e9unions de<br \/><a href=\"https:\/\/ufmsecretariat.org\/fr\/notre-action\/political-framework\/\" class=\"more\">Lire la suite<\/a><\/p>\n","protected":false},"author":4,"featured_media":153486,"parent":52751,"menu_order":0,"comment_status":"closed","ping_status":"closed","template":"","meta":{"footnotes":""},"priority-area":[],"class_list":["post-43928","page","type-page","status-publish","has-post-thumbnail","hentry"],"_links":{"self":[{"href":"https:\/\/ufmsecretariat.org\/fr\/wp-json\/wp\/v2\/pages\/43928","targetHints":{"allow":["GET"]}}],"collection":[{"href":"https:\/\/ufmsecretariat.org\/fr\/wp-json\/wp\/v2\/pages"}],"about":[{"href":"https:\/\/ufmsecretariat.org\/fr\/wp-json\/wp\/v2\/types\/page"}],"author":[{"embeddable":true,"href":"https:\/\/ufmsecretariat.org\/fr\/wp-json\/wp\/v2\/users\/4"}],"replies":[{"embeddable":true,"href":"https:\/\/ufmsecretariat.org\/fr\/wp-json\/wp\/v2\/comments?post=43928"}],"version-history":[{"count":10,"href":"https:\/\/ufmsecretariat.org\/fr\/wp-json\/wp\/v2\/pages\/43928\/revisions"}],"predecessor-version":[{"id":153491,"href":"https:\/\/ufmsecretariat.org\/fr\/wp-json\/wp\/v2\/pages\/43928\/revisions\/153491"}],"up":[{"embeddable":true,"href":"https:\/\/ufmsecretariat.org\/fr\/wp-json\/wp\/v2\/pages\/52751"}],"wp:featuredmedia":[{"embeddable":true,"href":"https:\/\/ufmsecretariat.org\/fr\/wp-json\/wp\/v2\/media\/153486"}],"wp:attachment":[{"href":"https:\/\/ufmsecretariat.org\/fr\/wp-json\/wp\/v2\/media?parent=43928"}],"wp:term":[{"taxonomy":"priority-area","embeddable":true,"href":"https:\/\/ufmsecretariat.org\/fr\/wp-json\/wp\/v2\/priority-area?post=43928"}],"curies":[{"name":"wp","href":"https:\/\/api.w.org\/{rel}","templated":true}]}}